{"id":4560,"date":"2020-11-11T14:42:26","date_gmt":"2020-11-11T13:42:26","guid":{"rendered":"https:\/\/www.chateau-vodou.com\/?page_id=4560"},"modified":"2026-07-31T17:27:36","modified_gmt":"2026-07-31T15:27:36","slug":"evenements","status":"publish","type":"page","link":"https:\/\/www.chateau-vodou.com\/tr\/evenements\/","title":{"rendered":"Takvim"},"content":{"rendered":"<div data-elementor-type=\"wp-page\" data-elementor-id=\"4560\" class=\"elementor elementor-4560\" data-elementor-post-type=\"page\">\n\t\t\t\t\t\t<section class=\"elementor-section elementor-top-section elementor-element elementor-element-ed6fb2d elementor-section-boxed elementor-section-height-default elementor-section-height-default\" data-id=\"ed6fb2d\" data-element_type=\"section\" data-e-type=\"section\">\n\t\t\t\t\t\t<div class=\"elementor-container elementor-column-gap-default\">\n\t\t\t\t\t<div class=\"elementor-column elementor-col-100 elementor-top-column elementor-element elementor-element-c886b8f\" data-id=\"c886b8f\" data-element_type=\"column\" data-e-type=\"column\">\n\t\t\t<div class=\"elementor-widget-wrap elementor-element-populated\">\n\t\t\t\t\t\t<div class=\"elementor-element elementor-element-b4d1ed2 elementor-widget elementor-widget-heading\" data-id=\"b4d1ed2\" data-element_type=\"widget\" data-e-type=\"widget\" data-widget_type=\"heading.default\">\n\t\t\t\t\t<h1 class=\"elementor-heading-title elementor-size-default\">Nos \u00e9v\u00e8nements et actualit\u00e9s<\/h1>\t\t\t\t<\/div>\n\t\t\t\t\t<\/div>\n\t\t<\/div>\n\t\t\t\t\t<\/div>\n\t\t<\/section>\n\t\t\t\t<section class=\"elementor-section elementor-top-section elementor-element elementor-element-9bdd20d elementor-section-boxed elementor-section-height-default elementor-section-height-default\" data-id=\"9bdd20d\" data-element_type=\"section\" data-e-type=\"section\">\n\t\t\t\t\t\t<div class=\"elementor-container elementor-column-gap-default\">\n\t\t\t\t\t<div class=\"elementor-column elementor-col-50 elementor-top-column elementor-element elementor-element-8e2736a\" data-id=\"8e2736a\" data-element_type=\"column\" data-e-type=\"column\">\n\t\t\t<div class=\"elementor-widget-wrap\">\n\t\t\t\t\t\t\t<\/div>\n\t\t<\/div>\n\t\t\t\t<div class=\"elementor-column elementor-col-50 elementor-top-column elementor-element elementor-element-09e71a3\" data-id=\"09e71a3\" data-element_type=\"column\" data-e-type=\"column\">\n\t\t\t<div class=\"elementor-widget-wrap elementor-element-populated\">\n\t\t\t\t\t\t<div class=\"elementor-element elementor-element-818d780 elementor-widget elementor-widget-html\" data-id=\"818d780\" data-element_type=\"widget\" data-e-type=\"widget\" data-widget_type=\"html.default\">\n\t\t\t\t\t<!-- Begin Mailchimp Signup Form -->\n<link href=\"\/\/cdn-images.mailchimp.com\/embedcode\/horizontal-slim-10_7.css\" rel=\"stylesheet\" type=\"text\/css\">\n<style type=\"text\/css\">\n\t#mc_embed_signup{background:#fff; clear:left; font:14px Helvetica,Arial,sans-serif; width:100%;}\n\t\/* Add your own Mailchimp form style overrides in your site stylesheet or in this style block.\n\t   We recommend moving this block and the preceding CSS link to the HEAD of your HTML file. *\/\n<\/style>\n<div id=\"mc_embed_signup\">\n<form action=\"https:\/\/chateau-vodou.us1.list-manage.com\/subscribe\/post?u=764a452460240f80440ad1e86&amp;id=778d46ad00\" method=\"post\" id=\"mc-embedded-subscribe-form\" name=\"mc-embedded-subscribe-form\" class=\"validate\" target=\"_blank\" novalidate>\n    <div id=\"mc_embed_signup_scroll\">\n\t<label for=\"mce-EMAIL\">Inscrivez-vous \u00e0 la newsletter <\/label>\n\t<input type=\"email\" value=\"\" name=\"EMAIL\" class=\"email\" id=\"mce-EMAIL\" placeholder=\"email address\" required>\n    <!-- real people should not fill this in and expect good things - do not remove this or risk form bot signups-->\n    <div style=\"position: absolute; left: -5000px;\" aria-hidden=\"true\"><input type=\"text\" name=\"b_764a452460240f80440ad1e86_778d46ad00\" tabindex=\"-1\" value=\"\"><\/div>\n    <div class=\"clear\"><input type=\"submit\" value=\"Subscribe\" name=\"subscribe\" id=\"mc-embedded-subscribe\" class=\"button\"><\/div>\n    <\/div>\n<\/form>\n<\/div>\n\n<!--End mc_embed_signup-->\t\t\t\t<\/div>\n\t\t\t\t\t<\/div>\n\t\t<\/div>\n\t\t\t\t\t<\/div>\n\t\t<\/section>\n\t\t\t\t<section class=\"elementor-section elementor-top-section elementor-element elementor-element-d13308d elementor-section-boxed elementor-section-height-default elementor-section-height-default\" data-id=\"d13308d\" data-element_type=\"section\" data-e-type=\"section\">\n\t\t\t\t\t\t<div class=\"elementor-container elementor-column-gap-default\">\n\t\t\t\t\t<div class=\"elementor-column elementor-col-100 elementor-top-column elementor-element elementor-element-c530756\" data-id=\"c530756\" data-element_type=\"column\" data-e-type=\"column\">\n\t\t\t<div class=\"elementor-widget-wrap elementor-element-populated\">\n\t\t\t\t\t\t<div class=\"elementor-element elementor-element-e4c005e elementor-widget elementor-widget-text-editor\" data-id=\"e4c005e\" data-element_type=\"widget\" data-e-type=\"widget\" data-widget_type=\"text-editor.default\">\n\t\t\t\t\t\t\t\t\t<p><em style=\"font-size: 20px; color: var(--ast-global-color-3);\">Groupes limit\u00e9s \u00e0 25 personnes en visites guid\u00e9es et 10 personnes pour la r\u00e9alit\u00e9 virtuelle<\/em><\/p>\t\t\t\t\t\t\t\t<\/div>\n\t\t\t\t\t<\/div>\n\t\t<\/div>\n\t\t\t\t\t<\/div>\n\t\t<\/section>\n\t\t\t\t<section class=\"elementor-section elementor-top-section elementor-element elementor-element-f68154a elementor-section-boxed elementor-section-height-default elementor-section-height-default\" data-id=\"f68154a\" data-element_type=\"section\" data-e-type=\"section\">\n\t\t\t\t\t\t<div class=\"elementor-container elementor-column-gap-default\">\n\t\t\t\t\t<div class=\"elementor-column elementor-col-100 elementor-top-column elementor-element elementor-element-961aa45\" data-id=\"961aa45\" data-element_type=\"column\" data-e-type=\"column\">\n\t\t\t<div class=\"elementor-widget-wrap elementor-element-populated\">\n\t\t\t\t\t\t<div class=\"elementor-element elementor-element-144d355 elementor-widget elementor-widget-text-editor\" data-id=\"144d355\" data-element_type=\"widget\" data-e-type=\"widget\" data-widget_type=\"text-editor.default\">\n\t\t\t\t\t\t\t\t\t<p style=\"text-align: right;\">Vous souhaitez organiser une visite de groupe ? cela se passe par ici :\u00a0<\/p>\t\t\t\t\t\t\t\t<\/div>\n\t\t\t\t<div class=\"elementor-element elementor-element-05919cc elementor-align-right elementor-widget elementor-widget-button\" data-id=\"05919cc\" data-element_type=\"widget\" data-e-type=\"widget\" data-widget_type=\"button.default\">\n\t\t\t\t\t\t\t\t\t\t<a class=\"elementor-button elementor-button-link elementor-size-sm\" href=\"https:\/\/www.chateau-vodou.com\/tr\/groupes-prives-et-dentreprises\/\">\n\t\t\t\t\t\t<span class=\"elementor-button-content-wrapper\">\n\t\t\t\t\t\t\t\t\t<span class=\"elementor-button-text\">R\u00e9server ma venue en groupe<\/span>\n\t\t\t\t\t<\/span>\n\t\t\t\t\t<\/a>\n\t\t\t\t\t\t\t\t<\/div>\n\t\t\t\t<div class=\"elementor-element elementor-element-a059d0f elementor-widget elementor-widget-spacer\" data-id=\"a059d0f\" data-element_type=\"widget\" data-e-type=\"widget\" data-widget_type=\"spacer.default\">\n\t\t\t\t\t\t\t<div class=\"elementor-spacer\">\n\t\t\t<div class=\"elementor-spacer-inner\"><\/div>\n\t\t<\/div>\n\t\t\t\t\t\t<\/div>\n\t\t\t\t\t<\/div>\n\t\t<\/div>\n\t\t\t\t\t<\/div>\n\t\t<\/section>\n\t\t\t\t<section class=\"elementor-section elementor-top-section elementor-element elementor-element-a8eb908 elementor-section-boxed elementor-section-height-default elementor-section-height-default\" data-id=\"a8eb908\" data-element_type=\"section\" data-e-type=\"section\">\n\t\t\t\t\t\t<div class=\"elementor-container elementor-column-gap-default\">\n\t\t\t\t\t<div class=\"elementor-column elementor-col-100 elementor-top-column elementor-element elementor-element-1a8af8f\" data-id=\"1a8af8f\" data-element_type=\"column\" data-e-type=\"column\">\n\t\t\t<div class=\"elementor-widget-wrap elementor-element-populated\">\n\t\t\t\t\t\t<div class=\"elementor-element elementor-element-6e529f2 elementor-grid-3 elementor-grid-tablet-2 elementor-grid-mobile-1 elementor-posts--thumbnail-top elementor-widget elementor-widget-posts\" data-id=\"6e529f2\" data-element_type=\"widget\" data-e-type=\"widget\" data-settings=\"{&quot;classic_columns&quot;:&quot;3&quot;,&quot;classic_columns_tablet&quot;:&quot;2&quot;,&quot;classic_columns_mobile&quot;:&quot;1&quot;,&quot;classic_row_gap&quot;:{&quot;unit&quot;:&quot;px&quot;,&quot;size&quot;:35,&quot;sizes&quot;:[]},&quot;classic_row_gap_tablet&quot;:{&quot;unit&quot;:&quot;px&quot;,&quot;size&quot;:&quot;&quot;,&quot;sizes&quot;:[]},&quot;classic_row_gap_mobile&quot;:{&quot;unit&quot;:&quot;px&quot;,&quot;size&quot;:&quot;&quot;,&quot;sizes&quot;:[]}}\" data-widget_type=\"posts.classic\">\n\t\t\t\t<div class=\"elementor-widget-container\">\n\t\t\t\t\t\t\t<div class=\"elementor-posts-container elementor-posts elementor-posts--skin-classic elementor-grid\" role=\"list\">\n\t\t\t\t<article class=\"elementor-post elementor-grid-item post-14863 post type-post status-publish format-standard has-post-thumbnail hentry category-actualites\" role=\"listitem\">\n\t\t\t\t<a class=\"elementor-post__thumbnail__link\" href=\"https:\/\/www.chateau-vodou.com\/tr\/visites-guidees-speciales-noel-a-strasbourg-weihnachtsfuhrungen-christmas-tours\/\" tabindex=\"-1\" >\n\t\t\t<div class=\"elementor-post__thumbnail\"><img fetchpriority=\"high\" decoding=\"async\" width=\"300\" height=\"225\" src=\"https:\/\/i0.wp.com\/www.chateau-vodou.com\/wp-content\/uploads\/2025\/09\/PXL_20251014_113155466.MP_.jpg?fit=300%2C225&amp;ssl=1\" class=\"attachment-medium size-medium wp-image-14296\" alt=\"\" srcset=\"https:\/\/i0.wp.com\/www.chateau-vodou.com\/wp-content\/uploads\/2025\/09\/PXL_20251014_113155466.MP_.jpg?w=2560&amp;ssl=1 2560w, https:\/\/i0.wp.com\/www.chateau-vodou.com\/wp-content\/uploads\/2025\/09\/PXL_20251014_113155466.MP_.jpg?resize=300%2C225&amp;ssl=1 300w, https:\/\/i0.wp.com\/www.chateau-vodou.com\/wp-content\/uploads\/2025\/09\/PXL_20251014_113155466.MP_.jpg?resize=1024%2C768&amp;ssl=1 1024w, https:\/\/i0.wp.com\/www.chateau-vodou.com\/wp-content\/uploads\/2025\/09\/PXL_20251014_113155466.MP_.jpg?resize=768%2C576&amp;ssl=1 768w, https:\/\/i0.wp.com\/www.chateau-vodou.com\/wp-content\/uploads\/2025\/09\/PXL_20251014_113155466.MP_.jpg?resize=1536%2C1152&amp;ssl=1 1536w, https:\/\/i0.wp.com\/www.chateau-vodou.com\/wp-content\/uploads\/2025\/09\/PXL_20251014_113155466.MP_.jpg?resize=2048%2C1536&amp;ssl=1 2048w, https:\/\/i0.wp.com\/www.chateau-vodou.com\/wp-content\/uploads\/2025\/09\/PXL_20251014_113155466.MP_.jpg?resize=600%2C450&amp;ssl=1 600w\" sizes=\"(max-width: 300px) 100vw, 300px\" \/><\/div>\n\t\t<\/a>\n\t\t\t\t<div class=\"elementor-post__text\">\n\t\t\t\t<h2 class=\"elementor-post__title\">\n\t\t\t<a href=\"https:\/\/www.chateau-vodou.com\/tr\/visites-guidees-speciales-noel-a-strasbourg-weihnachtsfuhrungen-christmas-tours\/\" >\n\t\t\t\tVISITES GUID\u00c9ES SP\u00c9CIALES \u00ab NO\u00cbL \u00c0 STRASBOURG \u00bb &#8211; WEIHNACHTSF\u00dcHRUNGEN \u2014 CHRISTMAS TOURS\t\t\t<\/a>\n\t\t<\/h2>\n\t\t\t\t<div class=\"elementor-post__excerpt\">\n\t\t\t<p>6 d\u00e9cembre \u2014 14h30 (DE) \/ 15h30 (EN) FR \u2014 Le temps d&rsquo;une apr\u00e8s-midi, faites une pause au c\u0153ur de la f\u00e9erie de No\u00ebl strasbourgeoise<\/p>\n\t\t<\/div>\n\t\t\n\t\t<a class=\"elementor-post__read-more\" href=\"https:\/\/www.chateau-vodou.com\/tr\/visites-guidees-speciales-noel-a-strasbourg-weihnachtsfuhrungen-christmas-tours\/\" aria-label=\"Read more about VISITES GUID\u00c9ES SP\u00c9CIALES \u00ab NO\u00cbL \u00c0 STRASBOURG \u00bb &#8211; WEIHNACHTSF\u00dcHRUNGEN \u2014 CHRISTMAS TOURS\" tabindex=\"-1\" >\n\t\t\tLire la suite \u00bb\t\t<\/a>\n\n\t\t\t\t<\/div>\n\t\t\t\t<\/article>\n\t\t\t\t<article class=\"elementor-post elementor-grid-item post-14834 post type-post status-publish format-standard has-post-thumbnail hentry category-actualites\" role=\"listitem\">\n\t\t\t\t<a class=\"elementor-post__thumbnail__link\" href=\"https:\/\/www.chateau-vodou.com\/tr\/journees-europeennes-du-patrimoine-2026\/\" tabindex=\"-1\" >\n\t\t\t<div class=\"elementor-post__thumbnail\"><img decoding=\"async\" width=\"250\" height=\"300\" src=\"https:\/\/i0.wp.com\/www.chateau-vodou.com\/wp-content\/uploads\/2026\/07\/Capture-decran-2026-04-13-a-15.48.20.png?fit=250%2C300&amp;ssl=1\" class=\"attachment-medium size-medium wp-image-14836\" alt=\"\" srcset=\"https:\/\/i0.wp.com\/www.chateau-vodou.com\/wp-content\/uploads\/2026\/07\/Capture-decran-2026-04-13-a-15.48.20.png?w=728&amp;ssl=1 728w, https:\/\/i0.wp.com\/www.chateau-vodou.com\/wp-content\/uploads\/2026\/07\/Capture-decran-2026-04-13-a-15.48.20.png?resize=250%2C300&amp;ssl=1 250w, https:\/\/i0.wp.com\/www.chateau-vodou.com\/wp-content\/uploads\/2026\/07\/Capture-decran-2026-04-13-a-15.48.20.png?resize=10%2C12&amp;ssl=1 10w, https:\/\/i0.wp.com\/www.chateau-vodou.com\/wp-content\/uploads\/2026\/07\/Capture-decran-2026-04-13-a-15.48.20.png?resize=600%2C721&amp;ssl=1 600w\" sizes=\"(max-width: 250px) 100vw, 250px\" \/><\/div>\n\t\t<\/a>\n\t\t\t\t<div class=\"elementor-post__text\">\n\t\t\t\t<h2 class=\"elementor-post__title\">\n\t\t\t<a href=\"https:\/\/www.chateau-vodou.com\/tr\/journees-europeennes-du-patrimoine-2026\/\" >\n\t\t\t\tJourn\u00e9es europ\u00e9ennes du Patrimoine 2026\t\t\t<\/a>\n\t\t<\/h2>\n\t\t\t\t<div class=\"elementor-post__excerpt\">\n\t\t\t<p>LE PROGRAMME\u00a0 Visitez le mus\u00e9e \u00e0 votre rythme 19\/09 de 14h \u00e0 17h et 20\/09 de 14h \u00e0 18h &#8211; 6 \u20ac d\u00e8s 6 ans\u00a0<\/p>\n\t\t<\/div>\n\t\t\n\t\t<a class=\"elementor-post__read-more\" href=\"https:\/\/www.chateau-vodou.com\/tr\/journees-europeennes-du-patrimoine-2026\/\" aria-label=\"Read more about Journ\u00e9es europ\u00e9ennes du Patrimoine 2026\" tabindex=\"-1\" >\n\t\t\tLire la suite \u00bb\t\t<\/a>\n\n\t\t\t\t<\/div>\n\t\t\t\t<\/article>\n\t\t\t\t<article class=\"elementor-post elementor-grid-item post-14826 post type-post status-publish format-standard has-post-thumbnail hentry category-actualites\" role=\"listitem\">\n\t\t\t\t<a class=\"elementor-post__thumbnail__link\" href=\"https:\/\/www.chateau-vodou.com\/tr\/ptit-dej-philo-prendre-soin-de-linvisible-est-ce-aussi-prendre-soin-du-vivant\/\" tabindex=\"-1\" >\n\t\t\t<div class=\"elementor-post__thumbnail\"><img decoding=\"async\" width=\"300\" height=\"300\" src=\"https:\/\/i0.wp.com\/www.chateau-vodou.com\/wp-content\/uploads\/2026\/07\/adji5399_Une_femme_de_couleur_de_peau_noire_fleurie_une_tombe_192ec97b-9772-41c3-97a0-c41358c5c04a_1.png?fit=300%2C300&amp;ssl=1\" class=\"attachment-medium size-medium wp-image-14898\" alt=\"\" srcset=\"https:\/\/i0.wp.com\/www.chateau-vodou.com\/wp-content\/uploads\/2026\/07\/adji5399_Une_femme_de_couleur_de_peau_noire_fleurie_une_tombe_192ec97b-9772-41c3-97a0-c41358c5c04a_1.png?w=1024&amp;ssl=1 1024w, https:\/\/i0.wp.com\/www.chateau-vodou.com\/wp-content\/uploads\/2026\/07\/adji5399_Une_femme_de_couleur_de_peau_noire_fleurie_une_tombe_192ec97b-9772-41c3-97a0-c41358c5c04a_1.png?resize=300%2C300&amp;ssl=1 300w, https:\/\/i0.wp.com\/www.chateau-vodou.com\/wp-content\/uploads\/2026\/07\/adji5399_Une_femme_de_couleur_de_peau_noire_fleurie_une_tombe_192ec97b-9772-41c3-97a0-c41358c5c04a_1.png?resize=150%2C150&amp;ssl=1 150w, https:\/\/i0.wp.com\/www.chateau-vodou.com\/wp-content\/uploads\/2026\/07\/adji5399_Une_femme_de_couleur_de_peau_noire_fleurie_une_tombe_192ec97b-9772-41c3-97a0-c41358c5c04a_1.png?resize=768%2C768&amp;ssl=1 768w, https:\/\/i0.wp.com\/www.chateau-vodou.com\/wp-content\/uploads\/2026\/07\/adji5399_Une_femme_de_couleur_de_peau_noire_fleurie_une_tombe_192ec97b-9772-41c3-97a0-c41358c5c04a_1.png?resize=12%2C12&amp;ssl=1 12w, https:\/\/i0.wp.com\/www.chateau-vodou.com\/wp-content\/uploads\/2026\/07\/adji5399_Une_femme_de_couleur_de_peau_noire_fleurie_une_tombe_192ec97b-9772-41c3-97a0-c41358c5c04a_1.png?resize=600%2C600&amp;ssl=1 600w, https:\/\/i0.wp.com\/www.chateau-vodou.com\/wp-content\/uploads\/2026\/07\/adji5399_Une_femme_de_couleur_de_peau_noire_fleurie_une_tombe_192ec97b-9772-41c3-97a0-c41358c5c04a_1.png?resize=100%2C100&amp;ssl=1 100w\" sizes=\"(max-width: 300px) 100vw, 300px\" \/><\/div>\n\t\t<\/a>\n\t\t\t\t<div class=\"elementor-post__text\">\n\t\t\t\t<h2 class=\"elementor-post__title\">\n\t\t\t<a href=\"https:\/\/www.chateau-vodou.com\/tr\/ptit-dej-philo-prendre-soin-de-linvisible-est-ce-aussi-prendre-soin-du-vivant\/\" >\n\t\t\t\tP&rsquo;TIT DEJ PHILO : Prendre soin de l&rsquo;invisible, est-ce aussi prendre soin du vivant ?\t\t\t<\/a>\n\t\t<\/h2>\n\t\t\t\t<div class=\"elementor-post__excerpt\">\n\t\t\t<p>10 octobre, 9h- 12h avec Paddock Academy* et Nelly Margotton, philosophe praticienne. Le vodou invite \u00e0 penser un \u00e9quilibre entre le monde visible (celui des<\/p>\n\t\t<\/div>\n\t\t\n\t\t<a class=\"elementor-post__read-more\" href=\"https:\/\/www.chateau-vodou.com\/tr\/ptit-dej-philo-prendre-soin-de-linvisible-est-ce-aussi-prendre-soin-du-vivant\/\" aria-label=\"Read more about P&rsquo;TIT DEJ PHILO : Prendre soin de l&rsquo;invisible, est-ce aussi prendre soin du vivant ?\" tabindex=\"-1\" >\n\t\t\tLire la suite \u00bb\t\t<\/a>\n\n\t\t\t\t<\/div>\n\t\t\t\t<\/article>\n\t\t\t\t<article class=\"elementor-post elementor-grid-item post-14412 post type-post status-publish format-standard has-post-thumbnail hentry category-actualites\" role=\"listitem\">\n\t\t\t\t<a class=\"elementor-post__thumbnail__link\" href=\"https:\/\/www.chateau-vodou.com\/tr\/murder-party-un-meurte-au-musee\/\" tabindex=\"-1\" >\n\t\t\t<div class=\"elementor-post__thumbnail\"><img loading=\"lazy\" decoding=\"async\" width=\"300\" height=\"199\" src=\"https:\/\/i0.wp.com\/www.chateau-vodou.com\/wp-content\/uploads\/2023\/05\/Capture-decran-2023-05-15-a-13.48.23.png?fit=300%2C199&amp;ssl=1\" class=\"attachment-medium size-medium wp-image-11420\" alt=\"\" srcset=\"https:\/\/i0.wp.com\/www.chateau-vodou.com\/wp-content\/uploads\/2023\/05\/Capture-decran-2023-05-15-a-13.48.23.png?w=1396&amp;ssl=1 1396w, https:\/\/i0.wp.com\/www.chateau-vodou.com\/wp-content\/uploads\/2023\/05\/Capture-decran-2023-05-15-a-13.48.23.png?resize=300%2C199&amp;ssl=1 300w, https:\/\/i0.wp.com\/www.chateau-vodou.com\/wp-content\/uploads\/2023\/05\/Capture-decran-2023-05-15-a-13.48.23.png?resize=1024%2C681&amp;ssl=1 1024w, https:\/\/i0.wp.com\/www.chateau-vodou.com\/wp-content\/uploads\/2023\/05\/Capture-decran-2023-05-15-a-13.48.23.png?resize=768%2C511&amp;ssl=1 768w, https:\/\/i0.wp.com\/www.chateau-vodou.com\/wp-content\/uploads\/2023\/05\/Capture-decran-2023-05-15-a-13.48.23.png?resize=600%2C399&amp;ssl=1 600w\" sizes=\"(max-width: 300px) 100vw, 300px\" \/><\/div>\n\t\t<\/a>\n\t\t\t\t<div class=\"elementor-post__text\">\n\t\t\t\t<h2 class=\"elementor-post__title\">\n\t\t\t<a href=\"https:\/\/www.chateau-vodou.com\/tr\/murder-party-un-meurte-au-musee\/\" >\n\t\t\t\tC\u0130NAYET PART\u0130S\u0130: M\u00dcZEDE B\u0130R C\u0130NAYET\t\t\t<\/a>\n\t\t<\/h2>\n\t\t\t\t<div class=\"elementor-post__excerpt\">\n\t\t\t<p>Vendredi 16 octobre &#8211; Ouverture des portes \u00e0 18H d\u00e9but de jeu \u00e0 18H30 Un partenariat Dooz Escape Game et Ch\u00e2teau vodou Petite restauration et<\/p>\n\t\t<\/div>\n\t\t\n\t\t<a class=\"elementor-post__read-more\" href=\"https:\/\/www.chateau-vodou.com\/tr\/murder-party-un-meurte-au-musee\/\" aria-label=\"Read more about MURDER PARTY : UN MEURTRE AU MUS\u00c9E\" tabindex=\"-1\" >\n\t\t\tLire la suite \u00bb\t\t<\/a>\n\n\t\t\t\t<\/div>\n\t\t\t\t<\/article>\n\t\t\t\t<article class=\"elementor-post elementor-grid-item post-14109 post type-post status-publish format-standard has-post-thumbnail hentry category-actualites category-aktuelles\" role=\"listitem\">\n\t\t\t\t<a class=\"elementor-post__thumbnail__link\" href=\"https:\/\/www.chateau-vodou.com\/tr\/la-reorganisation-de-nos-reserves-un-chantier-titanesque\/\" tabindex=\"-1\" >\n\t\t\t<div class=\"elementor-post__thumbnail\"><img loading=\"lazy\" decoding=\"async\" width=\"300\" height=\"225\" src=\"https:\/\/i0.wp.com\/www.chateau-vodou.com\/wp-content\/uploads\/2025\/09\/PXL_20250619_130955230.MP_.jpg?fit=300%2C225&amp;ssl=1\" class=\"attachment-medium size-medium wp-image-14111\" alt=\"\" srcset=\"https:\/\/i0.wp.com\/www.chateau-vodou.com\/wp-content\/uploads\/2025\/09\/PXL_20250619_130955230.MP_.jpg?w=2560&amp;ssl=1 2560w, https:\/\/i0.wp.com\/www.chateau-vodou.com\/wp-content\/uploads\/2025\/09\/PXL_20250619_130955230.MP_.jpg?resize=300%2C225&amp;ssl=1 300w, https:\/\/i0.wp.com\/www.chateau-vodou.com\/wp-content\/uploads\/2025\/09\/PXL_20250619_130955230.MP_.jpg?resize=1024%2C768&amp;ssl=1 1024w, https:\/\/i0.wp.com\/www.chateau-vodou.com\/wp-content\/uploads\/2025\/09\/PXL_20250619_130955230.MP_.jpg?resize=768%2C576&amp;ssl=1 768w, https:\/\/i0.wp.com\/www.chateau-vodou.com\/wp-content\/uploads\/2025\/09\/PXL_20250619_130955230.MP_.jpg?resize=1536%2C1152&amp;ssl=1 1536w, https:\/\/i0.wp.com\/www.chateau-vodou.com\/wp-content\/uploads\/2025\/09\/PXL_20250619_130955230.MP_.jpg?resize=2048%2C1536&amp;ssl=1 2048w, https:\/\/i0.wp.com\/www.chateau-vodou.com\/wp-content\/uploads\/2025\/09\/PXL_20250619_130955230.MP_.jpg?resize=600%2C450&amp;ssl=1 600w\" sizes=\"(max-width: 300px) 100vw, 300px\" \/><\/div>\n\t\t<\/a>\n\t\t\t\t<div class=\"elementor-post__text\">\n\t\t\t\t<h2 class=\"elementor-post__title\">\n\t\t\t<a href=\"https:\/\/www.chateau-vodou.com\/tr\/la-reorganisation-de-nos-reserves-un-chantier-titanesque\/\" >\n\t\t\t\tLa r\u00e9organisation de nos r\u00e9serves : un chantier titanesque\t\t\t<\/a>\n\t\t<\/h2>\n\t\t\t\t<div class=\"elementor-post__excerpt\">\n\t\t\t<p>En 2024, l\u2019\u00e9quipe du Ch\u00e2teau Vodou s\u2019est lanc\u00e9e dans un grand d\u00e9fi : repenser enti\u00e8rement ses r\u00e9serves ! Le chantier \u00e9tant d\u00e9sormais quasiment termin\u00e9, apprenez<\/p>\n\t\t<\/div>\n\t\t\n\t\t<a class=\"elementor-post__read-more\" href=\"https:\/\/www.chateau-vodou.com\/tr\/la-reorganisation-de-nos-reserves-un-chantier-titanesque\/\" aria-label=\"Read more about La r\u00e9organisation de nos r\u00e9serves : un chantier titanesque\" tabindex=\"-1\" >\n\t\t\tLire la suite \u00bb\t\t<\/a>\n\n\t\t\t\t<\/div>\n\t\t\t\t<\/article>\n\t\t\t\t<article class=\"elementor-post elementor-grid-item post-14086 post type-post status-publish format-standard has-post-thumbnail hentry category-actualites category-aktuelles\" role=\"listitem\">\n\t\t\t\t<a class=\"elementor-post__thumbnail__link\" href=\"https:\/\/www.chateau-vodou.com\/tr\/sortie-des-invisibles-la-collection-sans-reserve-expo\/\" tabindex=\"-1\" >\n\t\t\t<div class=\"elementor-post__thumbnail\"><img loading=\"lazy\" decoding=\"async\" width=\"212\" height=\"300\" src=\"https:\/\/i0.wp.com\/www.chateau-vodou.com\/wp-content\/uploads\/2025\/09\/Affiche-Finale-Copie-scaled.jpg?fit=212%2C300&amp;ssl=1\" class=\"attachment-medium size-medium wp-image-14099\" alt=\"\" srcset=\"https:\/\/i0.wp.com\/www.chateau-vodou.com\/wp-content\/uploads\/2025\/09\/Affiche-Finale-Copie-scaled.jpg?w=1810&amp;ssl=1 1810w, https:\/\/i0.wp.com\/www.chateau-vodou.com\/wp-content\/uploads\/2025\/09\/Affiche-Finale-Copie-scaled.jpg?resize=212%2C300&amp;ssl=1 212w, https:\/\/i0.wp.com\/www.chateau-vodou.com\/wp-content\/uploads\/2025\/09\/Affiche-Finale-Copie-scaled.jpg?resize=724%2C1024&amp;ssl=1 724w, https:\/\/i0.wp.com\/www.chateau-vodou.com\/wp-content\/uploads\/2025\/09\/Affiche-Finale-Copie-scaled.jpg?resize=768%2C1086&amp;ssl=1 768w, https:\/\/i0.wp.com\/www.chateau-vodou.com\/wp-content\/uploads\/2025\/09\/Affiche-Finale-Copie-scaled.jpg?resize=1086%2C1536&amp;ssl=1 1086w, https:\/\/i0.wp.com\/www.chateau-vodou.com\/wp-content\/uploads\/2025\/09\/Affiche-Finale-Copie-scaled.jpg?resize=1448%2C2048&amp;ssl=1 1448w, https:\/\/i0.wp.com\/www.chateau-vodou.com\/wp-content\/uploads\/2025\/09\/Affiche-Finale-Copie-scaled.jpg?resize=600%2C849&amp;ssl=1 600w\" sizes=\"(max-width: 212px) 100vw, 212px\" \/><\/div>\n\t\t<\/a>\n\t\t\t\t<div class=\"elementor-post__text\">\n\t\t\t\t<h2 class=\"elementor-post__title\">\n\t\t\t<a href=\"https:\/\/www.chateau-vodou.com\/tr\/sortie-des-invisibles-la-collection-sans-reserve-expo\/\" >\n\t\t\t\tEXPOSITION TEMPORAIRE : \u00ab\u00a0SORTIE DES INVISIBLES : La collection sans r\u00e9serve\u00a0\u00bb\t\t\t<\/a>\n\t\t<\/h2>\n\t\t\t\t<div class=\"elementor-post__excerpt\">\n\t\t\t<p>Exposition temporaire du 16 octobre 2025 au 30 novembre 2026 \u00a0(prolongation exceptionnelle devant son succ\u00e8s ! ) \u00a0 Dans un mus\u00e9e, de l\u2019objet expos\u00e9 \u00e0<\/p>\n\t\t<\/div>\n\t\t\n\t\t<a class=\"elementor-post__read-more\" href=\"https:\/\/www.chateau-vodou.com\/tr\/sortie-des-invisibles-la-collection-sans-reserve-expo\/\" aria-label=\"Read more about EXPOSITION TEMPORAIRE : \u00ab\u00a0SORTIE DES INVISIBLES : La collection sans r\u00e9serve\u00a0\u00bb\" tabindex=\"-1\" >\n\t\t\tLire la suite \u00bb\t\t<\/a>\n\n\t\t\t\t<\/div>\n\t\t\t\t<\/article>\n\t\t\t\t<article class=\"elementor-post elementor-grid-item post-14084 post type-post status-publish format-standard has-post-thumbnail hentry category-actualites category-aktuelles\" role=\"listitem\">\n\t\t\t\t<a class=\"elementor-post__thumbnail__link\" href=\"https:\/\/www.chateau-vodou.com\/tr\/acces-exceptionnel-aux-reserves-en-autonomie\/\" tabindex=\"-1\" >\n\t\t\t<div class=\"elementor-post__thumbnail\"><img loading=\"lazy\" decoding=\"async\" width=\"225\" height=\"300\" src=\"https:\/\/i0.wp.com\/www.chateau-vodou.com\/wp-content\/uploads\/2025\/09\/PXL_20250724_131200375.MP_.jpg?fit=225%2C300&amp;ssl=1\" class=\"attachment-medium size-medium wp-image-14069\" alt=\"\" srcset=\"https:\/\/i0.wp.com\/www.chateau-vodou.com\/wp-content\/uploads\/2025\/09\/PXL_20250724_131200375.MP_.jpg?w=1920&amp;ssl=1 1920w, https:\/\/i0.wp.com\/www.chateau-vodou.com\/wp-content\/uploads\/2025\/09\/PXL_20250724_131200375.MP_.jpg?resize=225%2C300&amp;ssl=1 225w, https:\/\/i0.wp.com\/www.chateau-vodou.com\/wp-content\/uploads\/2025\/09\/PXL_20250724_131200375.MP_.jpg?resize=768%2C1024&amp;ssl=1 768w, https:\/\/i0.wp.com\/www.chateau-vodou.com\/wp-content\/uploads\/2025\/09\/PXL_20250724_131200375.MP_.jpg?resize=1152%2C1536&amp;ssl=1 1152w, https:\/\/i0.wp.com\/www.chateau-vodou.com\/wp-content\/uploads\/2025\/09\/PXL_20250724_131200375.MP_.jpg?resize=1536%2C2048&amp;ssl=1 1536w, https:\/\/i0.wp.com\/www.chateau-vodou.com\/wp-content\/uploads\/2025\/09\/PXL_20250724_131200375.MP_.jpg?resize=600%2C800&amp;ssl=1 600w\" sizes=\"(max-width: 225px) 100vw, 225px\" \/><\/div>\n\t\t<\/a>\n\t\t\t\t<div class=\"elementor-post__text\">\n\t\t\t\t<h2 class=\"elementor-post__title\">\n\t\t\t<a href=\"https:\/\/www.chateau-vodou.com\/tr\/acces-exceptionnel-aux-reserves-en-autonomie\/\" >\n\t\t\t\tL&rsquo;acc\u00e8s aux r\u00e9serves, une visite exceptionnelle, en autonomie\t\t\t<\/a>\n\t\t<\/h2>\n\t\t\t\t<div class=\"elementor-post__excerpt\">\n\t\t\t<p>Tous les mercredis et les samedis de 14h \u00e0 18h, le mus\u00e9e ouvre ses r\u00e9serves au public.&nbsp;Fl\u00e2nez dans l&rsquo;exposition temporaire \u00e9ponyme \u00ab\u00a0Sortie des invisibles :<\/p>\n\t\t<\/div>\n\t\t\n\t\t<a class=\"elementor-post__read-more\" href=\"https:\/\/www.chateau-vodou.com\/tr\/acces-exceptionnel-aux-reserves-en-autonomie\/\" aria-label=\"Read more about L&rsquo;acc\u00e8s aux r\u00e9serves, une visite exceptionnelle, en autonomie\" tabindex=\"-1\" >\n\t\t\tLire la suite \u00bb\t\t<\/a>\n\n\t\t\t\t<\/div>\n\t\t\t\t<\/article>\n\t\t\t\t<article class=\"elementor-post elementor-grid-item post-14068 post type-post status-publish format-standard has-post-thumbnail hentry category-actualites category-aktuelles\" role=\"listitem\">\n\t\t\t\t<a class=\"elementor-post__thumbnail__link\" href=\"https:\/\/www.chateau-vodou.com\/tr\/visites-guidees-des-reserves-un-moment-exceptionnel\/\" tabindex=\"-1\" >\n\t\t\t<div class=\"elementor-post__thumbnail\"><img loading=\"lazy\" decoding=\"async\" width=\"225\" height=\"300\" src=\"https:\/\/i0.wp.com\/www.chateau-vodou.com\/wp-content\/uploads\/2025\/09\/PXL_20250526_113129396.jpg?fit=225%2C300&amp;ssl=1\" class=\"attachment-medium size-medium wp-image-14074\" alt=\"\" srcset=\"https:\/\/i0.wp.com\/www.chateau-vodou.com\/wp-content\/uploads\/2025\/09\/PXL_20250526_113129396.jpg?w=1920&amp;ssl=1 1920w, https:\/\/i0.wp.com\/www.chateau-vodou.com\/wp-content\/uploads\/2025\/09\/PXL_20250526_113129396.jpg?resize=225%2C300&amp;ssl=1 225w, https:\/\/i0.wp.com\/www.chateau-vodou.com\/wp-content\/uploads\/2025\/09\/PXL_20250526_113129396.jpg?resize=768%2C1024&amp;ssl=1 768w, https:\/\/i0.wp.com\/www.chateau-vodou.com\/wp-content\/uploads\/2025\/09\/PXL_20250526_113129396.jpg?resize=1152%2C1536&amp;ssl=1 1152w, https:\/\/i0.wp.com\/www.chateau-vodou.com\/wp-content\/uploads\/2025\/09\/PXL_20250526_113129396.jpg?resize=1536%2C2048&amp;ssl=1 1536w, https:\/\/i0.wp.com\/www.chateau-vodou.com\/wp-content\/uploads\/2025\/09\/PXL_20250526_113129396.jpg?resize=600%2C800&amp;ssl=1 600w\" sizes=\"(max-width: 225px) 100vw, 225px\" \/><\/div>\n\t\t<\/a>\n\t\t\t\t<div class=\"elementor-post__text\">\n\t\t\t\t<h2 class=\"elementor-post__title\">\n\t\t\t<a href=\"https:\/\/www.chateau-vodou.com\/tr\/visites-guidees-des-reserves-un-moment-exceptionnel\/\" >\n\t\t\t\tVisites guid\u00e9es des r\u00e9serves et de l&rsquo;exposition \u00ab\u00a0Sortie des invisibles\u00a0\u00bb\t\t\t<\/a>\n\t\t<\/h2>\n\t\t\t\t<div class=\"elementor-post__excerpt\">\n\t\t\t<p>Une plong\u00e9e dans les coulisses du mus\u00e9e \u00c0 l\u2019occasion de l\u2019exposition \u00ab\u00a0Sortie des invisibles : la collection sans r\u00e9serve\u00a0\u00bb , le mus\u00e9e propose une visite<\/p>\n\t\t<\/div>\n\t\t\n\t\t<a class=\"elementor-post__read-more\" href=\"https:\/\/www.chateau-vodou.com\/tr\/visites-guidees-des-reserves-un-moment-exceptionnel\/\" aria-label=\"Read more about Visites guid\u00e9es des r\u00e9serves et de l&rsquo;exposition \u00ab\u00a0Sortie des invisibles\u00a0\u00bb\" tabindex=\"-1\" >\n\t\t\tLire la suite \u00bb\t\t<\/a>\n\n\t\t\t\t<\/div>\n\t\t\t\t<\/article>\n\t\t\t\t<article class=\"elementor-post elementor-grid-item post-7948 post type-post status-publish format-standard has-post-thumbnail hentry category-actualites category-programmation-culturelle-scientifique\" role=\"listitem\">\n\t\t\t\t<a class=\"elementor-post__thumbnail__link\" href=\"https:\/\/www.chateau-vodou.com\/tr\/soiree-vodou-360-visite-guidee-et-realite-virtuelle\/\" tabindex=\"-1\" >\n\t\t\t<div class=\"elementor-post__thumbnail\"><img loading=\"lazy\" decoding=\"async\" width=\"300\" height=\"225\" src=\"https:\/\/i0.wp.com\/www.chateau-vodou.com\/wp-content\/uploads\/2021\/07\/IMG_20190419_095940-scaled.jpg?fit=300%2C225&amp;ssl=1\" class=\"attachment-medium size-medium wp-image-7949\" alt=\"\" srcset=\"https:\/\/i0.wp.com\/www.chateau-vodou.com\/wp-content\/uploads\/2021\/07\/IMG_20190419_095940-scaled.jpg?w=2560&amp;ssl=1 2560w, https:\/\/i0.wp.com\/www.chateau-vodou.com\/wp-content\/uploads\/2021\/07\/IMG_20190419_095940-scaled.jpg?resize=300%2C225&amp;ssl=1 300w, https:\/\/i0.wp.com\/www.chateau-vodou.com\/wp-content\/uploads\/2021\/07\/IMG_20190419_095940-scaled.jpg?resize=1024%2C768&amp;ssl=1 1024w, https:\/\/i0.wp.com\/www.chateau-vodou.com\/wp-content\/uploads\/2021\/07\/IMG_20190419_095940-scaled.jpg?resize=768%2C576&amp;ssl=1 768w, https:\/\/i0.wp.com\/www.chateau-vodou.com\/wp-content\/uploads\/2021\/07\/IMG_20190419_095940-scaled.jpg?resize=1536%2C1152&amp;ssl=1 1536w, https:\/\/i0.wp.com\/www.chateau-vodou.com\/wp-content\/uploads\/2021\/07\/IMG_20190419_095940-scaled.jpg?resize=2048%2C1536&amp;ssl=1 2048w, https:\/\/i0.wp.com\/www.chateau-vodou.com\/wp-content\/uploads\/2021\/07\/IMG_20190419_095940-scaled.jpg?resize=600%2C450&amp;ssl=1 600w\" sizes=\"(max-width: 300px) 100vw, 300px\" \/><\/div>\n\t\t<\/a>\n\t\t\t\t<div class=\"elementor-post__text\">\n\t\t\t\t<h2 class=\"elementor-post__title\">\n\t\t\t<a href=\"https:\/\/www.chateau-vodou.com\/tr\/soiree-vodou-360-visite-guidee-et-realite-virtuelle\/\" >\n\t\t\t\tGer\u00e7ekli\u011fin \u00f6tesinde ak\u015famlar: rehberli tur ve ard\u0131ndan sanal ger\u00e7eklik deneyimi\t\t\t<\/a>\n\t\t<\/h2>\n\t\t\t\t<div class=\"elementor-post__excerpt\">\n\t\t\t<p>Vivez une soir\u00e9e insolite au mus\u00e9e et devenez incollables sur le vodou ! Ces soir\u00e9es sp\u00e9ciales sont l\u2019occasion de suivre une visite guid\u00e9e avec l\u2019un<\/p>\n\t\t<\/div>\n\t\t\n\t\t<a class=\"elementor-post__read-more\" href=\"https:\/\/www.chateau-vodou.com\/tr\/soiree-vodou-360-visite-guidee-et-realite-virtuelle\/\" aria-label=\"Read more about Soir\u00e9es au-del\u00e0 du r\u00e9el :  visite guid\u00e9e suivie de r\u00e9alit\u00e9 virtuelle\" tabindex=\"-1\" >\n\t\t\tLire la suite \u00bb\t\t<\/a>\n\n\t\t\t\t<\/div>\n\t\t\t\t<\/article>\n\t\t\t\t<article class=\"elementor-post elementor-grid-item post-1895 post type-post status-publish format-standard has-post-thumbnail hentry category-actualites category-programmation-culturelle-scientifique\" role=\"listitem\">\n\t\t\t\t<a class=\"elementor-post__thumbnail__link\" href=\"https:\/\/www.chateau-vodou.com\/tr\/vivez-un-rituel-en-realite-virtuelle\/\" tabindex=\"-1\" >\n\t\t\t<div class=\"elementor-post__thumbnail\"><img loading=\"lazy\" decoding=\"async\" width=\"300\" height=\"230\" src=\"https:\/\/i0.wp.com\/www.chateau-vodou.com\/wp-content\/uploads\/2021\/06\/Capture-decran-2025-09-02-a-15.40.48.png?fit=300%2C230&amp;ssl=1\" class=\"attachment-medium size-medium wp-image-14009\" alt=\"\" srcset=\"https:\/\/i0.wp.com\/www.chateau-vodou.com\/wp-content\/uploads\/2021\/06\/Capture-decran-2025-09-02-a-15.40.48.png?w=672&amp;ssl=1 672w, https:\/\/i0.wp.com\/www.chateau-vodou.com\/wp-content\/uploads\/2021\/06\/Capture-decran-2025-09-02-a-15.40.48.png?resize=300%2C230&amp;ssl=1 300w, https:\/\/i0.wp.com\/www.chateau-vodou.com\/wp-content\/uploads\/2021\/06\/Capture-decran-2025-09-02-a-15.40.48.png?resize=600%2C460&amp;ssl=1 600w\" sizes=\"(max-width: 300px) 100vw, 300px\" \/><\/div>\n\t\t<\/a>\n\t\t\t\t<div class=\"elementor-post__text\">\n\t\t\t\t<h2 class=\"elementor-post__title\">\n\t\t\t<a href=\"https:\/\/www.chateau-vodou.com\/tr\/vivez-un-rituel-en-realite-virtuelle\/\" >\n\t\t\t\tSanal ger\u00e7eklik turunuz!\t\t\t<\/a>\n\t\t<\/h2>\n\t\t\t\t<div class=\"elementor-post__excerpt\">\n\t\t\t<p>Louez un casque immersif pour vivre des rituels vodou !\u00a0 Tous les jours, sur les horaires d&rsquo;ouverture. D\u00e9couvrez une s\u00e9rie de quatre c\u00e9r\u00e9monies tourn\u00e9es au<\/p>\n\t\t<\/div>\n\t\t\n\t\t<a class=\"elementor-post__read-more\" href=\"https:\/\/www.chateau-vodou.com\/tr\/vivez-un-rituel-en-realite-virtuelle\/\" aria-label=\"Read more about Votre visite en r\u00e9alit\u00e9 virtuelle !\" tabindex=\"-1\" >\n\t\t\tLire la suite \u00bb\t\t<\/a>\n\n\t\t\t\t<\/div>\n\t\t\t\t<\/article>\n\t\t\t\t<article class=\"elementor-post elementor-grid-item post-1705 post type-post status-publish format-standard has-post-thumbnail hentry category-actualites category-programmation-culturelle-scientifique\" role=\"listitem\">\n\t\t\t\t<a class=\"elementor-post__thumbnail__link\" href=\"https:\/\/www.chateau-vodou.com\/tr\/visites-nocturnes-a-la-lampe-torche-2\/\" tabindex=\"-1\" >\n\t\t\t<div class=\"elementor-post__thumbnail\"><img loading=\"lazy\" decoding=\"async\" width=\"300\" height=\"300\" src=\"https:\/\/i0.wp.com\/www.chateau-vodou.com\/wp-content\/uploads\/2021\/01\/Nocturnes-a-la-lampe-torche.jpg?fit=300%2C300&amp;ssl=1\" class=\"attachment-medium size-medium wp-image-6722\" alt=\"\" srcset=\"https:\/\/i0.wp.com\/www.chateau-vodou.com\/wp-content\/uploads\/2021\/01\/Nocturnes-a-la-lampe-torche.jpg?w=1080&amp;ssl=1 1080w, https:\/\/i0.wp.com\/www.chateau-vodou.com\/wp-content\/uploads\/2021\/01\/Nocturnes-a-la-lampe-torche.jpg?resize=300%2C300&amp;ssl=1 300w, https:\/\/i0.wp.com\/www.chateau-vodou.com\/wp-content\/uploads\/2021\/01\/Nocturnes-a-la-lampe-torche.jpg?resize=1024%2C1024&amp;ssl=1 1024w, https:\/\/i0.wp.com\/www.chateau-vodou.com\/wp-content\/uploads\/2021\/01\/Nocturnes-a-la-lampe-torche.jpg?resize=150%2C150&amp;ssl=1 150w, https:\/\/i0.wp.com\/www.chateau-vodou.com\/wp-content\/uploads\/2021\/01\/Nocturnes-a-la-lampe-torche.jpg?resize=768%2C768&amp;ssl=1 768w, https:\/\/i0.wp.com\/www.chateau-vodou.com\/wp-content\/uploads\/2021\/01\/Nocturnes-a-la-lampe-torche.jpg?resize=600%2C600&amp;ssl=1 600w, https:\/\/i0.wp.com\/www.chateau-vodou.com\/wp-content\/uploads\/2021\/01\/Nocturnes-a-la-lampe-torche.jpg?resize=100%2C100&amp;ssl=1 100w\" sizes=\"(max-width: 300px) 100vw, 300px\" \/><\/div>\n\t\t<\/a>\n\t\t\t\t<div class=\"elementor-post__text\">\n\t\t\t\t<h2 class=\"elementor-post__title\">\n\t\t\t<a href=\"https:\/\/www.chateau-vodou.com\/tr\/visites-nocturnes-a-la-lampe-torche-2\/\" >\n\t\t\t\tEl feneriyle gece gezileri\t\t\t<\/a>\n\t\t<\/h2>\n\t\t\t\t<div class=\"elementor-post__excerpt\">\n\t\t\t<p>Bir rehber e\u015fli\u011finde yakla\u015f\u0131k 1 saat 15 dakika boyunca su kulesinin ve vudu tanr\u0131lar\u0131n\u0131n gizemlerini ke\u015ffedin. B\u00fcy\u00fcleyici atmosferin sizi etkisi alt\u0131na almas\u0131na izin verin ve ke\u015ffedin<\/p>\n\t\t<\/div>\n\t\t\n\t\t<a class=\"elementor-post__read-more\" href=\"https:\/\/www.chateau-vodou.com\/tr\/visites-nocturnes-a-la-lampe-torche-2\/\" aria-label=\"Read more about Visites nocturnes \u00e0 la lampe torche\" tabindex=\"-1\" >\n\t\t\tLire la suite \u00bb\t\t<\/a>\n\n\t\t\t\t<\/div>\n\t\t\t\t<\/article>\n\t\t\t\t<article class=\"elementor-post elementor-grid-item post-12391 post type-post status-publish format-standard has-post-thumbnail hentry category-actualites\" role=\"listitem\">\n\t\t\t\t<a class=\"elementor-post__thumbnail__link\" href=\"https:\/\/www.chateau-vodou.com\/tr\/nos-vodou-voyagent\/\" tabindex=\"-1\" >\n\t\t\t<div class=\"elementor-post__thumbnail\"><img loading=\"lazy\" decoding=\"async\" width=\"300\" height=\"201\" src=\"https:\/\/i0.wp.com\/www.chateau-vodou.com\/wp-content\/uploads\/2021\/12\/1147_b-scaled.jpg?fit=300%2C201&amp;ssl=1\" class=\"attachment-medium size-medium wp-image-8994\" alt=\"\" srcset=\"https:\/\/i0.wp.com\/www.chateau-vodou.com\/wp-content\/uploads\/2021\/12\/1147_b-scaled.jpg?w=2560&amp;ssl=1 2560w, https:\/\/i0.wp.com\/www.chateau-vodou.com\/wp-content\/uploads\/2021\/12\/1147_b-scaled.jpg?resize=300%2C201&amp;ssl=1 300w, https:\/\/i0.wp.com\/www.chateau-vodou.com\/wp-content\/uploads\/2021\/12\/1147_b-scaled.jpg?resize=1024%2C685&amp;ssl=1 1024w, https:\/\/i0.wp.com\/www.chateau-vodou.com\/wp-content\/uploads\/2021\/12\/1147_b-scaled.jpg?resize=768%2C514&amp;ssl=1 768w, https:\/\/i0.wp.com\/www.chateau-vodou.com\/wp-content\/uploads\/2021\/12\/1147_b-scaled.jpg?resize=1536%2C1028&amp;ssl=1 1536w, https:\/\/i0.wp.com\/www.chateau-vodou.com\/wp-content\/uploads\/2021\/12\/1147_b-scaled.jpg?resize=2048%2C1371&amp;ssl=1 2048w, https:\/\/i0.wp.com\/www.chateau-vodou.com\/wp-content\/uploads\/2021\/12\/1147_b-scaled.jpg?resize=600%2C402&amp;ssl=1 600w\" sizes=\"(max-width: 300px) 100vw, 300px\" \/><\/div>\n\t\t<\/a>\n\t\t\t\t<div class=\"elementor-post__text\">\n\t\t\t\t<h2 class=\"elementor-post__title\">\n\t\t\t<a href=\"https:\/\/www.chateau-vodou.com\/tr\/nos-vodou-voyagent\/\" >\n\t\t\t\tNOS VODOU VOYAGENT !\t\t\t<\/a>\n\t\t<\/h2>\n\t\t\t\t<div class=\"elementor-post__excerpt\">\n\t\t\t<p>NOS VODOU VOYAGENT EN 2026 ! Retrouvez plusieurs pi\u00e8ces du Ch\u00e2teau Vodou pr\u00eat\u00e9es \u00e0 nos partenaires\u00a0 : \u00ab Ma sorci\u00e8re mal nomm\u00e9e &#8211; Pouvoir et<\/p>\n\t\t<\/div>\n\t\t\n\t\t<a class=\"elementor-post__read-more\" href=\"https:\/\/www.chateau-vodou.com\/tr\/nos-vodou-voyagent\/\" aria-label=\"Read more about NOS VODOU VOYAGENT !\" tabindex=\"-1\" >\n\t\t\tLire la suite \u00bb\t\t<\/a>\n\n\t\t\t\t<\/div>\n\t\t\t\t<\/article>\n\t\t\t\t<\/div>\n\t\t\n\t\t\t\t\t\t<\/div>\n\t\t\t\t<\/div>\n\t\t\t\t\t<\/div>\n\t\t<\/div>\n\t\t\t\t\t<\/div>\n\t\t<\/section>\n\t\t\t\t<section class=\"elementor-section elementor-top-section elementor-element elementor-element-6a05486 elementor-section-boxed elementor-section-height-default elementor-section-height-default\" data-id=\"6a05486\" data-element_type=\"section\" data-e-type=\"section\">\n\t\t\t\t\t\t<div class=\"elementor-container elementor-column-gap-default\">\n\t\t\t\t\t<div class=\"elementor-column elementor-col-100 elementor-top-column elementor-element elementor-element-260dd48\" data-id=\"260dd48\" data-element_type=\"column\" data-e-type=\"column\">\n\t\t\t<div class=\"elementor-widget-wrap elementor-element-populated\">\n\t\t\t\t\t\t<div class=\"elementor-element elementor-element-e5e1988 elementor-widget-divider--view-line elementor-widget elementor-widget-divider\" data-id=\"e5e1988\" data-element_type=\"widget\" data-e-type=\"widget\" data-widget_type=\"divider.default\">\n\t\t\t\t\t\t\t<div class=\"elementor-divider\">\n\t\t\t<span class=\"elementor-divider-separator\">\n\t\t\t\t\t\t<\/span>\n\t\t<\/div>\n\t\t\t\t\t\t<\/div>\n\t\t\t\t\t<\/div>\n\t\t<\/div>\n\t\t\t\t\t<\/div>\n\t\t<\/section>\n\t\t\t\t<section class=\"elementor-section elementor-top-section elementor-element elementor-element-6921478 elementor-section-boxed elementor-section-height-default elementor-section-height-default\" data-id=\"6921478\" data-element_type=\"section\" data-e-type=\"section\">\n\t\t\t\t\t\t<div class=\"elementor-container elementor-column-gap-default\">\n\t\t\t\t\t<div class=\"elementor-column elementor-col-50 elementor-top-column elementor-element elementor-element-77404bd\" data-id=\"77404bd\" data-element_type=\"column\" data-e-type=\"column\">\n\t\t\t<div class=\"elementor-widget-wrap elementor-element-populated\">\n\t\t\t\t\t\t<div class=\"elementor-element elementor-element-9fca51f elementor-widget elementor-widget-heading\" data-id=\"9fca51f\" data-element_type=\"widget\" data-e-type=\"widget\" data-widget_type=\"heading.default\">\n\t\t\t\t\t<h2 class=\"elementor-heading-title elementor-size-default\">Ev\u00e8nements pass\u00e9s<\/h2>\t\t\t\t<\/div>\n\t\t\t\t\t<\/div>\n\t\t<\/div>\n\t\t\t\t<div class=\"elementor-column elementor-col-50 elementor-top-column elementor-element elementor-element-7292b4d\" data-id=\"7292b4d\" data-element_type=\"column\" data-e-type=\"column\">\n\t\t\t<div class=\"elementor-widget-wrap elementor-element-populated\">\n\t\t\t\t\t\t<div class=\"elementor-element elementor-element-8c08780 elementor-widget elementor-widget-image\" data-id=\"8c08780\" data-element_type=\"widget\" data-e-type=\"widget\" data-widget_type=\"image.default\">\n\t\t\t\t\t\t\t\t\t\t\t\t\t\t\t<img loading=\"lazy\" decoding=\"async\" width=\"150\" height=\"150\" src=\"https:\/\/i0.wp.com\/www.chateau-vodou.com\/wp-content\/uploads\/2020\/11\/98731913_2734429216789047_3729185120884621312_o.png?resize=150%2C150&amp;ssl=1\" class=\"attachment-thumbnail size-thumbnail wp-image-2865\" alt=\"\" srcset=\"https:\/\/i0.wp.com\/www.chateau-vodou.com\/wp-content\/uploads\/2020\/11\/98731913_2734429216789047_3729185120884621312_o.png?w=1521&amp;ssl=1 1521w, https:\/\/i0.wp.com\/www.chateau-vodou.com\/wp-content\/uploads\/2020\/11\/98731913_2734429216789047_3729185120884621312_o.png?resize=300%2C300&amp;ssl=1 300w, https:\/\/i0.wp.com\/www.chateau-vodou.com\/wp-content\/uploads\/2020\/11\/98731913_2734429216789047_3729185120884621312_o.png?resize=100%2C100&amp;ssl=1 100w, https:\/\/i0.wp.com\/www.chateau-vodou.com\/wp-content\/uploads\/2020\/11\/98731913_2734429216789047_3729185120884621312_o.png?resize=600%2C600&amp;ssl=1 600w, https:\/\/i0.wp.com\/www.chateau-vodou.com\/wp-content\/uploads\/2020\/11\/98731913_2734429216789047_3729185120884621312_o.png?resize=1024%2C1024&amp;ssl=1 1024w, https:\/\/i0.wp.com\/www.chateau-vodou.com\/wp-content\/uploads\/2020\/11\/98731913_2734429216789047_3729185120884621312_o.png?resize=150%2C150&amp;ssl=1 150w, https:\/\/i0.wp.com\/www.chateau-vodou.com\/wp-content\/uploads\/2020\/11\/98731913_2734429216789047_3729185120884621312_o.png?resize=768%2C768&amp;ssl=1 768w\" sizes=\"(max-width: 150px) 100vw, 150px\" \/>\t\t\t\t\t\t\t\t\t\t\t\t\t\t\t<\/div>\n\t\t\t\t\t<\/div>\n\t\t<\/div>\n\t\t\t\t\t<\/div>\n\t\t<\/section>\n\t\t\t\t<section class=\"elementor-section elementor-top-section elementor-element elementor-element-a50cff4 elementor-section-boxed elementor-section-height-default elementor-section-height-default\" data-id=\"a50cff4\" data-element_type=\"section\" data-e-type=\"section\">\n\t\t\t\t\t\t<div class=\"elementor-container elementor-column-gap-default\">\n\t\t\t\t\t<div class=\"elementor-column elementor-col-100 elementor-top-column elementor-element elementor-element-29f7fd8\" data-id=\"29f7fd8\" data-element_type=\"column\" data-e-type=\"column\">\n\t\t\t<div class=\"elementor-widget-wrap elementor-element-populated\">\n\t\t\t\t\t\t<div class=\"elementor-element elementor-element-fc840ce elementor-grid-3 elementor-grid-tablet-2 elementor-grid-mobile-1 elementor-posts--thumbnail-top elementor-widget elementor-widget-posts\" data-id=\"fc840ce\" data-element_type=\"widget\" data-e-type=\"widget\" data-settings=\"{&quot;classic_columns&quot;:&quot;3&quot;,&quot;classic_columns_tablet&quot;:&quot;2&quot;,&quot;classic_columns_mobile&quot;:&quot;1&quot;,&quot;classic_row_gap&quot;:{&quot;unit&quot;:&quot;px&quot;,&quot;size&quot;:35,&quot;sizes&quot;:[]},&quot;classic_row_gap_tablet&quot;:{&quot;unit&quot;:&quot;px&quot;,&quot;size&quot;:&quot;&quot;,&quot;sizes&quot;:[]},&quot;classic_row_gap_mobile&quot;:{&quot;unit&quot;:&quot;px&quot;,&quot;size&quot;:&quot;&quot;,&quot;sizes&quot;:[]}}\" data-widget_type=\"posts.classic\">\n\t\t\t\t<div class=\"elementor-widget-container\">\n\t\t\t\t\t\t\t<div class=\"elementor-posts-container elementor-posts elementor-posts--skin-classic elementor-grid\" role=\"list\">\n\t\t\t\t<article class=\"elementor-post elementor-grid-item post-14654 post type-post status-publish format-standard has-post-thumbnail hentry category-archives\" role=\"listitem\">\n\t\t\t\t<a class=\"elementor-post__thumbnail__link\" href=\"https:\/\/www.chateau-vodou.com\/tr\/la-nuit-europeennes-des-musees-23-mai\/\" tabindex=\"-1\" >\n\t\t\t<div class=\"elementor-post__thumbnail\"><img loading=\"lazy\" decoding=\"async\" width=\"225\" height=\"300\" src=\"https:\/\/i0.wp.com\/www.chateau-vodou.com\/wp-content\/uploads\/2025\/09\/PXL_20251014_152615635.MP_.jpg?fit=225%2C300&amp;ssl=1\" class=\"attachment-medium size-medium wp-image-14306\" alt=\"\" srcset=\"https:\/\/i0.wp.com\/www.chateau-vodou.com\/wp-content\/uploads\/2025\/09\/PXL_20251014_152615635.MP_.jpg?w=1920&amp;ssl=1 1920w, https:\/\/i0.wp.com\/www.chateau-vodou.com\/wp-content\/uploads\/2025\/09\/PXL_20251014_152615635.MP_.jpg?resize=225%2C300&amp;ssl=1 225w, https:\/\/i0.wp.com\/www.chateau-vodou.com\/wp-content\/uploads\/2025\/09\/PXL_20251014_152615635.MP_.jpg?resize=768%2C1024&amp;ssl=1 768w, https:\/\/i0.wp.com\/www.chateau-vodou.com\/wp-content\/uploads\/2025\/09\/PXL_20251014_152615635.MP_.jpg?resize=1152%2C1536&amp;ssl=1 1152w, https:\/\/i0.wp.com\/www.chateau-vodou.com\/wp-content\/uploads\/2025\/09\/PXL_20251014_152615635.MP_.jpg?resize=1536%2C2048&amp;ssl=1 1536w, https:\/\/i0.wp.com\/www.chateau-vodou.com\/wp-content\/uploads\/2025\/09\/PXL_20251014_152615635.MP_.jpg?resize=600%2C800&amp;ssl=1 600w\" sizes=\"(max-width: 225px) 100vw, 225px\" \/><\/div>\n\t\t<\/a>\n\t\t\t\t<div class=\"elementor-post__text\">\n\t\t\t\t<h3 class=\"elementor-post__title\">\n\t\t\t<a href=\"https:\/\/www.chateau-vodou.com\/tr\/la-nuit-europeennes-des-musees-23-mai\/\" >\n\t\t\t\tLa Nuit Europ\u00e9ennes des mus\u00e9es &#8211; 23 mai\t\t\t<\/a>\n\t\t<\/h3>\n\t\t\t\t<div class=\"elementor-post__excerpt\">\n\t\t\t<p>Samedi 23 mai 2026 \u2013 de 18H \u00e0 22H Nota Bene \/ Notre politique tarifaire : Un tarif exceptionnel vous est propos\u00e9 pour un montant<\/p>\n\t\t<\/div>\n\t\t\n\t\t<a class=\"elementor-post__read-more\" href=\"https:\/\/www.chateau-vodou.com\/tr\/la-nuit-europeennes-des-musees-23-mai\/\" aria-label=\"Read more about La Nuit Europ\u00e9ennes des mus\u00e9es &#8211; 23 mai\" tabindex=\"-1\" >\n\t\t\tLire la suite \u00bb\t\t<\/a>\n\n\t\t\t\t<\/div>\n\t\t\t\t<\/article>\n\t\t\t\t<article class=\"elementor-post elementor-grid-item post-14630 post type-post status-publish format-standard has-post-thumbnail hentry category-archives\" role=\"listitem\">\n\t\t\t\t<a class=\"elementor-post__thumbnail__link\" href=\"https:\/\/www.chateau-vodou.com\/tr\/eyo-nle-benin-vibrations-avec-les-dominicains-de-guebwiller\/\" tabindex=\"-1\" >\n\t\t\t<div class=\"elementor-post__thumbnail\"><img loading=\"lazy\" decoding=\"async\" width=\"300\" height=\"160\" src=\"https:\/\/i0.wp.com\/www.chateau-vodou.com\/wp-content\/uploads\/2026\/04\/Capture-decran-2026-04-16-a-13.44.11.png?fit=300%2C160&amp;ssl=1\" class=\"attachment-medium size-medium wp-image-14635\" alt=\"\" srcset=\"https:\/\/i0.wp.com\/www.chateau-vodou.com\/wp-content\/uploads\/2026\/04\/Capture-decran-2026-04-16-a-13.44.11.png?w=1084&amp;ssl=1 1084w, https:\/\/i0.wp.com\/www.chateau-vodou.com\/wp-content\/uploads\/2026\/04\/Capture-decran-2026-04-16-a-13.44.11.png?resize=300%2C160&amp;ssl=1 300w, https:\/\/i0.wp.com\/www.chateau-vodou.com\/wp-content\/uploads\/2026\/04\/Capture-decran-2026-04-16-a-13.44.11.png?resize=1024%2C545&amp;ssl=1 1024w, https:\/\/i0.wp.com\/www.chateau-vodou.com\/wp-content\/uploads\/2026\/04\/Capture-decran-2026-04-16-a-13.44.11.png?resize=768%2C409&amp;ssl=1 768w, https:\/\/i0.wp.com\/www.chateau-vodou.com\/wp-content\/uploads\/2026\/04\/Capture-decran-2026-04-16-a-13.44.11.png?resize=600%2C319&amp;ssl=1 600w\" sizes=\"(max-width: 300px) 100vw, 300px\" \/><\/div>\n\t\t<\/a>\n\t\t\t\t<div class=\"elementor-post__text\">\n\t\t\t\t<h3 class=\"elementor-post__title\">\n\t\t\t<a href=\"https:\/\/www.chateau-vodou.com\/tr\/eyo-nle-benin-vibrations-avec-les-dominicains-de-guebwiller\/\" >\n\t\t\t\tEYO NLE &#8211; BENIN VIBRATIONS AVEC LES DOMINICAINS DE GUEBWILLER\t\t\t<\/a>\n\t\t<\/h3>\n\t\t\t\t<div class=\"elementor-post__excerpt\">\n\t\t\t<p>Vendredi 29 mai 2026 AUX DOMINICAINS DE HAUTE ALSACE, \u00e0 GUEBWILLER \u00a0 Le Ch\u00e2teau Vodou et les Dominicains s&rsquo;associent pour mettre le B\u00e9nin \u00e0 l&rsquo;honneur<\/p>\n\t\t<\/div>\n\t\t\n\t\t<a class=\"elementor-post__read-more\" href=\"https:\/\/www.chateau-vodou.com\/tr\/eyo-nle-benin-vibrations-avec-les-dominicains-de-guebwiller\/\" aria-label=\"Read more about EYO NLE &#8211; BENIN VIBRATIONS AVEC LES DOMINICAINS DE GUEBWILLER\" tabindex=\"-1\" >\n\t\t\tLire la suite \u00bb\t\t<\/a>\n\n\t\t\t\t<\/div>\n\t\t\t\t<\/article>\n\t\t\t\t<article class=\"elementor-post elementor-grid-item post-14416 post type-post status-publish format-standard has-post-thumbnail hentry category-archives\" role=\"listitem\">\n\t\t\t\t<a class=\"elementor-post__thumbnail__link\" href=\"https:\/\/www.chateau-vodou.com\/tr\/table-ronde-sous-la-surface-la-collection-sous-rayons-x\/\" tabindex=\"-1\" >\n\t\t\t<div class=\"elementor-post__thumbnail\"><img loading=\"lazy\" decoding=\"async\" width=\"225\" height=\"300\" src=\"https:\/\/i0.wp.com\/www.chateau-vodou.com\/wp-content\/uploads\/2025\/09\/PXL_20250724_131200375.MP_.jpg?fit=225%2C300&amp;ssl=1\" class=\"attachment-medium size-medium wp-image-14069\" alt=\"\" srcset=\"https:\/\/i0.wp.com\/www.chateau-vodou.com\/wp-content\/uploads\/2025\/09\/PXL_20250724_131200375.MP_.jpg?w=1920&amp;ssl=1 1920w, https:\/\/i0.wp.com\/www.chateau-vodou.com\/wp-content\/uploads\/2025\/09\/PXL_20250724_131200375.MP_.jpg?resize=225%2C300&amp;ssl=1 225w, https:\/\/i0.wp.com\/www.chateau-vodou.com\/wp-content\/uploads\/2025\/09\/PXL_20250724_131200375.MP_.jpg?resize=768%2C1024&amp;ssl=1 768w, https:\/\/i0.wp.com\/www.chateau-vodou.com\/wp-content\/uploads\/2025\/09\/PXL_20250724_131200375.MP_.jpg?resize=1152%2C1536&amp;ssl=1 1152w, https:\/\/i0.wp.com\/www.chateau-vodou.com\/wp-content\/uploads\/2025\/09\/PXL_20250724_131200375.MP_.jpg?resize=1536%2C2048&amp;ssl=1 1536w, https:\/\/i0.wp.com\/www.chateau-vodou.com\/wp-content\/uploads\/2025\/09\/PXL_20250724_131200375.MP_.jpg?resize=600%2C800&amp;ssl=1 600w\" sizes=\"(max-width: 225px) 100vw, 225px\" \/><\/div>\n\t\t<\/a>\n\t\t\t\t<div class=\"elementor-post__text\">\n\t\t\t\t<h3 class=\"elementor-post__title\">\n\t\t\t<a href=\"https:\/\/www.chateau-vodou.com\/tr\/table-ronde-sous-la-surface-la-collection-sous-rayons-x\/\" >\n\t\t\t\tYuvarlak masa toplant\u0131s\u0131: Y\u00fczeyin alt\u0131nda, koleksiyonun r\u00f6ntgeni\t\t\t<\/a>\n\t\t<\/h3>\n\t\t\t\t<div class=\"elementor-post__excerpt\">\n\t\t\t<p>REPORTEE AU 2EME SEMESTRE 2026 \u00a0 En 2025, l\u2019\u00e9quipe du mus\u00e9e s\u2019est consacr\u00e9e au r\u00e9am\u00e9nagement de ses r\u00e9serves. D\u00e9but 2026, une nouvelle \u00e9tape a \u00e9t\u00e9<\/p>\n\t\t<\/div>\n\t\t\n\t\t<a class=\"elementor-post__read-more\" href=\"https:\/\/www.chateau-vodou.com\/tr\/table-ronde-sous-la-surface-la-collection-sous-rayons-x\/\" aria-label=\"Read more about Table ronde : sous la surface, la collection sous rayons X\" tabindex=\"-1\" >\n\t\t\tLire la suite \u00bb\t\t<\/a>\n\n\t\t\t\t<\/div>\n\t\t\t\t<\/article>\n\t\t\t\t<article class=\"elementor-post elementor-grid-item post-14393 post type-post status-publish format-standard has-post-thumbnail hentry category-archives\" role=\"listitem\">\n\t\t\t\t<a class=\"elementor-post__thumbnail__link\" href=\"https:\/\/www.chateau-vodou.com\/tr\/strasbourg-mon-amour-au-chateau-vodou\/\" tabindex=\"-1\" >\n\t\t\t<div class=\"elementor-post__thumbnail\"><img loading=\"lazy\" decoding=\"async\" width=\"281\" height=\"300\" src=\"https:\/\/i0.wp.com\/www.chateau-vodou.com\/wp-content\/uploads\/2025\/12\/Capture-decran-2025-12-15-a-14.35.36.png?fit=281%2C300&amp;ssl=1\" class=\"attachment-medium size-medium wp-image-14398\" alt=\"\" srcset=\"https:\/\/i0.wp.com\/www.chateau-vodou.com\/wp-content\/uploads\/2025\/12\/Capture-decran-2025-12-15-a-14.35.36.png?w=702&amp;ssl=1 702w, https:\/\/i0.wp.com\/www.chateau-vodou.com\/wp-content\/uploads\/2025\/12\/Capture-decran-2025-12-15-a-14.35.36.png?resize=281%2C300&amp;ssl=1 281w, https:\/\/i0.wp.com\/www.chateau-vodou.com\/wp-content\/uploads\/2025\/12\/Capture-decran-2025-12-15-a-14.35.36.png?resize=600%2C640&amp;ssl=1 600w\" sizes=\"(max-width: 281px) 100vw, 281px\" \/><\/div>\n\t\t<\/a>\n\t\t\t\t<div class=\"elementor-post__text\">\n\t\t\t\t<h3 class=\"elementor-post__title\">\n\t\t\t<a href=\"https:\/\/www.chateau-vodou.com\/tr\/strasbourg-mon-amour-au-chateau-vodou\/\" >\n\t\t\t\tStrasbourg mon Amour, Ch\u00e2teau Vodou&#x27;da\t\t\t<\/a>\n\t\t<\/h3>\n\t\t\t\t<div class=\"elementor-post__excerpt\">\n\t\t\t<p>A l\u2019occasion de la Saint Valentin, c\u00e9l\u00e9brez l\u2019amour au mus\u00e9e ! Vendredi 06\/02 \u00e0 19H et 20h30 : Burger Quizz des C\u0153urs poss\u00e9d\u00e9s Pr\u00e9parez-vous pour<\/p>\n\t\t<\/div>\n\t\t\n\t\t<a class=\"elementor-post__read-more\" href=\"https:\/\/www.chateau-vodou.com\/tr\/strasbourg-mon-amour-au-chateau-vodou\/\" aria-label=\"Read more about Strasbourg mon Amour au Ch\u00e2teau Vodou\" tabindex=\"-1\" >\n\t\t\tLire la suite \u00bb\t\t<\/a>\n\n\t\t\t\t<\/div>\n\t\t\t\t<\/article>\n\t\t\t\t<article class=\"elementor-post elementor-grid-item post-14384 post type-post status-publish format-standard has-post-thumbnail hentry category-archives\" role=\"listitem\">\n\t\t\t\t<a class=\"elementor-post__thumbnail__link\" href=\"https:\/\/www.chateau-vodou.com\/tr\/soiree-de-lancement-du-catalogue-de-lexposition-sortie-des-invisibles\/\" tabindex=\"-1\" >\n\t\t\t<div class=\"elementor-post__thumbnail\"><img loading=\"lazy\" decoding=\"async\" width=\"300\" height=\"225\" src=\"https:\/\/i0.wp.com\/www.chateau-vodou.com\/wp-content\/uploads\/2025\/09\/PXL_20251014_113422796.MP_.jpg?fit=300%2C225&amp;ssl=1\" class=\"attachment-medium size-medium wp-image-14303\" alt=\"\" srcset=\"https:\/\/i0.wp.com\/www.chateau-vodou.com\/wp-content\/uploads\/2025\/09\/PXL_20251014_113422796.MP_.jpg?w=2560&amp;ssl=1 2560w, https:\/\/i0.wp.com\/www.chateau-vodou.com\/wp-content\/uploads\/2025\/09\/PXL_20251014_113422796.MP_.jpg?resize=300%2C225&amp;ssl=1 300w, https:\/\/i0.wp.com\/www.chateau-vodou.com\/wp-content\/uploads\/2025\/09\/PXL_20251014_113422796.MP_.jpg?resize=1024%2C768&amp;ssl=1 1024w, https:\/\/i0.wp.com\/www.chateau-vodou.com\/wp-content\/uploads\/2025\/09\/PXL_20251014_113422796.MP_.jpg?resize=768%2C576&amp;ssl=1 768w, https:\/\/i0.wp.com\/www.chateau-vodou.com\/wp-content\/uploads\/2025\/09\/PXL_20251014_113422796.MP_.jpg?resize=1536%2C1152&amp;ssl=1 1536w, https:\/\/i0.wp.com\/www.chateau-vodou.com\/wp-content\/uploads\/2025\/09\/PXL_20251014_113422796.MP_.jpg?resize=2048%2C1536&amp;ssl=1 2048w, https:\/\/i0.wp.com\/www.chateau-vodou.com\/wp-content\/uploads\/2025\/09\/PXL_20251014_113422796.MP_.jpg?resize=600%2C450&amp;ssl=1 600w\" sizes=\"(max-width: 300px) 100vw, 300px\" \/><\/div>\n\t\t<\/a>\n\t\t\t\t<div class=\"elementor-post__text\">\n\t\t\t\t<h3 class=\"elementor-post__title\">\n\t\t\t<a href=\"https:\/\/www.chateau-vodou.com\/tr\/soiree-de-lancement-du-catalogue-de-lexposition-sortie-des-invisibles\/\" >\n\t\t\t\tSoir\u00e9e de lancement du catalogue de l&rsquo;exposition \u00ab\u00a0Sortie des invisibles\u00a0\u00bb\t\t\t<\/a>\n\t\t<\/h3>\n\t\t\t\t<div class=\"elementor-post__excerpt\">\n\t\t\t<p>Vendredi 30 janvier : 18h-21h Rejoignez-nous pour d\u00e9couvrir notre nouveau catalogue d&rsquo;exposition et profiter d\u2019un programme exceptionnel durant cette soir\u00e9e de lancement : \u2022 Entr\u00e9e<\/p>\n\t\t<\/div>\n\t\t\n\t\t<a class=\"elementor-post__read-more\" href=\"https:\/\/www.chateau-vodou.com\/tr\/soiree-de-lancement-du-catalogue-de-lexposition-sortie-des-invisibles\/\" aria-label=\"Read more about Soir\u00e9e de lancement du catalogue de l&rsquo;exposition \u00ab\u00a0Sortie des invisibles\u00a0\u00bb\" tabindex=\"-1\" >\n\t\t\tLire la suite \u00bb\t\t<\/a>\n\n\t\t\t\t<\/div>\n\t\t\t\t<\/article>\n\t\t\t\t<article class=\"elementor-post elementor-grid-item post-14054 post type-post status-publish format-standard has-post-thumbnail hentry category-archives\" role=\"listitem\">\n\t\t\t\t<a class=\"elementor-post__thumbnail__link\" href=\"https:\/\/www.chateau-vodou.com\/tr\/conserver-des-restes-humains-des-objets-de-musee-pas-comme-les-autres\/\" tabindex=\"-1\" >\n\t\t\t<div class=\"elementor-post__thumbnail\"><img loading=\"lazy\" decoding=\"async\" width=\"199\" height=\"300\" src=\"https:\/\/i0.wp.com\/www.chateau-vodou.com\/wp-content\/uploads\/2024\/01\/0830_a-scaled.jpeg?fit=199%2C300&amp;ssl=1\" class=\"attachment-medium size-medium wp-image-12302\" alt=\"\" srcset=\"https:\/\/i0.wp.com\/www.chateau-vodou.com\/wp-content\/uploads\/2024\/01\/0830_a-scaled.jpeg?w=1700&amp;ssl=1 1700w, https:\/\/i0.wp.com\/www.chateau-vodou.com\/wp-content\/uploads\/2024\/01\/0830_a-scaled.jpeg?resize=199%2C300&amp;ssl=1 199w, https:\/\/i0.wp.com\/www.chateau-vodou.com\/wp-content\/uploads\/2024\/01\/0830_a-scaled.jpeg?resize=680%2C1024&amp;ssl=1 680w, https:\/\/i0.wp.com\/www.chateau-vodou.com\/wp-content\/uploads\/2024\/01\/0830_a-scaled.jpeg?resize=768%2C1156&amp;ssl=1 768w, https:\/\/i0.wp.com\/www.chateau-vodou.com\/wp-content\/uploads\/2024\/01\/0830_a-scaled.jpeg?resize=1020%2C1536&amp;ssl=1 1020w, https:\/\/i0.wp.com\/www.chateau-vodou.com\/wp-content\/uploads\/2024\/01\/0830_a-scaled.jpeg?resize=1360%2C2048&amp;ssl=1 1360w, https:\/\/i0.wp.com\/www.chateau-vodou.com\/wp-content\/uploads\/2024\/01\/0830_a-scaled.jpeg?resize=600%2C903&amp;ssl=1 600w\" sizes=\"(max-width: 199px) 100vw, 199px\" \/><\/div>\n\t\t<\/a>\n\t\t\t\t<div class=\"elementor-post__text\">\n\t\t\t\t<h3 class=\"elementor-post__title\">\n\t\t\t<a href=\"https:\/\/www.chateau-vodou.com\/tr\/conserver-des-restes-humains-des-objets-de-musee-pas-comme-les-autres\/\" >\n\t\t\t\tCONFERENCE de Philippe Charlier : Conserver des restes humains&#8230;\t\t\t<\/a>\n\t\t<\/h3>\n\t\t\t\t<div class=\"elementor-post__excerpt\">\n\t\t\t<p>Vendredi 7 novembre \u00e0 18h30\u00a0 Conf\u00e9rence de Philippe Charlier, m\u00e9decin l\u00e9giste, anatomo-pathologiste, arch\u00e9o-anthropologue et pal\u00e9opathologiste Comment conserver des restes humains dans un mus\u00e9e, les pr\u00e9server<\/p>\n\t\t<\/div>\n\t\t\n\t\t<a class=\"elementor-post__read-more\" href=\"https:\/\/www.chateau-vodou.com\/tr\/conserver-des-restes-humains-des-objets-de-musee-pas-comme-les-autres\/\" aria-label=\"Read more about CONFERENCE de Philippe Charlier : Conserver des restes humains&#8230;\" tabindex=\"-1\" >\n\t\t\tLire la suite \u00bb\t\t<\/a>\n\n\t\t\t\t<\/div>\n\t\t\t\t<\/article>\n\t\t\t\t<article class=\"elementor-post elementor-grid-item post-14052 post type-post status-publish format-standard has-post-thumbnail hentry category-archives\" role=\"listitem\">\n\t\t\t\t<a class=\"elementor-post__thumbnail__link\" href=\"https:\/\/www.chateau-vodou.com\/tr\/table-ronde-les-rituels-de-la-mort\/\" tabindex=\"-1\" >\n\t\t\t<div class=\"elementor-post__thumbnail\"><img loading=\"lazy\" decoding=\"async\" width=\"298\" height=\"183\" src=\"https:\/\/i0.wp.com\/www.chateau-vodou.com\/wp-content\/uploads\/2025\/09\/Capture-decran-2025-09-03-a-16.23.49.png?fit=298%2C183&amp;ssl=1\" class=\"attachment-medium size-medium wp-image-14056\" alt=\"\" \/><\/div>\n\t\t<\/a>\n\t\t\t\t<div class=\"elementor-post__text\">\n\t\t\t\t<h3 class=\"elementor-post__title\">\n\t\t\t<a href=\"https:\/\/www.chateau-vodou.com\/tr\/table-ronde-les-rituels-de-la-mort\/\" >\n\t\t\t\tTABLE RONDE : Les rituels de la mort\t\t\t<\/a>\n\t\t<\/h3>\n\t\t\t\t<div class=\"elementor-post__excerpt\">\n\t\t\t<p>Les rituels de la mort dans le cadre \u00ab des m\u00e9diath\u00e8ques en d\u00e9bat \u00bb 21 novembre \u00e0 17h\u00a0 \u2013 A la M\u00e9diath\u00e8que Andr\u00e9 Malraux (1<\/p>\n\t\t<\/div>\n\t\t\n\t\t<a class=\"elementor-post__read-more\" href=\"https:\/\/www.chateau-vodou.com\/tr\/table-ronde-les-rituels-de-la-mort\/\" aria-label=\"Read more about TABLE RONDE : Les rituels de la mort\" tabindex=\"-1\" >\n\t\t\tLire la suite \u00bb\t\t<\/a>\n\n\t\t\t\t<\/div>\n\t\t\t\t<\/article>\n\t\t\t\t<article class=\"elementor-post elementor-grid-item post-14027 post type-post status-publish format-standard has-post-thumbnail hentry category-archives\" role=\"listitem\">\n\t\t\t\t<a class=\"elementor-post__thumbnail__link\" href=\"https:\/\/www.chateau-vodou.com\/tr\/atelier-concert-la-danse-de-laigle\/\" tabindex=\"-1\" >\n\t\t\t<div class=\"elementor-post__thumbnail\"><img loading=\"lazy\" decoding=\"async\" width=\"300\" height=\"211\" src=\"https:\/\/i0.wp.com\/www.chateau-vodou.com\/wp-content\/uploads\/2025\/09\/Capture-decran-2025-09-02-a-17.02.53.png?fit=300%2C211&amp;ssl=1\" class=\"attachment-medium size-medium wp-image-14031\" alt=\"\" srcset=\"https:\/\/i0.wp.com\/www.chateau-vodou.com\/wp-content\/uploads\/2025\/09\/Capture-decran-2025-09-02-a-17.02.53.png?w=321&amp;ssl=1 321w, https:\/\/i0.wp.com\/www.chateau-vodou.com\/wp-content\/uploads\/2025\/09\/Capture-decran-2025-09-02-a-17.02.53.png?resize=300%2C211&amp;ssl=1 300w\" sizes=\"(max-width: 300px) 100vw, 300px\" \/><\/div>\n\t\t<\/a>\n\t\t\t\t<div class=\"elementor-post__text\">\n\t\t\t\t<h3 class=\"elementor-post__title\">\n\t\t\t<a href=\"https:\/\/www.chateau-vodou.com\/tr\/atelier-concert-la-danse-de-laigle\/\" >\n\t\t\t\tATELIER-CONCERT : La danse de l&rsquo;aigle\t\t\t<\/a>\n\t\t<\/h3>\n\t\t\t\t<div class=\"elementor-post__excerpt\">\n\t\t\t<p>pr\u00e9sent\u00e9e par les Indiens Zu\u00f1is du Nouveau Mexique et organis\u00e9 par le FESTIVAL LES SACREES JOURNEES Samedi 18 octobre de 10H \u00e0 12H00 au coeur<\/p>\n\t\t<\/div>\n\t\t\n\t\t<a class=\"elementor-post__read-more\" href=\"https:\/\/www.chateau-vodou.com\/tr\/atelier-concert-la-danse-de-laigle\/\" aria-label=\"Read more about ATELIER-CONCERT : La danse de l&rsquo;aigle\" tabindex=\"-1\" >\n\t\t\tLire la suite \u00bb\t\t<\/a>\n\n\t\t\t\t<\/div>\n\t\t\t\t<\/article>\n\t\t\t\t<article class=\"elementor-post elementor-grid-item post-14013 post type-post status-publish format-standard has-post-thumbnail hentry category-archives\" role=\"listitem\">\n\t\t\t\t<a class=\"elementor-post__thumbnail__link\" href=\"https:\/\/www.chateau-vodou.com\/tr\/table-ronde-quest-ce-que-les-victoires-dhier-peuvent-nous-apprendre-sur-nos-luttes-daujourdhui\/\" tabindex=\"-1\" >\n\t\t\t<div class=\"elementor-post__thumbnail\"><img loading=\"lazy\" decoding=\"async\" width=\"214\" height=\"300\" src=\"https:\/\/i0.wp.com\/www.chateau-vodou.com\/wp-content\/uploads\/2025\/09\/1000104383.jpg?fit=214%2C300&amp;ssl=1\" class=\"attachment-medium size-medium wp-image-14014\" alt=\"\" srcset=\"https:\/\/i0.wp.com\/www.chateau-vodou.com\/wp-content\/uploads\/2025\/09\/1000104383.jpg?w=1080&amp;ssl=1 1080w, https:\/\/i0.wp.com\/www.chateau-vodou.com\/wp-content\/uploads\/2025\/09\/1000104383.jpg?resize=214%2C300&amp;ssl=1 214w, https:\/\/i0.wp.com\/www.chateau-vodou.com\/wp-content\/uploads\/2025\/09\/1000104383.jpg?resize=731%2C1024&amp;ssl=1 731w, https:\/\/i0.wp.com\/www.chateau-vodou.com\/wp-content\/uploads\/2025\/09\/1000104383.jpg?resize=768%2C1075&amp;ssl=1 768w, https:\/\/i0.wp.com\/www.chateau-vodou.com\/wp-content\/uploads\/2025\/09\/1000104383.jpg?resize=600%2C840&amp;ssl=1 600w\" sizes=\"(max-width: 214px) 100vw, 214px\" \/><\/div>\n\t\t<\/a>\n\t\t\t\t<div class=\"elementor-post__text\">\n\t\t\t\t<h3 class=\"elementor-post__title\">\n\t\t\t<a href=\"https:\/\/www.chateau-vodou.com\/tr\/table-ronde-quest-ce-que-les-victoires-dhier-peuvent-nous-apprendre-sur-nos-luttes-daujourdhui\/\" >\n\t\t\t\tTABLE RONDE : Qu&rsquo;est ce que les victoires d&rsquo;hier peuvent nous apprendre sur nos luttes aujourd&rsquo;hui ?\t\t\t<\/a>\n\t\t<\/h3>\n\t\t\t\t<div class=\"elementor-post__excerpt\">\n\t\t\t<p>17 octobre \u00e0 19H Table ronde organis\u00e9e par L&rsquo;association MAKAY&rsquo;ART \u00e0 l\u2019occasion de la Comm\u00e9moration de l&rsquo;assassinat de Jean-Jacques Dessalines, figure embl\u00e9matique et p\u00e8re fondateur<\/p>\n\t\t<\/div>\n\t\t\n\t\t<a class=\"elementor-post__read-more\" href=\"https:\/\/www.chateau-vodou.com\/tr\/table-ronde-quest-ce-que-les-victoires-dhier-peuvent-nous-apprendre-sur-nos-luttes-daujourdhui\/\" aria-label=\"Read more about TABLE RONDE : Qu&rsquo;est ce que les victoires d&rsquo;hier peuvent nous apprendre sur nos luttes aujourd&rsquo;hui ?\" tabindex=\"-1\" >\n\t\t\tLire la suite \u00bb\t\t<\/a>\n\n\t\t\t\t<\/div>\n\t\t\t\t<\/article>\n\t\t\t\t<article class=\"elementor-post elementor-grid-item post-14004 post type-post status-publish format-standard has-post-thumbnail hentry category-archives\" role=\"listitem\">\n\t\t\t\t<a class=\"elementor-post__thumbnail__link\" href=\"https:\/\/www.chateau-vodou.com\/tr\/journees-du-patrimoine-le-programme\/\" tabindex=\"-1\" >\n\t\t\t<div class=\"elementor-post__thumbnail\"><img loading=\"lazy\" decoding=\"async\" width=\"225\" height=\"300\" src=\"https:\/\/i0.wp.com\/www.chateau-vodou.com\/wp-content\/uploads\/2021\/06\/PXL_20250517_162136052.jpg?fit=225%2C300&amp;ssl=1\" class=\"attachment-medium size-medium wp-image-13999\" alt=\"\" srcset=\"https:\/\/i0.wp.com\/www.chateau-vodou.com\/wp-content\/uploads\/2021\/06\/PXL_20250517_162136052.jpg?w=1920&amp;ssl=1 1920w, https:\/\/i0.wp.com\/www.chateau-vodou.com\/wp-content\/uploads\/2021\/06\/PXL_20250517_162136052.jpg?resize=225%2C300&amp;ssl=1 225w, https:\/\/i0.wp.com\/www.chateau-vodou.com\/wp-content\/uploads\/2021\/06\/PXL_20250517_162136052.jpg?resize=768%2C1024&amp;ssl=1 768w, https:\/\/i0.wp.com\/www.chateau-vodou.com\/wp-content\/uploads\/2021\/06\/PXL_20250517_162136052.jpg?resize=1152%2C1536&amp;ssl=1 1152w, https:\/\/i0.wp.com\/www.chateau-vodou.com\/wp-content\/uploads\/2021\/06\/PXL_20250517_162136052.jpg?resize=1536%2C2048&amp;ssl=1 1536w, https:\/\/i0.wp.com\/www.chateau-vodou.com\/wp-content\/uploads\/2021\/06\/PXL_20250517_162136052.jpg?resize=600%2C800&amp;ssl=1 600w\" sizes=\"(max-width: 225px) 100vw, 225px\" \/><\/div>\n\t\t<\/a>\n\t\t\t\t<div class=\"elementor-post__text\">\n\t\t\t\t<h3 class=\"elementor-post__title\">\n\t\t\t<a href=\"https:\/\/www.chateau-vodou.com\/tr\/journees-du-patrimoine-le-programme\/\" >\n\t\t\t\tJOURNEES DU PATRIMOINE : Le programme\t\t\t<\/a>\n\t\t<\/h3>\n\t\t\t\t<div class=\"elementor-post__excerpt\">\n\t\t\t<p>Samedi 20 et Dimanche 21 septembre\u00a0 \u00a0 Visites guid\u00e9es \u00e0 th\u00e8me\u00a0 La religion vodou et l\u2019urbanisme Et si les villes refl\u00e9taient leurs cultes ?Cette visite<\/p>\n\t\t<\/div>\n\t\t\n\t\t<a class=\"elementor-post__read-more\" href=\"https:\/\/www.chateau-vodou.com\/tr\/journees-du-patrimoine-le-programme\/\" aria-label=\"Read more about JOURNEES DU PATRIMOINE : Le programme\" tabindex=\"-1\" >\n\t\t\tLire la suite \u00bb\t\t<\/a>\n\n\t\t\t\t<\/div>\n\t\t\t\t<\/article>\n\t\t\t\t<article class=\"elementor-post elementor-grid-item post-13986 post type-post status-publish format-standard has-post-thumbnail hentry category-archives\" role=\"listitem\">\n\t\t\t\t<a class=\"elementor-post__thumbnail__link\" href=\"https:\/\/www.chateau-vodou.com\/tr\/visite-creative-atelier-peinture-sur-figurine-vodou-2\/\" tabindex=\"-1\" >\n\t\t\t<div class=\"elementor-post__thumbnail\"><img loading=\"lazy\" decoding=\"async\" width=\"225\" height=\"300\" src=\"https:\/\/i0.wp.com\/www.chateau-vodou.com\/wp-content\/uploads\/2025\/03\/PXL_20250317_094052356.jpg?fit=225%2C300&amp;ssl=1\" class=\"attachment-medium size-medium wp-image-13695\" alt=\"\" srcset=\"https:\/\/i0.wp.com\/www.chateau-vodou.com\/wp-content\/uploads\/2025\/03\/PXL_20250317_094052356.jpg?w=1920&amp;ssl=1 1920w, https:\/\/i0.wp.com\/www.chateau-vodou.com\/wp-content\/uploads\/2025\/03\/PXL_20250317_094052356.jpg?resize=225%2C300&amp;ssl=1 225w, https:\/\/i0.wp.com\/www.chateau-vodou.com\/wp-content\/uploads\/2025\/03\/PXL_20250317_094052356.jpg?resize=768%2C1024&amp;ssl=1 768w, https:\/\/i0.wp.com\/www.chateau-vodou.com\/wp-content\/uploads\/2025\/03\/PXL_20250317_094052356.jpg?resize=1152%2C1536&amp;ssl=1 1152w, https:\/\/i0.wp.com\/www.chateau-vodou.com\/wp-content\/uploads\/2025\/03\/PXL_20250317_094052356.jpg?resize=1536%2C2048&amp;ssl=1 1536w, https:\/\/i0.wp.com\/www.chateau-vodou.com\/wp-content\/uploads\/2025\/03\/PXL_20250317_094052356.jpg?resize=600%2C800&amp;ssl=1 600w\" sizes=\"(max-width: 225px) 100vw, 225px\" \/><\/div>\n\t\t<\/a>\n\t\t\t\t<div class=\"elementor-post__text\">\n\t\t\t\t<h3 class=\"elementor-post__title\">\n\t\t\t<a href=\"https:\/\/www.chateau-vodou.com\/tr\/visite-creative-atelier-peinture-sur-figurine-vodou-2\/\" >\n\t\t\t\tVISITE CREATIVE : Atelier peinture sur figurine vodou\t\t\t<\/a>\n\t\t<\/h3>\n\t\t\t\t<div class=\"elementor-post__excerpt\">\n\t\t\t<p>Mercredi 22 octobre \u00e0 17h Visite guid\u00e9e suivie d\u2019un atelier Durant la visite guid\u00e9e, laissez vous inspirer par les fascinantes statuettes de Mami Wata et<\/p>\n\t\t<\/div>\n\t\t\n\t\t<a class=\"elementor-post__read-more\" href=\"https:\/\/www.chateau-vodou.com\/tr\/visite-creative-atelier-peinture-sur-figurine-vodou-2\/\" aria-label=\"Read more about VISITE CREATIVE : Atelier peinture sur figurine vodou\" tabindex=\"-1\" >\n\t\t\tLire la suite \u00bb\t\t<\/a>\n\n\t\t\t\t<\/div>\n\t\t\t\t<\/article>\n\t\t\t\t<article class=\"elementor-post elementor-grid-item post-13690 post type-post status-publish format-standard has-post-thumbnail hentry category-archives\" role=\"listitem\">\n\t\t\t\t<a class=\"elementor-post__thumbnail__link\" href=\"https:\/\/www.chateau-vodou.com\/tr\/visite-creative-atelier-peinture-sur-figurine-vodou\/\" tabindex=\"-1\" >\n\t\t\t<div class=\"elementor-post__thumbnail\"><img loading=\"lazy\" decoding=\"async\" width=\"225\" height=\"300\" src=\"https:\/\/i0.wp.com\/www.chateau-vodou.com\/wp-content\/uploads\/2025\/03\/PXL_20250312_154131050.MP_.jpg?fit=225%2C300&amp;ssl=1\" class=\"attachment-medium size-medium wp-image-13692\" alt=\"\" srcset=\"https:\/\/i0.wp.com\/www.chateau-vodou.com\/wp-content\/uploads\/2025\/03\/PXL_20250312_154131050.MP_.jpg?w=1920&amp;ssl=1 1920w, https:\/\/i0.wp.com\/www.chateau-vodou.com\/wp-content\/uploads\/2025\/03\/PXL_20250312_154131050.MP_.jpg?resize=225%2C300&amp;ssl=1 225w, https:\/\/i0.wp.com\/www.chateau-vodou.com\/wp-content\/uploads\/2025\/03\/PXL_20250312_154131050.MP_.jpg?resize=768%2C1024&amp;ssl=1 768w, https:\/\/i0.wp.com\/www.chateau-vodou.com\/wp-content\/uploads\/2025\/03\/PXL_20250312_154131050.MP_.jpg?resize=1152%2C1536&amp;ssl=1 1152w, https:\/\/i0.wp.com\/www.chateau-vodou.com\/wp-content\/uploads\/2025\/03\/PXL_20250312_154131050.MP_.jpg?resize=1536%2C2048&amp;ssl=1 1536w, https:\/\/i0.wp.com\/www.chateau-vodou.com\/wp-content\/uploads\/2025\/03\/PXL_20250312_154131050.MP_.jpg?resize=600%2C800&amp;ssl=1 600w\" sizes=\"(max-width: 225px) 100vw, 225px\" \/><\/div>\n\t\t<\/a>\n\t\t\t\t<div class=\"elementor-post__text\">\n\t\t\t\t<h3 class=\"elementor-post__title\">\n\t\t\t<a href=\"https:\/\/www.chateau-vodou.com\/tr\/visite-creative-atelier-peinture-sur-figurine-vodou\/\" >\n\t\t\t\tVisite cr\u00e9ative : atelier peinture sur figurine vodou\t\t\t<\/a>\n\t\t<\/h3>\n\t\t\t\t<div class=\"elementor-post__excerpt\">\n\t\t\t<p>Vendredi 25 avril \u00e0 18H30\u00a0 Visite guid\u00e9e suivie d&rsquo;un atelier :&nbsp; Durant la visite guid\u00e9e, laissez vous inspirer par les fascinantes statuettes de Mami Wata<\/p>\n\t\t<\/div>\n\t\t\n\t\t<a class=\"elementor-post__read-more\" href=\"https:\/\/www.chateau-vodou.com\/tr\/visite-creative-atelier-peinture-sur-figurine-vodou\/\" aria-label=\"Read more about Visite cr\u00e9ative : atelier peinture sur figurine vodou\" tabindex=\"-1\" >\n\t\t\tLire la suite \u00bb\t\t<\/a>\n\n\t\t\t\t<\/div>\n\t\t\t\t<\/article>\n\t\t\t\t<article class=\"elementor-post elementor-grid-item post-13664 post type-post status-publish format-standard has-post-thumbnail hentry category-archives\" role=\"listitem\">\n\t\t\t\t<a class=\"elementor-post__thumbnail__link\" href=\"https:\/\/www.chateau-vodou.com\/tr\/nuit-europeenne-des-musees-2025\/\" tabindex=\"-1\" >\n\t\t\t<div class=\"elementor-post__thumbnail\"><img loading=\"lazy\" decoding=\"async\" width=\"300\" height=\"225\" src=\"https:\/\/i0.wp.com\/www.chateau-vodou.com\/wp-content\/uploads\/2024\/01\/PXL_20240809_135242300.MP_.jpg?fit=300%2C225&amp;ssl=1\" class=\"attachment-medium size-medium wp-image-13285\" alt=\"\" srcset=\"https:\/\/i0.wp.com\/www.chateau-vodou.com\/wp-content\/uploads\/2024\/01\/PXL_20240809_135242300.MP_.jpg?w=2560&amp;ssl=1 2560w, https:\/\/i0.wp.com\/www.chateau-vodou.com\/wp-content\/uploads\/2024\/01\/PXL_20240809_135242300.MP_.jpg?resize=300%2C225&amp;ssl=1 300w, https:\/\/i0.wp.com\/www.chateau-vodou.com\/wp-content\/uploads\/2024\/01\/PXL_20240809_135242300.MP_.jpg?resize=1024%2C768&amp;ssl=1 1024w, https:\/\/i0.wp.com\/www.chateau-vodou.com\/wp-content\/uploads\/2024\/01\/PXL_20240809_135242300.MP_.jpg?resize=768%2C576&amp;ssl=1 768w, https:\/\/i0.wp.com\/www.chateau-vodou.com\/wp-content\/uploads\/2024\/01\/PXL_20240809_135242300.MP_.jpg?resize=1536%2C1152&amp;ssl=1 1536w, https:\/\/i0.wp.com\/www.chateau-vodou.com\/wp-content\/uploads\/2024\/01\/PXL_20240809_135242300.MP_.jpg?resize=2048%2C1536&amp;ssl=1 2048w, https:\/\/i0.wp.com\/www.chateau-vodou.com\/wp-content\/uploads\/2024\/01\/PXL_20240809_135242300.MP_.jpg?resize=600%2C450&amp;ssl=1 600w\" sizes=\"(max-width: 300px) 100vw, 300px\" \/><\/div>\n\t\t<\/a>\n\t\t\t\t<div class=\"elementor-post__text\">\n\t\t\t\t<h3 class=\"elementor-post__title\">\n\t\t\t<a href=\"https:\/\/www.chateau-vodou.com\/tr\/nuit-europeenne-des-musees-2025\/\" >\n\t\t\t\tNuit Europ\u00e9enne des mus\u00e9es 2025\t\t\t<\/a>\n\t\t<\/h3>\n\t\t\t\t<div class=\"elementor-post__excerpt\">\n\t\t\t<p>Samedi 17 mai \u2013 de 18H \u00e0 22H Nota Bene \/ R\u00e9servations fortement conseill\u00e9es \/Notre politique tarifaire : Un tarif exceptionnel vous est propos\u00e9 pour<\/p>\n\t\t<\/div>\n\t\t\n\t\t<a class=\"elementor-post__read-more\" href=\"https:\/\/www.chateau-vodou.com\/tr\/nuit-europeenne-des-musees-2025\/\" aria-label=\"Read more about Nuit Europ\u00e9enne des mus\u00e9es 2025\" tabindex=\"-1\" >\n\t\t\tLire la suite \u00bb\t\t<\/a>\n\n\t\t\t\t<\/div>\n\t\t\t\t<\/article>\n\t\t\t\t<article class=\"elementor-post elementor-grid-item post-13477 post type-post status-publish format-standard has-post-thumbnail hentry category-archives\" role=\"listitem\">\n\t\t\t\t<a class=\"elementor-post__thumbnail__link\" href=\"https:\/\/www.chateau-vodou.com\/tr\/strasbourg-mon-amour-au-chateau\/\" tabindex=\"-1\" >\n\t\t\t<div class=\"elementor-post__thumbnail\"><img loading=\"lazy\" decoding=\"async\" width=\"200\" height=\"300\" src=\"https:\/\/i0.wp.com\/www.chateau-vodou.com\/wp-content\/uploads\/2024\/01\/1013_a-scaled.jpeg?fit=200%2C300&amp;ssl=1\" class=\"attachment-medium size-medium wp-image-12303\" alt=\"\" srcset=\"https:\/\/i0.wp.com\/www.chateau-vodou.com\/wp-content\/uploads\/2024\/01\/1013_a-scaled.jpeg?w=1704&amp;ssl=1 1704w, https:\/\/i0.wp.com\/www.chateau-vodou.com\/wp-content\/uploads\/2024\/01\/1013_a-scaled.jpeg?resize=200%2C300&amp;ssl=1 200w, https:\/\/i0.wp.com\/www.chateau-vodou.com\/wp-content\/uploads\/2024\/01\/1013_a-scaled.jpeg?resize=682%2C1024&amp;ssl=1 682w, https:\/\/i0.wp.com\/www.chateau-vodou.com\/wp-content\/uploads\/2024\/01\/1013_a-scaled.jpeg?resize=768%2C1154&amp;ssl=1 768w, https:\/\/i0.wp.com\/www.chateau-vodou.com\/wp-content\/uploads\/2024\/01\/1013_a-scaled.jpeg?resize=1022%2C1536&amp;ssl=1 1022w, https:\/\/i0.wp.com\/www.chateau-vodou.com\/wp-content\/uploads\/2024\/01\/1013_a-scaled.jpeg?resize=1363%2C2048&amp;ssl=1 1363w, https:\/\/i0.wp.com\/www.chateau-vodou.com\/wp-content\/uploads\/2024\/01\/1013_a-scaled.jpeg?resize=600%2C901&amp;ssl=1 600w\" sizes=\"(max-width: 200px) 100vw, 200px\" \/><\/div>\n\t\t<\/a>\n\t\t\t\t<div class=\"elementor-post__text\">\n\t\t\t\t<h3 class=\"elementor-post__title\">\n\t\t\t<a href=\"https:\/\/www.chateau-vodou.com\/tr\/strasbourg-mon-amour-au-chateau\/\" >\n\t\t\t\tStrasbourg mon amour au ch\u00e2teau\t\t\t<\/a>\n\t\t<\/h3>\n\t\t\t\t<div class=\"elementor-post__excerpt\">\n\t\t\t<p>Venez c\u00e9l\u00e9brer la Saint Valentin au mus\u00e9e ! Vendredi 7 f\u00e9vrier\u00a0: ouverture nocturne jusqu\u2019\u00e0 21H du mus\u00e9e et de son bar. Tarif r\u00e9duit pour les<\/p>\n\t\t<\/div>\n\t\t\n\t\t<a class=\"elementor-post__read-more\" href=\"https:\/\/www.chateau-vodou.com\/tr\/strasbourg-mon-amour-au-chateau\/\" aria-label=\"Read more about Strasbourg mon amour au ch\u00e2teau\" tabindex=\"-1\" >\n\t\t\tLire la suite \u00bb\t\t<\/a>\n\n\t\t\t\t<\/div>\n\t\t\t\t<\/article>\n\t\t\t\t<article class=\"elementor-post elementor-grid-item post-13451 post type-post status-publish format-standard has-post-thumbnail hentry category-archives\" role=\"listitem\">\n\t\t\t\t<a class=\"elementor-post__thumbnail__link\" href=\"https:\/\/www.chateau-vodou.com\/tr\/conferences-2025\/\" tabindex=\"-1\" >\n\t\t\t<div class=\"elementor-post__thumbnail\"><img loading=\"lazy\" decoding=\"async\" width=\"300\" height=\"225\" src=\"https:\/\/i0.wp.com\/www.chateau-vodou.com\/wp-content\/uploads\/2024\/08\/PXL_20240310_140810901.jpg?fit=300%2C225&amp;ssl=1\" class=\"attachment-medium size-medium wp-image-13207\" alt=\"\" srcset=\"https:\/\/i0.wp.com\/www.chateau-vodou.com\/wp-content\/uploads\/2024\/08\/PXL_20240310_140810901.jpg?w=2560&amp;ssl=1 2560w, https:\/\/i0.wp.com\/www.chateau-vodou.com\/wp-content\/uploads\/2024\/08\/PXL_20240310_140810901.jpg?resize=300%2C225&amp;ssl=1 300w, https:\/\/i0.wp.com\/www.chateau-vodou.com\/wp-content\/uploads\/2024\/08\/PXL_20240310_140810901.jpg?resize=1024%2C768&amp;ssl=1 1024w, https:\/\/i0.wp.com\/www.chateau-vodou.com\/wp-content\/uploads\/2024\/08\/PXL_20240310_140810901.jpg?resize=768%2C576&amp;ssl=1 768w, https:\/\/i0.wp.com\/www.chateau-vodou.com\/wp-content\/uploads\/2024\/08\/PXL_20240310_140810901.jpg?resize=1536%2C1152&amp;ssl=1 1536w, https:\/\/i0.wp.com\/www.chateau-vodou.com\/wp-content\/uploads\/2024\/08\/PXL_20240310_140810901.jpg?resize=2048%2C1536&amp;ssl=1 2048w, https:\/\/i0.wp.com\/www.chateau-vodou.com\/wp-content\/uploads\/2024\/08\/PXL_20240310_140810901.jpg?resize=600%2C450&amp;ssl=1 600w\" sizes=\"(max-width: 300px) 100vw, 300px\" \/><\/div>\n\t\t<\/a>\n\t\t\t\t<div class=\"elementor-post__text\">\n\t\t\t\t<h3 class=\"elementor-post__title\">\n\t\t\t<a href=\"https:\/\/www.chateau-vodou.com\/tr\/conferences-2025\/\" >\n\t\t\t\tCONF\u00c9RENCES 2025\t\t\t<\/a>\n\t\t<\/h3>\n\t\t\t\t<div class=\"elementor-post__excerpt\">\n\t\t\t<p>Transes Humaines : Chevauch\u00e9es des divinit\u00e9s Jeudi 6 mars \u00e0 19H Par Jean-Yves An\u00e9zo auteur, conf\u00e9rencier. Les \u00e9tats de transes sont une des constantes des<\/p>\n\t\t<\/div>\n\t\t\n\t\t<a class=\"elementor-post__read-more\" href=\"https:\/\/www.chateau-vodou.com\/tr\/conferences-2025\/\" aria-label=\"Read more about CONF\u00c9RENCES 2025\" tabindex=\"-1\" >\n\t\t\tLire la suite \u00bb\t\t<\/a>\n\n\t\t\t\t<\/div>\n\t\t\t\t<\/article>\n\t\t\t\t<article class=\"elementor-post elementor-grid-item post-13299 post type-post status-publish format-standard has-post-thumbnail hentry category-archives\" role=\"listitem\">\n\t\t\t\t<a class=\"elementor-post__thumbnail__link\" href=\"https:\/\/www.chateau-vodou.com\/tr\/autour-du-film-dahomey-de-mati-diop-au-cinema-star\/\" tabindex=\"-1\" >\n\t\t\t<div class=\"elementor-post__thumbnail\"><img loading=\"lazy\" decoding=\"async\" width=\"300\" height=\"169\" src=\"https:\/\/i0.wp.com\/www.chateau-vodou.com\/wp-content\/uploads\/2024\/08\/DAHOMEY-4.jpg?fit=300%2C169&amp;ssl=1\" class=\"attachment-medium size-medium wp-image-13309\" alt=\"\" srcset=\"https:\/\/i0.wp.com\/www.chateau-vodou.com\/wp-content\/uploads\/2024\/08\/DAHOMEY-4.jpg?w=2560&amp;ssl=1 2560w, https:\/\/i0.wp.com\/www.chateau-vodou.com\/wp-content\/uploads\/2024\/08\/DAHOMEY-4.jpg?resize=300%2C169&amp;ssl=1 300w, https:\/\/i0.wp.com\/www.chateau-vodou.com\/wp-content\/uploads\/2024\/08\/DAHOMEY-4.jpg?resize=1024%2C576&amp;ssl=1 1024w, https:\/\/i0.wp.com\/www.chateau-vodou.com\/wp-content\/uploads\/2024\/08\/DAHOMEY-4.jpg?resize=768%2C432&amp;ssl=1 768w, https:\/\/i0.wp.com\/www.chateau-vodou.com\/wp-content\/uploads\/2024\/08\/DAHOMEY-4.jpg?resize=1536%2C864&amp;ssl=1 1536w, https:\/\/i0.wp.com\/www.chateau-vodou.com\/wp-content\/uploads\/2024\/08\/DAHOMEY-4.jpg?resize=2048%2C1152&amp;ssl=1 2048w, https:\/\/i0.wp.com\/www.chateau-vodou.com\/wp-content\/uploads\/2024\/08\/DAHOMEY-4.jpg?resize=600%2C338&amp;ssl=1 600w\" sizes=\"(max-width: 300px) 100vw, 300px\" \/><\/div>\n\t\t<\/a>\n\t\t\t\t<div class=\"elementor-post__text\">\n\t\t\t\t<h3 class=\"elementor-post__title\">\n\t\t\t<a href=\"https:\/\/www.chateau-vodou.com\/tr\/autour-du-film-dahomey-de-mati-diop-au-cinema-star\/\" >\n\t\t\t\tAUTOUR DU FILM DAHOMEY de Mati Diop, au Cin\u00e9ma STAR\t\t\t<\/a>\n\t\t<\/h3>\n\t\t\t\t<div class=\"elementor-post__excerpt\">\n\t\t\t<p>DAHOMEY AU CIN\u00c9MA STAR ET AU MUS\u00c9E Avant-premi\u00e8re le 26 ao\u00fbt \u00e0 20h15 dans le cadre du festival cin\u00e9-cool au tarif unique de 5 euros<\/p>\n\t\t<\/div>\n\t\t\n\t\t<a class=\"elementor-post__read-more\" href=\"https:\/\/www.chateau-vodou.com\/tr\/autour-du-film-dahomey-de-mati-diop-au-cinema-star\/\" aria-label=\"Read more about AUTOUR DU FILM DAHOMEY de Mati Diop, au Cin\u00e9ma STAR\" tabindex=\"-1\" >\n\t\t\tLire la suite \u00bb\t\t<\/a>\n\n\t\t\t\t<\/div>\n\t\t\t\t<\/article>\n\t\t\t\t<article class=\"elementor-post elementor-grid-item post-13203 post type-post status-publish format-standard has-post-thumbnail hentry category-archives\" role=\"listitem\">\n\t\t\t\t<a class=\"elementor-post__thumbnail__link\" href=\"https:\/\/www.chateau-vodou.com\/tr\/les-conferences\/\" tabindex=\"-1\" >\n\t\t\t<div class=\"elementor-post__thumbnail\"><img loading=\"lazy\" decoding=\"async\" width=\"300\" height=\"225\" src=\"https:\/\/i0.wp.com\/www.chateau-vodou.com\/wp-content\/uploads\/2024\/08\/PXL_20240310_140810901.jpg?fit=300%2C225&amp;ssl=1\" class=\"attachment-medium size-medium wp-image-13207\" alt=\"\" srcset=\"https:\/\/i0.wp.com\/www.chateau-vodou.com\/wp-content\/uploads\/2024\/08\/PXL_20240310_140810901.jpg?w=2560&amp;ssl=1 2560w, https:\/\/i0.wp.com\/www.chateau-vodou.com\/wp-content\/uploads\/2024\/08\/PXL_20240310_140810901.jpg?resize=300%2C225&amp;ssl=1 300w, https:\/\/i0.wp.com\/www.chateau-vodou.com\/wp-content\/uploads\/2024\/08\/PXL_20240310_140810901.jpg?resize=1024%2C768&amp;ssl=1 1024w, https:\/\/i0.wp.com\/www.chateau-vodou.com\/wp-content\/uploads\/2024\/08\/PXL_20240310_140810901.jpg?resize=768%2C576&amp;ssl=1 768w, https:\/\/i0.wp.com\/www.chateau-vodou.com\/wp-content\/uploads\/2024\/08\/PXL_20240310_140810901.jpg?resize=1536%2C1152&amp;ssl=1 1536w, https:\/\/i0.wp.com\/www.chateau-vodou.com\/wp-content\/uploads\/2024\/08\/PXL_20240310_140810901.jpg?resize=2048%2C1536&amp;ssl=1 2048w, https:\/\/i0.wp.com\/www.chateau-vodou.com\/wp-content\/uploads\/2024\/08\/PXL_20240310_140810901.jpg?resize=600%2C450&amp;ssl=1 600w\" sizes=\"(max-width: 300px) 100vw, 300px\" \/><\/div>\n\t\t<\/a>\n\t\t\t\t<div class=\"elementor-post__text\">\n\t\t\t\t<h3 class=\"elementor-post__title\">\n\t\t\t<a href=\"https:\/\/www.chateau-vodou.com\/tr\/les-conferences\/\" >\n\t\t\t\tLES CONF\u00c9RENCES\t\t\t<\/a>\n\t\t<\/h3>\n\t\t\t\t<div class=\"elementor-post__excerpt\">\n\t\t\t<p>Vodou et Pop culture 17 octobre \u00e0 19h Par Maria Hirica, guide-conf\u00e9renci\u00e8re Nous vous proposons une immersion dans l&rsquo;univers saisissant du Vodou au travers de<\/p>\n\t\t<\/div>\n\t\t\n\t\t<a class=\"elementor-post__read-more\" href=\"https:\/\/www.chateau-vodou.com\/tr\/les-conferences\/\" aria-label=\"Read more about LES CONF\u00c9RENCES\" tabindex=\"-1\" >\n\t\t\tLire la suite \u00bb\t\t<\/a>\n\n\t\t\t\t<\/div>\n\t\t\t\t<\/article>\n\t\t\t\t<article class=\"elementor-post elementor-grid-item post-13155 post type-post status-publish format-standard has-post-thumbnail hentry category-archives\" role=\"listitem\">\n\t\t\t\t<a class=\"elementor-post__thumbnail__link\" href=\"https:\/\/www.chateau-vodou.com\/tr\/journees-europeennes-du-patrimoine-2024\/\" tabindex=\"-1\" >\n\t\t\t<div class=\"elementor-post__thumbnail\"><img loading=\"lazy\" decoding=\"async\" width=\"300\" height=\"225\" src=\"https:\/\/i0.wp.com\/www.chateau-vodou.com\/wp-content\/uploads\/2024\/08\/PXL_20240522_135909739.jpg?fit=300%2C225&amp;ssl=1\" class=\"attachment-medium size-medium wp-image-13162\" alt=\"\" srcset=\"https:\/\/i0.wp.com\/www.chateau-vodou.com\/wp-content\/uploads\/2024\/08\/PXL_20240522_135909739.jpg?w=2560&amp;ssl=1 2560w, https:\/\/i0.wp.com\/www.chateau-vodou.com\/wp-content\/uploads\/2024\/08\/PXL_20240522_135909739.jpg?resize=300%2C225&amp;ssl=1 300w, https:\/\/i0.wp.com\/www.chateau-vodou.com\/wp-content\/uploads\/2024\/08\/PXL_20240522_135909739.jpg?resize=1024%2C768&amp;ssl=1 1024w, https:\/\/i0.wp.com\/www.chateau-vodou.com\/wp-content\/uploads\/2024\/08\/PXL_20240522_135909739.jpg?resize=768%2C576&amp;ssl=1 768w, https:\/\/i0.wp.com\/www.chateau-vodou.com\/wp-content\/uploads\/2024\/08\/PXL_20240522_135909739.jpg?resize=1536%2C1152&amp;ssl=1 1536w, https:\/\/i0.wp.com\/www.chateau-vodou.com\/wp-content\/uploads\/2024\/08\/PXL_20240522_135909739.jpg?resize=2048%2C1536&amp;ssl=1 2048w, https:\/\/i0.wp.com\/www.chateau-vodou.com\/wp-content\/uploads\/2024\/08\/PXL_20240522_135909739.jpg?resize=600%2C450&amp;ssl=1 600w\" sizes=\"(max-width: 300px) 100vw, 300px\" \/><\/div>\n\t\t<\/a>\n\t\t\t\t<div class=\"elementor-post__text\">\n\t\t\t\t<h3 class=\"elementor-post__title\">\n\t\t\t<a href=\"https:\/\/www.chateau-vodou.com\/tr\/journees-europeennes-du-patrimoine-2024\/\" >\n\t\t\t\tJOURN\u00c9ES EUROP\u00c9ENNES DU PATRIMOINE 2024\t\t\t<\/a>\n\t\t<\/h3>\n\t\t\t\t<div class=\"elementor-post__excerpt\">\n\t\t\t<p>JEP 2024 : 21 ET 22 SEPTEMBRE Visites en autonomie de 14h \u00e0 18h \u00e0 tarif r\u00e9duit (6 \u20ac d\u00e8s 10 ans) Il est possible<\/p>\n\t\t<\/div>\n\t\t\n\t\t<a class=\"elementor-post__read-more\" href=\"https:\/\/www.chateau-vodou.com\/tr\/journees-europeennes-du-patrimoine-2024\/\" aria-label=\"Read more about JOURN\u00c9ES EUROP\u00c9ENNES DU PATRIMOINE 2024\" tabindex=\"-1\" >\n\t\t\tLire la suite \u00bb\t\t<\/a>\n\n\t\t\t\t<\/div>\n\t\t\t\t<\/article>\n\t\t\t\t<article class=\"elementor-post elementor-grid-item post-13120 post type-post status-publish format-standard has-post-thumbnail hentry category-archives\" role=\"listitem\">\n\t\t\t\t<a class=\"elementor-post__thumbnail__link\" href=\"https:\/\/www.chateau-vodou.com\/tr\/secrets-du-vodou-et-saveurs-des-vins-du-monde-visites-degustation\/\" tabindex=\"-1\" >\n\t\t\t<div class=\"elementor-post__thumbnail\"><img loading=\"lazy\" decoding=\"async\" width=\"225\" height=\"300\" src=\"https:\/\/i0.wp.com\/www.chateau-vodou.com\/wp-content\/uploads\/2024\/08\/PXL_20240523_183907743.jpg?fit=225%2C300&amp;ssl=1\" class=\"attachment-medium size-medium wp-image-13125\" alt=\"\" srcset=\"https:\/\/i0.wp.com\/www.chateau-vodou.com\/wp-content\/uploads\/2024\/08\/PXL_20240523_183907743.jpg?w=1920&amp;ssl=1 1920w, https:\/\/i0.wp.com\/www.chateau-vodou.com\/wp-content\/uploads\/2024\/08\/PXL_20240523_183907743.jpg?resize=225%2C300&amp;ssl=1 225w, https:\/\/i0.wp.com\/www.chateau-vodou.com\/wp-content\/uploads\/2024\/08\/PXL_20240523_183907743.jpg?resize=768%2C1024&amp;ssl=1 768w, https:\/\/i0.wp.com\/www.chateau-vodou.com\/wp-content\/uploads\/2024\/08\/PXL_20240523_183907743.jpg?resize=1152%2C1536&amp;ssl=1 1152w, https:\/\/i0.wp.com\/www.chateau-vodou.com\/wp-content\/uploads\/2024\/08\/PXL_20240523_183907743.jpg?resize=1536%2C2048&amp;ssl=1 1536w, https:\/\/i0.wp.com\/www.chateau-vodou.com\/wp-content\/uploads\/2024\/08\/PXL_20240523_183907743.jpg?resize=600%2C800&amp;ssl=1 600w\" sizes=\"(max-width: 225px) 100vw, 225px\" \/><\/div>\n\t\t<\/a>\n\t\t\t\t<div class=\"elementor-post__text\">\n\t\t\t\t<h3 class=\"elementor-post__title\">\n\t\t\t<a href=\"https:\/\/www.chateau-vodou.com\/tr\/secrets-du-vodou-et-saveurs-des-vins-du-monde-visites-degustation\/\" >\n\t\t\t\tSECRETS DU VODOU ET SAVEURS DES VINS DU MONDE : VISITES D\u00c9GUSTATION\t\t\t<\/a>\n\t\t<\/h3>\n\t\t\t\t<div class=\"elementor-post__excerpt\">\n\t\t\t<p>Rejoignez-nous pour une visite guid\u00e9e du mus\u00e9e vodou qui vous transportera \u00e0 travers les myst\u00e8res de cette fascinante culture !\u00a0 Puis laissez-vous envo\u00fbter par une<\/p>\n\t\t<\/div>\n\t\t\n\t\t<a class=\"elementor-post__read-more\" href=\"https:\/\/www.chateau-vodou.com\/tr\/secrets-du-vodou-et-saveurs-des-vins-du-monde-visites-degustation\/\" aria-label=\"Read more about SECRETS DU VODOU ET SAVEURS DES VINS DU MONDE : VISITES D\u00c9GUSTATION\" tabindex=\"-1\" >\n\t\t\tLire la suite \u00bb\t\t<\/a>\n\n\t\t\t\t<\/div>\n\t\t\t\t<\/article>\n\t\t\t\t<article class=\"elementor-post elementor-grid-item post-12746 post type-post status-publish format-standard has-post-thumbnail hentry category-archives\" role=\"listitem\">\n\t\t\t\t<a class=\"elementor-post__thumbnail__link\" href=\"https:\/\/www.chateau-vodou.com\/tr\/nuit-europeenne-des-musees-18-mai\/\" tabindex=\"-1\" >\n\t\t\t<div class=\"elementor-post__thumbnail\"><img loading=\"lazy\" decoding=\"async\" width=\"300\" height=\"225\" src=\"https:\/\/i0.wp.com\/www.chateau-vodou.com\/wp-content\/uploads\/2022\/12\/IMG_20220225_210404-scaled.jpg?fit=300%2C225&amp;ssl=1\" class=\"attachment-medium size-medium wp-image-10655\" alt=\"\" srcset=\"https:\/\/i0.wp.com\/www.chateau-vodou.com\/wp-content\/uploads\/2022\/12\/IMG_20220225_210404-scaled.jpg?w=2560&amp;ssl=1 2560w, https:\/\/i0.wp.com\/www.chateau-vodou.com\/wp-content\/uploads\/2022\/12\/IMG_20220225_210404-scaled.jpg?resize=300%2C225&amp;ssl=1 300w, https:\/\/i0.wp.com\/www.chateau-vodou.com\/wp-content\/uploads\/2022\/12\/IMG_20220225_210404-scaled.jpg?resize=1024%2C769&amp;ssl=1 1024w, https:\/\/i0.wp.com\/www.chateau-vodou.com\/wp-content\/uploads\/2022\/12\/IMG_20220225_210404-scaled.jpg?resize=768%2C577&amp;ssl=1 768w, https:\/\/i0.wp.com\/www.chateau-vodou.com\/wp-content\/uploads\/2022\/12\/IMG_20220225_210404-scaled.jpg?resize=1536%2C1153&amp;ssl=1 1536w, https:\/\/i0.wp.com\/www.chateau-vodou.com\/wp-content\/uploads\/2022\/12\/IMG_20220225_210404-scaled.jpg?resize=2048%2C1538&amp;ssl=1 2048w, https:\/\/i0.wp.com\/www.chateau-vodou.com\/wp-content\/uploads\/2022\/12\/IMG_20220225_210404-scaled.jpg?resize=600%2C451&amp;ssl=1 600w\" sizes=\"(max-width: 300px) 100vw, 300px\" \/><\/div>\n\t\t<\/a>\n\t\t\t\t<div class=\"elementor-post__text\">\n\t\t\t\t<h3 class=\"elementor-post__title\">\n\t\t\t<a href=\"https:\/\/www.chateau-vodou.com\/tr\/nuit-europeenne-des-musees-18-mai\/\" >\n\t\t\t\tAVRUPA M\u00dcZELER GECES\u0130 \u2013 18 MAYIS\t\t\t<\/a>\n\t\t<\/h3>\n\t\t\t\t<div class=\"elementor-post__excerpt\">\n\t\t\t<p>Nuits des mus\u00e9es 2024 A l&rsquo;occasion de la nouvelle version de La Nuit europ\u00e9enne des mus\u00e9es, l&rsquo;\u00e9quipe du Ch\u00e2teau Vodou vous propose une soir\u00e9e sp\u00e9ciale<\/p>\n\t\t<\/div>\n\t\t\n\t\t<a class=\"elementor-post__read-more\" href=\"https:\/\/www.chateau-vodou.com\/tr\/nuit-europeenne-des-musees-18-mai\/\" aria-label=\"Read more about NUIT EUROP\u00c9ENNE DES MUS\u00c9ES &#8211; 18 MAI\" tabindex=\"-1\" >\n\t\t\tLire la suite \u00bb\t\t<\/a>\n\n\t\t\t\t<\/div>\n\t\t\t\t<\/article>\n\t\t\t\t<article class=\"elementor-post elementor-grid-item post-12428 post type-post status-publish format-standard has-post-thumbnail hentry category-archives\" role=\"listitem\">\n\t\t\t\t<a class=\"elementor-post__thumbnail__link\" href=\"https:\/\/www.chateau-vodou.com\/tr\/vodou-nights-and-wine-ouverture-du-musee-en-soiree-et-aperitifs\/\" tabindex=\"-1\" >\n\t\t\t<div class=\"elementor-post__thumbnail\"><img loading=\"lazy\" decoding=\"async\" width=\"300\" height=\"225\" src=\"https:\/\/i0.wp.com\/www.chateau-vodou.com\/wp-content\/uploads\/2024\/07\/PXL_20240308_192709151.jpg?fit=300%2C225&amp;ssl=1\" class=\"attachment-medium size-medium wp-image-13049\" alt=\"\" srcset=\"https:\/\/i0.wp.com\/www.chateau-vodou.com\/wp-content\/uploads\/2024\/07\/PXL_20240308_192709151.jpg?w=2560&amp;ssl=1 2560w, https:\/\/i0.wp.com\/www.chateau-vodou.com\/wp-content\/uploads\/2024\/07\/PXL_20240308_192709151.jpg?resize=300%2C225&amp;ssl=1 300w, https:\/\/i0.wp.com\/www.chateau-vodou.com\/wp-content\/uploads\/2024\/07\/PXL_20240308_192709151.jpg?resize=1024%2C768&amp;ssl=1 1024w, https:\/\/i0.wp.com\/www.chateau-vodou.com\/wp-content\/uploads\/2024\/07\/PXL_20240308_192709151.jpg?resize=768%2C576&amp;ssl=1 768w, https:\/\/i0.wp.com\/www.chateau-vodou.com\/wp-content\/uploads\/2024\/07\/PXL_20240308_192709151.jpg?resize=1536%2C1152&amp;ssl=1 1536w, https:\/\/i0.wp.com\/www.chateau-vodou.com\/wp-content\/uploads\/2024\/07\/PXL_20240308_192709151.jpg?resize=2048%2C1536&amp;ssl=1 2048w, https:\/\/i0.wp.com\/www.chateau-vodou.com\/wp-content\/uploads\/2024\/07\/PXL_20240308_192709151.jpg?resize=600%2C450&amp;ssl=1 600w\" sizes=\"(max-width: 300px) 100vw, 300px\" \/><\/div>\n\t\t<\/a>\n\t\t\t\t<div class=\"elementor-post__text\">\n\t\t\t\t<h3 class=\"elementor-post__title\">\n\t\t\t<a href=\"https:\/\/www.chateau-vodou.com\/tr\/vodou-nights-and-wine-ouverture-du-musee-en-soiree-et-aperitifs\/\" >\n\t\t\t\tLES NUITS DU VENDREDI : ouverture du mus\u00e9e et de son bar jusqu&rsquo;\u00e0 21H\t\t\t<\/a>\n\t\t<\/h3>\n\t\t\t\t<div class=\"elementor-post__excerpt\">\n\t\t\t<p>\u00a0Ouverture en soir\u00e9e du mus\u00e9e et de son bar le 1er et le dernier vendredi du mois ! Vous n&rsquo;avez pas le temps de venir<\/p>\n\t\t<\/div>\n\t\t\n\t\t<a class=\"elementor-post__read-more\" href=\"https:\/\/www.chateau-vodou.com\/tr\/vodou-nights-and-wine-ouverture-du-musee-en-soiree-et-aperitifs\/\" aria-label=\"Read more about LES NUITS DU VENDREDI : ouverture du mus\u00e9e et de son bar jusqu&rsquo;\u00e0 21H\" tabindex=\"-1\" >\n\t\t\tLire la suite \u00bb\t\t<\/a>\n\n\t\t\t\t<\/div>\n\t\t\t\t<\/article>\n\t\t\t\t<article class=\"elementor-post elementor-grid-item post-12401 post type-post status-publish format-standard has-post-thumbnail hentry category-archives\" role=\"listitem\">\n\t\t\t\t<a class=\"elementor-post__thumbnail__link\" href=\"https:\/\/www.chateau-vodou.com\/tr\/secrets-du-vodou-et-saveurs-du-vin-africain-visites-degustations\/\" tabindex=\"-1\" >\n\t\t\t<div class=\"elementor-post__thumbnail\"><img loading=\"lazy\" decoding=\"async\" width=\"240\" height=\"300\" src=\"https:\/\/i0.wp.com\/www.chateau-vodou.com\/wp-content\/uploads\/2024\/02\/329808712_570651648447160_581808809494433284_n.jpeg?fit=240%2C300&amp;ssl=1\" class=\"attachment-medium size-medium wp-image-12413\" alt=\"\" srcset=\"https:\/\/i0.wp.com\/www.chateau-vodou.com\/wp-content\/uploads\/2024\/02\/329808712_570651648447160_581808809494433284_n.jpeg?w=1440&amp;ssl=1 1440w, https:\/\/i0.wp.com\/www.chateau-vodou.com\/wp-content\/uploads\/2024\/02\/329808712_570651648447160_581808809494433284_n.jpeg?resize=240%2C300&amp;ssl=1 240w, https:\/\/i0.wp.com\/www.chateau-vodou.com\/wp-content\/uploads\/2024\/02\/329808712_570651648447160_581808809494433284_n.jpeg?resize=819%2C1024&amp;ssl=1 819w, https:\/\/i0.wp.com\/www.chateau-vodou.com\/wp-content\/uploads\/2024\/02\/329808712_570651648447160_581808809494433284_n.jpeg?resize=768%2C960&amp;ssl=1 768w, https:\/\/i0.wp.com\/www.chateau-vodou.com\/wp-content\/uploads\/2024\/02\/329808712_570651648447160_581808809494433284_n.jpeg?resize=1229%2C1536&amp;ssl=1 1229w, https:\/\/i0.wp.com\/www.chateau-vodou.com\/wp-content\/uploads\/2024\/02\/329808712_570651648447160_581808809494433284_n.jpeg?resize=600%2C750&amp;ssl=1 600w\" sizes=\"(max-width: 240px) 100vw, 240px\" \/><\/div>\n\t\t<\/a>\n\t\t\t\t<div class=\"elementor-post__text\">\n\t\t\t\t<h3 class=\"elementor-post__title\">\n\t\t\t<a href=\"https:\/\/www.chateau-vodou.com\/tr\/secrets-du-vodou-et-saveurs-du-vin-africain-visites-degustations\/\" >\n\t\t\t\tSECRETS DU VODOU ET SAVEURS DU VIN AFRICAIN\u00a0: VISITES DEGUSTATION\t\t\t<\/a>\n\t\t<\/h3>\n\t\t\t\t<div class=\"elementor-post__excerpt\">\n\t\t\t<p>Plongez dans l\u2019univers enchanteur du Ch\u00e2teau Vodou lors d\u2019une soir\u00e9e sensorielle : la visite guid\u00e9e sera suivie d&rsquo;une d\u00e9gustation de vins !\u00a0\u00a0 Rejoignez-nous pour une<\/p>\n\t\t<\/div>\n\t\t\n\t\t<a class=\"elementor-post__read-more\" href=\"https:\/\/www.chateau-vodou.com\/tr\/secrets-du-vodou-et-saveurs-du-vin-africain-visites-degustations\/\" aria-label=\"Read more about SECRETS DU VODOU ET SAVEURS DU VIN AFRICAIN\u00a0: VISITES DEGUSTATION\" tabindex=\"-1\" >\n\t\t\tLire la suite \u00bb\t\t<\/a>\n\n\t\t\t\t<\/div>\n\t\t\t\t<\/article>\n\t\t\t\t<article class=\"elementor-post elementor-grid-item post-12372 post type-post status-publish format-standard has-post-thumbnail hentry category-archives\" role=\"listitem\">\n\t\t\t\t<a class=\"elementor-post__thumbnail__link\" href=\"https:\/\/www.chateau-vodou.com\/tr\/en-duo-les-yeux-fermes-visite-a-laveugle\/\" tabindex=\"-1\" >\n\t\t\t<div class=\"elementor-post__thumbnail\"><img loading=\"lazy\" decoding=\"async\" width=\"300\" height=\"200\" src=\"https:\/\/i0.wp.com\/www.chateau-vodou.com\/wp-content\/uploads\/2024\/01\/O79A1921-scaled.jpg?fit=300%2C200&amp;ssl=1\" class=\"attachment-medium size-medium wp-image-12373\" alt=\"\" srcset=\"https:\/\/i0.wp.com\/www.chateau-vodou.com\/wp-content\/uploads\/2024\/01\/O79A1921-scaled.jpg?w=2560&amp;ssl=1 2560w, https:\/\/i0.wp.com\/www.chateau-vodou.com\/wp-content\/uploads\/2024\/01\/O79A1921-scaled.jpg?resize=300%2C200&amp;ssl=1 300w, https:\/\/i0.wp.com\/www.chateau-vodou.com\/wp-content\/uploads\/2024\/01\/O79A1921-scaled.jpg?resize=1024%2C683&amp;ssl=1 1024w, https:\/\/i0.wp.com\/www.chateau-vodou.com\/wp-content\/uploads\/2024\/01\/O79A1921-scaled.jpg?resize=768%2C512&amp;ssl=1 768w, https:\/\/i0.wp.com\/www.chateau-vodou.com\/wp-content\/uploads\/2024\/01\/O79A1921-scaled.jpg?resize=1536%2C1024&amp;ssl=1 1536w, https:\/\/i0.wp.com\/www.chateau-vodou.com\/wp-content\/uploads\/2024\/01\/O79A1921-scaled.jpg?resize=2048%2C1365&amp;ssl=1 2048w, https:\/\/i0.wp.com\/www.chateau-vodou.com\/wp-content\/uploads\/2024\/01\/O79A1921-scaled.jpg?resize=600%2C400&amp;ssl=1 600w\" sizes=\"(max-width: 300px) 100vw, 300px\" \/><\/div>\n\t\t<\/a>\n\t\t\t\t<div class=\"elementor-post__text\">\n\t\t\t\t<h3 class=\"elementor-post__title\">\n\t\t\t<a href=\"https:\/\/www.chateau-vodou.com\/tr\/en-duo-les-yeux-fermes-visite-a-laveugle\/\" >\n\t\t\t\tEN DUO LES YEUX FERM\u00c9S, VISITE A L&rsquo;AVEUGLE\t\t\t<\/a>\n\t\t<\/h3>\n\t\t\t\t<div class=\"elementor-post__excerpt\">\n\t\t\t<p>STRASBOURG MON AMOUR C\u00e9l\u00e9brez la Saint Valentin au mus\u00e9e ! En \u00ab duo \u00bb les yeux ferm\u00e9s, visite sensorielle \u00e0 l\u2019aveugle Vous avez envie de<\/p>\n\t\t<\/div>\n\t\t\n\t\t<a class=\"elementor-post__read-more\" href=\"https:\/\/www.chateau-vodou.com\/tr\/en-duo-les-yeux-fermes-visite-a-laveugle\/\" aria-label=\"Read more about EN DUO LES YEUX FERM\u00c9S, VISITE A L&rsquo;AVEUGLE\" tabindex=\"-1\" >\n\t\t\tLire la suite \u00bb\t\t<\/a>\n\n\t\t\t\t<\/div>\n\t\t\t\t<\/article>\n\t\t\t\t<article class=\"elementor-post elementor-grid-item post-12363 post type-post status-publish format-standard has-post-thumbnail hentry category-archives\" role=\"listitem\">\n\t\t\t\t<a class=\"elementor-post__thumbnail__link\" href=\"https:\/\/www.chateau-vodou.com\/tr\/les-conferences-autour-de-lexposition\/\" tabindex=\"-1\" >\n\t\t\t<div class=\"elementor-post__thumbnail\"><img loading=\"lazy\" decoding=\"async\" width=\"225\" height=\"300\" src=\"https:\/\/i0.wp.com\/www.chateau-vodou.com\/wp-content\/uploads\/2024\/01\/Trono-para-EleguaJPG-scaled.jpg?fit=225%2C300&amp;ssl=1\" class=\"attachment-medium size-medium wp-image-12364\" alt=\"\" srcset=\"https:\/\/i0.wp.com\/www.chateau-vodou.com\/wp-content\/uploads\/2024\/01\/Trono-para-EleguaJPG-scaled.jpg?w=1920&amp;ssl=1 1920w, https:\/\/i0.wp.com\/www.chateau-vodou.com\/wp-content\/uploads\/2024\/01\/Trono-para-EleguaJPG-scaled.jpg?resize=225%2C300&amp;ssl=1 225w, https:\/\/i0.wp.com\/www.chateau-vodou.com\/wp-content\/uploads\/2024\/01\/Trono-para-EleguaJPG-scaled.jpg?resize=768%2C1024&amp;ssl=1 768w, https:\/\/i0.wp.com\/www.chateau-vodou.com\/wp-content\/uploads\/2024\/01\/Trono-para-EleguaJPG-scaled.jpg?resize=1152%2C1536&amp;ssl=1 1152w, https:\/\/i0.wp.com\/www.chateau-vodou.com\/wp-content\/uploads\/2024\/01\/Trono-para-EleguaJPG-scaled.jpg?resize=1536%2C2048&amp;ssl=1 1536w, https:\/\/i0.wp.com\/www.chateau-vodou.com\/wp-content\/uploads\/2024\/01\/Trono-para-EleguaJPG-scaled.jpg?resize=600%2C800&amp;ssl=1 600w\" sizes=\"(max-width: 225px) 100vw, 225px\" \/><\/div>\n\t\t<\/a>\n\t\t\t\t<div class=\"elementor-post__text\">\n\t\t\t\t<h3 class=\"elementor-post__title\">\n\t\t\t<a href=\"https:\/\/www.chateau-vodou.com\/tr\/les-conferences-autour-de-lexposition\/\" >\n\t\t\t\tLES CONF\u00c9RENCES AUTOUR DE L&rsquo;EXPOSITION\t\t\t<\/a>\n\t\t<\/h3>\n\t\t\t\t<div class=\"elementor-post__excerpt\">\n\t\t\t<p>Entr\u00e9e libre \u2013 Le bar du mus\u00e9e est ouvert sur ces horaires. Iroko, l\u2019arbre dieu. Vendredi 19 avril \u00e0 19H Par Jean-Yves An\u00e9zo auteur, conf\u00e9rencier<\/p>\n\t\t<\/div>\n\t\t\n\t\t<a class=\"elementor-post__read-more\" href=\"https:\/\/www.chateau-vodou.com\/tr\/les-conferences-autour-de-lexposition\/\" aria-label=\"Read more about LES CONF\u00c9RENCES AUTOUR DE L&rsquo;EXPOSITION\" tabindex=\"-1\" >\n\t\t\tLire la suite \u00bb\t\t<\/a>\n\n\t\t\t\t<\/div>\n\t\t\t\t<\/article>\n\t\t\t\t<article class=\"elementor-post elementor-grid-item post-12323 post type-post status-publish format-standard has-post-thumbnail hentry category-archives\" role=\"listitem\">\n\t\t\t\t<a class=\"elementor-post__thumbnail__link\" href=\"https:\/\/www.chateau-vodou.com\/tr\/exposition-exceptionnelle-tresor-vodoun-au-coeur-des-arts-sacres-dafrique\/\" tabindex=\"-1\" >\n\t\t\t<div class=\"elementor-post__thumbnail\"><img loading=\"lazy\" decoding=\"async\" width=\"212\" height=\"300\" src=\"https:\/\/i0.wp.com\/www.chateau-vodou.com\/wp-content\/uploads\/2024\/01\/Signature-electronique-2-1.png?fit=212%2C300&amp;ssl=1\" class=\"attachment-medium size-medium wp-image-12330\" alt=\"\" srcset=\"https:\/\/i0.wp.com\/www.chateau-vodou.com\/wp-content\/uploads\/2024\/01\/Signature-electronique-2-1.png?w=3508&amp;ssl=1 3508w, https:\/\/i0.wp.com\/www.chateau-vodou.com\/wp-content\/uploads\/2024\/01\/Signature-electronique-2-1.png?resize=212%2C300&amp;ssl=1 212w, https:\/\/i0.wp.com\/www.chateau-vodou.com\/wp-content\/uploads\/2024\/01\/Signature-electronique-2-1.png?resize=724%2C1024&amp;ssl=1 724w, https:\/\/i0.wp.com\/www.chateau-vodou.com\/wp-content\/uploads\/2024\/01\/Signature-electronique-2-1.png?resize=768%2C1086&amp;ssl=1 768w, https:\/\/i0.wp.com\/www.chateau-vodou.com\/wp-content\/uploads\/2024\/01\/Signature-electronique-2-1.png?resize=1086%2C1536&amp;ssl=1 1086w, https:\/\/i0.wp.com\/www.chateau-vodou.com\/wp-content\/uploads\/2024\/01\/Signature-electronique-2-1.png?resize=1448%2C2048&amp;ssl=1 1448w, https:\/\/i0.wp.com\/www.chateau-vodou.com\/wp-content\/uploads\/2024\/01\/Signature-electronique-2-1.png?resize=600%2C849&amp;ssl=1 600w, https:\/\/i0.wp.com\/www.chateau-vodou.com\/wp-content\/uploads\/2024\/01\/Signature-electronique-2-1.png?w=2000&amp;ssl=1 2000w, https:\/\/i0.wp.com\/www.chateau-vodou.com\/wp-content\/uploads\/2024\/01\/Signature-electronique-2-1.png?w=3000&amp;ssl=1 3000w\" sizes=\"(max-width: 212px) 100vw, 212px\" \/><\/div>\n\t\t<\/a>\n\t\t\t\t<div class=\"elementor-post__text\">\n\t\t\t\t<h3 class=\"elementor-post__title\">\n\t\t\t<a href=\"https:\/\/www.chateau-vodou.com\/tr\/exposition-exceptionnelle-tresor-vodoun-au-coeur-des-arts-sacres-dafrique\/\" >\n\t\t\t\tEXPOSITION EXCEPTIONNELLE : TR\u00c9SOR VODOUN\t\t\t<\/a>\n\t\t<\/h3>\n\t\t\t\t<div class=\"elementor-post__excerpt\">\n\t\t\t<p>TR\u00c9SOR VODOUN, Au coeur des arts sacr\u00e9s d&rsquo;Afrique Dossier de presse D\u00e9couvrez les plus belles pi\u00e8ces de la collection Arbogast au travers d&rsquo;une s\u00e9lection unique<\/p>\n\t\t<\/div>\n\t\t\n\t\t<a class=\"elementor-post__read-more\" href=\"https:\/\/www.chateau-vodou.com\/tr\/exposition-exceptionnelle-tresor-vodoun-au-coeur-des-arts-sacres-dafrique\/\" aria-label=\"Read more about EXPOSITION EXCEPTIONNELLE : TR\u00c9SOR VODOUN\" tabindex=\"-1\" >\n\t\t\tLire la suite \u00bb\t\t<\/a>\n\n\t\t\t\t<\/div>\n\t\t\t\t<\/article>\n\t\t\t\t<article class=\"elementor-post elementor-grid-item post-12276 post type-post status-publish format-standard has-post-thumbnail hentry category-archives\" role=\"listitem\">\n\t\t\t\t<a class=\"elementor-post__thumbnail__link\" href=\"https:\/\/www.chateau-vodou.com\/tr\/visite-guidees-de-lexposition-tresor-vodoun\/\" tabindex=\"-1\" >\n\t\t\t<div class=\"elementor-post__thumbnail\"><img loading=\"lazy\" decoding=\"async\" width=\"300\" height=\"200\" src=\"https:\/\/i0.wp.com\/www.chateau-vodou.com\/wp-content\/uploads\/2024\/01\/1597_c-scaled.jpeg?fit=300%2C200&amp;ssl=1\" class=\"attachment-medium size-medium wp-image-12311\" alt=\"\" srcset=\"https:\/\/i0.wp.com\/www.chateau-vodou.com\/wp-content\/uploads\/2024\/01\/1597_c-scaled.jpeg?w=2560&amp;ssl=1 2560w, https:\/\/i0.wp.com\/www.chateau-vodou.com\/wp-content\/uploads\/2024\/01\/1597_c-scaled.jpeg?resize=300%2C200&amp;ssl=1 300w, https:\/\/i0.wp.com\/www.chateau-vodou.com\/wp-content\/uploads\/2024\/01\/1597_c-scaled.jpeg?resize=1024%2C683&amp;ssl=1 1024w, https:\/\/i0.wp.com\/www.chateau-vodou.com\/wp-content\/uploads\/2024\/01\/1597_c-scaled.jpeg?resize=768%2C512&amp;ssl=1 768w, https:\/\/i0.wp.com\/www.chateau-vodou.com\/wp-content\/uploads\/2024\/01\/1597_c-scaled.jpeg?resize=1536%2C1024&amp;ssl=1 1536w, https:\/\/i0.wp.com\/www.chateau-vodou.com\/wp-content\/uploads\/2024\/01\/1597_c-scaled.jpeg?resize=2048%2C1365&amp;ssl=1 2048w, https:\/\/i0.wp.com\/www.chateau-vodou.com\/wp-content\/uploads\/2024\/01\/1597_c-scaled.jpeg?resize=600%2C400&amp;ssl=1 600w\" sizes=\"(max-width: 300px) 100vw, 300px\" \/><\/div>\n\t\t<\/a>\n\t\t\t\t<div class=\"elementor-post__text\">\n\t\t\t\t<h3 class=\"elementor-post__title\">\n\t\t\t<a href=\"https:\/\/www.chateau-vodou.com\/tr\/visite-guidees-de-lexposition-tresor-vodoun\/\" >\n\t\t\t\tVISITE GUIDEES DE L&rsquo;EXPOSITION \u00ab\u00a0TRESOR VODOUN\u00a0\u00bb\t\t\t<\/a>\n\t\t<\/h3>\n\t\t\t\t<div class=\"elementor-post__excerpt\">\n\t\t\t<p>VISITES GUIDEES DE L\u2019EXPOSITION TEMPORAIRE Suivez l\u2019un de nos guides au travers de l\u2019exposition \u00ab TR\u00c9SOR VODOUN, Au c\u0153ur des arts sacr\u00e9s d\u2019Afrique \u00bb pour<\/p>\n\t\t<\/div>\n\t\t\n\t\t<a class=\"elementor-post__read-more\" href=\"https:\/\/www.chateau-vodou.com\/tr\/visite-guidees-de-lexposition-tresor-vodoun\/\" aria-label=\"Read more about VISITE GUIDEES DE L&rsquo;EXPOSITION \u00ab\u00a0TRESOR VODOUN\u00a0\u00bb\" tabindex=\"-1\" >\n\t\t\tLire la suite \u00bb\t\t<\/a>\n\n\t\t\t\t<\/div>\n\t\t\t\t<\/article>\n\t\t\t\t<article class=\"elementor-post elementor-grid-item post-12460 post type-post status-publish format-standard has-post-thumbnail hentry category-archives\" role=\"listitem\">\n\t\t\t\t<a class=\"elementor-post__thumbnail__link\" href=\"https:\/\/www.chateau-vodou.com\/tr\/strasbourg-capitale-du-livre-les-vivants-font-vivre-les-morts\/\" tabindex=\"-1\" >\n\t\t\t<div class=\"elementor-post__thumbnail\"><img loading=\"lazy\" decoding=\"async\" width=\"300\" height=\"225\" src=\"https:\/\/i0.wp.com\/www.chateau-vodou.com\/wp-content\/uploads\/2024\/02\/400762398_3658411964404554_4750988791551964809_n.jpeg?fit=300%2C225&amp;ssl=1\" class=\"attachment-medium size-medium wp-image-12461\" alt=\"\" srcset=\"https:\/\/i0.wp.com\/www.chateau-vodou.com\/wp-content\/uploads\/2024\/02\/400762398_3658411964404554_4750988791551964809_n.jpeg?w=2048&amp;ssl=1 2048w, https:\/\/i0.wp.com\/www.chateau-vodou.com\/wp-content\/uploads\/2024\/02\/400762398_3658411964404554_4750988791551964809_n.jpeg?resize=300%2C225&amp;ssl=1 300w, https:\/\/i0.wp.com\/www.chateau-vodou.com\/wp-content\/uploads\/2024\/02\/400762398_3658411964404554_4750988791551964809_n.jpeg?resize=1024%2C769&amp;ssl=1 1024w, https:\/\/i0.wp.com\/www.chateau-vodou.com\/wp-content\/uploads\/2024\/02\/400762398_3658411964404554_4750988791551964809_n.jpeg?resize=768%2C577&amp;ssl=1 768w, https:\/\/i0.wp.com\/www.chateau-vodou.com\/wp-content\/uploads\/2024\/02\/400762398_3658411964404554_4750988791551964809_n.jpeg?resize=1536%2C1154&amp;ssl=1 1536w, https:\/\/i0.wp.com\/www.chateau-vodou.com\/wp-content\/uploads\/2024\/02\/400762398_3658411964404554_4750988791551964809_n.jpeg?resize=600%2C451&amp;ssl=1 600w\" sizes=\"(max-width: 300px) 100vw, 300px\" \/><\/div>\n\t\t<\/a>\n\t\t\t\t<div class=\"elementor-post__text\">\n\t\t\t\t<h3 class=\"elementor-post__title\">\n\t\t\t<a href=\"https:\/\/www.chateau-vodou.com\/tr\/strasbourg-capitale-du-livre-les-vivants-font-vivre-les-morts\/\" >\n\t\t\t\tSTRASBOURG CAPITALE DU LIVRE : LES VIVANTS FONT VIVRE LES MORTS\t\t\t<\/a>\n\t\t<\/h3>\n\t\t\t\t<div class=\"elementor-post__excerpt\">\n\t\t\t<p>STRASBOURG CAPITALE MONDIALE DU LIVRE LES VIVANTS FONT VIVRE LES MORTS : UN MEURTRE AU CHATEAU VODOU Visite guid\u00e9e et lecture d\u2019extraits du roman policier<\/p>\n\t\t<\/div>\n\t\t\n\t\t<a class=\"elementor-post__read-more\" href=\"https:\/\/www.chateau-vodou.com\/tr\/strasbourg-capitale-du-livre-les-vivants-font-vivre-les-morts\/\" aria-label=\"Read more about STRASBOURG CAPITALE DU LIVRE : LES VIVANTS FONT VIVRE LES MORTS\" tabindex=\"-1\" >\n\t\t\tLire la suite \u00bb\t\t<\/a>\n\n\t\t\t\t<\/div>\n\t\t\t\t<\/article>\n\t\t\t\t<article class=\"elementor-post elementor-grid-item post-11996 post type-post status-publish format-standard has-post-thumbnail hentry category-archives\" role=\"listitem\">\n\t\t\t\t<a class=\"elementor-post__thumbnail__link\" href=\"https:\/\/www.chateau-vodou.com\/tr\/les-journees-europeennes-du-patrimoine\/\" tabindex=\"-1\" >\n\t\t\t<div class=\"elementor-post__thumbnail\"><img loading=\"lazy\" decoding=\"async\" width=\"300\" height=\"200\" src=\"https:\/\/i0.wp.com\/www.chateau-vodou.com\/wp-content\/uploads\/2022\/10\/V1510_04-scaled.jpg?fit=300%2C200&amp;ssl=1\" class=\"attachment-medium size-medium wp-image-10489\" alt=\"\" srcset=\"https:\/\/i0.wp.com\/www.chateau-vodou.com\/wp-content\/uploads\/2022\/10\/V1510_04-scaled.jpg?w=2560&amp;ssl=1 2560w, https:\/\/i0.wp.com\/www.chateau-vodou.com\/wp-content\/uploads\/2022\/10\/V1510_04-scaled.jpg?resize=300%2C200&amp;ssl=1 300w, https:\/\/i0.wp.com\/www.chateau-vodou.com\/wp-content\/uploads\/2022\/10\/V1510_04-scaled.jpg?resize=1024%2C683&amp;ssl=1 1024w, https:\/\/i0.wp.com\/www.chateau-vodou.com\/wp-content\/uploads\/2022\/10\/V1510_04-scaled.jpg?resize=768%2C512&amp;ssl=1 768w, https:\/\/i0.wp.com\/www.chateau-vodou.com\/wp-content\/uploads\/2022\/10\/V1510_04-scaled.jpg?resize=1536%2C1024&amp;ssl=1 1536w, https:\/\/i0.wp.com\/www.chateau-vodou.com\/wp-content\/uploads\/2022\/10\/V1510_04-scaled.jpg?resize=2048%2C1365&amp;ssl=1 2048w, https:\/\/i0.wp.com\/www.chateau-vodou.com\/wp-content\/uploads\/2022\/10\/V1510_04-scaled.jpg?resize=600%2C400&amp;ssl=1 600w\" sizes=\"(max-width: 300px) 100vw, 300px\" \/><\/div>\n\t\t<\/a>\n\t\t\t\t<div class=\"elementor-post__text\">\n\t\t\t\t<h3 class=\"elementor-post__title\">\n\t\t\t<a href=\"https:\/\/www.chateau-vodou.com\/tr\/les-journees-europeennes-du-patrimoine\/\" >\n\t\t\t\tLes journ\u00e9es europ\u00e9ennes du Patrimoine\t\t\t<\/a>\n\t\t<\/h3>\n\t\t\t\t<div class=\"elementor-post__excerpt\">\n\t\t\t<p>VISITES EN AUTONOMIE Il est possible (et recommand\u00e9) de r\u00e9server en avance votre venue, sur le cr\u00e9neau horaire souhait\u00e9. De 14H \u00e0 18H le 16<\/p>\n\t\t<\/div>\n\t\t\n\t\t<a class=\"elementor-post__read-more\" href=\"https:\/\/www.chateau-vodou.com\/tr\/les-journees-europeennes-du-patrimoine\/\" aria-label=\"Read more about Les journ\u00e9es europ\u00e9ennes du Patrimoine\" tabindex=\"-1\" >\n\t\t\tLire la suite \u00bb\t\t<\/a>\n\n\t\t\t\t<\/div>\n\t\t\t\t<\/article>\n\t\t\t\t<article class=\"elementor-post elementor-grid-item post-11980 post type-post status-publish format-standard has-post-thumbnail hentry category-archives\" role=\"listitem\">\n\t\t\t\t<a class=\"elementor-post__thumbnail__link\" href=\"https:\/\/www.chateau-vodou.com\/tr\/lancement-du-roman-policier-les-vivants-font-vivre-les-morts\/\" tabindex=\"-1\" >\n\t\t\t<div class=\"elementor-post__thumbnail\"><img loading=\"lazy\" decoding=\"async\" width=\"212\" height=\"300\" src=\"https:\/\/i0.wp.com\/www.chateau-vodou.com\/wp-content\/uploads\/2023\/08\/A-Sophie11-juillet-2023-LVFVLM--scaled.jpg?fit=212%2C300&amp;ssl=1\" class=\"attachment-medium size-medium wp-image-11985\" alt=\"\" srcset=\"https:\/\/i0.wp.com\/www.chateau-vodou.com\/wp-content\/uploads\/2023\/08\/A-Sophie11-juillet-2023-LVFVLM--scaled.jpg?w=1811&amp;ssl=1 1811w, https:\/\/i0.wp.com\/www.chateau-vodou.com\/wp-content\/uploads\/2023\/08\/A-Sophie11-juillet-2023-LVFVLM--scaled.jpg?resize=212%2C300&amp;ssl=1 212w, https:\/\/i0.wp.com\/www.chateau-vodou.com\/wp-content\/uploads\/2023\/08\/A-Sophie11-juillet-2023-LVFVLM--scaled.jpg?resize=725%2C1024&amp;ssl=1 725w, https:\/\/i0.wp.com\/www.chateau-vodou.com\/wp-content\/uploads\/2023\/08\/A-Sophie11-juillet-2023-LVFVLM--scaled.jpg?resize=768%2C1085&amp;ssl=1 768w, https:\/\/i0.wp.com\/www.chateau-vodou.com\/wp-content\/uploads\/2023\/08\/A-Sophie11-juillet-2023-LVFVLM--scaled.jpg?resize=1087%2C1536&amp;ssl=1 1087w, https:\/\/i0.wp.com\/www.chateau-vodou.com\/wp-content\/uploads\/2023\/08\/A-Sophie11-juillet-2023-LVFVLM--scaled.jpg?resize=1449%2C2048&amp;ssl=1 1449w, https:\/\/i0.wp.com\/www.chateau-vodou.com\/wp-content\/uploads\/2023\/08\/A-Sophie11-juillet-2023-LVFVLM--scaled.jpg?resize=600%2C848&amp;ssl=1 600w\" sizes=\"(max-width: 212px) 100vw, 212px\" \/><\/div>\n\t\t<\/a>\n\t\t\t\t<div class=\"elementor-post__text\">\n\t\t\t\t<h3 class=\"elementor-post__title\">\n\t\t\t<a href=\"https:\/\/www.chateau-vodou.com\/tr\/lancement-du-roman-policier-les-vivants-font-vivre-les-morts\/\" >\n\t\t\t\tLancement du roman policier \u00ab\u00a0Les vivants font vivre les morts\u00a0\u00bb\t\t\t<\/a>\n\t\t<\/h3>\n\t\t\t\t<div class=\"elementor-post__excerpt\">\n\t\t\t<p>LES VIVANTS FONT VIVRE LES MORTS : UN MEURTRE AU CHATEAU VODOU Visite nocturne \u00e0 la lampe torche et lecture d\u2019extraits du roman policier r\u00e9gional<\/p>\n\t\t<\/div>\n\t\t\n\t\t<a class=\"elementor-post__read-more\" href=\"https:\/\/www.chateau-vodou.com\/tr\/lancement-du-roman-policier-les-vivants-font-vivre-les-morts\/\" aria-label=\"Read more about Lancement du roman policier \u00ab\u00a0Les vivants font vivre les morts\u00a0\u00bb\" tabindex=\"-1\" >\n\t\t\tLire la suite \u00bb\t\t<\/a>\n\n\t\t\t\t<\/div>\n\t\t\t\t<\/article>\n\t\t\t\t<article class=\"elementor-post elementor-grid-item post-11977 post type-post status-publish format-standard has-post-thumbnail hentry category-archives\" role=\"listitem\">\n\t\t\t\t<a class=\"elementor-post__thumbnail__link\" href=\"https:\/\/www.chateau-vodou.com\/tr\/soiree-cinema-le-souffle-des-vodouns\/\" tabindex=\"-1\" >\n\t\t\t<div class=\"elementor-post__thumbnail\"><img loading=\"lazy\" decoding=\"async\" width=\"300\" height=\"169\" src=\"https:\/\/i0.wp.com\/www.chateau-vodou.com\/wp-content\/uploads\/2023\/08\/13.png?fit=300%2C169&amp;ssl=1\" class=\"attachment-medium size-medium wp-image-11978\" alt=\"\" srcset=\"https:\/\/i0.wp.com\/www.chateau-vodou.com\/wp-content\/uploads\/2023\/08\/13.png?w=1920&amp;ssl=1 1920w, https:\/\/i0.wp.com\/www.chateau-vodou.com\/wp-content\/uploads\/2023\/08\/13.png?resize=300%2C169&amp;ssl=1 300w, https:\/\/i0.wp.com\/www.chateau-vodou.com\/wp-content\/uploads\/2023\/08\/13.png?resize=1024%2C576&amp;ssl=1 1024w, https:\/\/i0.wp.com\/www.chateau-vodou.com\/wp-content\/uploads\/2023\/08\/13.png?resize=768%2C432&amp;ssl=1 768w, https:\/\/i0.wp.com\/www.chateau-vodou.com\/wp-content\/uploads\/2023\/08\/13.png?resize=1536%2C864&amp;ssl=1 1536w, https:\/\/i0.wp.com\/www.chateau-vodou.com\/wp-content\/uploads\/2023\/08\/13.png?resize=600%2C338&amp;ssl=1 600w\" sizes=\"(max-width: 300px) 100vw, 300px\" \/><\/div>\n\t\t<\/a>\n\t\t\t\t<div class=\"elementor-post__text\">\n\t\t\t\t<h3 class=\"elementor-post__title\">\n\t\t\t<a href=\"https:\/\/www.chateau-vodou.com\/tr\/soiree-cinema-le-souffle-des-vodouns\/\" >\n\t\t\t\tSoir\u00e9e cin\u00e9ma : le souffle des vodouns\t\t\t<\/a>\n\t\t<\/h3>\n\t\t\t\t<div class=\"elementor-post__excerpt\">\n\t\t\t<p>LE SOUFFLE DES VODOUNS \u2013 SYMPHONIE EN F\u00c2 MAJEUR De Lo\u00efck Guttierrez 24 novembre\u00a0\u00e0 19h Souvent diabolis\u00e9 et r\u00e9duit \u00e0 la magie noire, le vodoun<\/p>\n\t\t<\/div>\n\t\t\n\t\t<a class=\"elementor-post__read-more\" href=\"https:\/\/www.chateau-vodou.com\/tr\/soiree-cinema-le-souffle-des-vodouns\/\" aria-label=\"Read more about Soir\u00e9e cin\u00e9ma : le souffle des vodouns\" tabindex=\"-1\" >\n\t\t\tLire la suite \u00bb\t\t<\/a>\n\n\t\t\t\t<\/div>\n\t\t\t\t<\/article>\n\t\t\t\t<article class=\"elementor-post elementor-grid-item post-11969 post type-post status-publish format-standard has-post-thumbnail hentry category-archives\" role=\"listitem\">\n\t\t\t\t<a class=\"elementor-post__thumbnail__link\" href=\"https:\/\/www.chateau-vodou.com\/tr\/dimanche-de-contes\/\" tabindex=\"-1\" >\n\t\t\t<div class=\"elementor-post__thumbnail\"><img loading=\"lazy\" decoding=\"async\" width=\"300\" height=\"212\" src=\"https:\/\/i0.wp.com\/www.chateau-vodou.com\/wp-content\/uploads\/2022\/12\/KIMA4660-scaled.jpg?fit=300%2C212&amp;ssl=1\" class=\"attachment-medium size-medium wp-image-10559\" alt=\"\" srcset=\"https:\/\/i0.wp.com\/www.chateau-vodou.com\/wp-content\/uploads\/2022\/12\/KIMA4660-scaled.jpg?w=2560&amp;ssl=1 2560w, https:\/\/i0.wp.com\/www.chateau-vodou.com\/wp-content\/uploads\/2022\/12\/KIMA4660-scaled.jpg?resize=300%2C212&amp;ssl=1 300w, https:\/\/i0.wp.com\/www.chateau-vodou.com\/wp-content\/uploads\/2022\/12\/KIMA4660-scaled.jpg?resize=1024%2C723&amp;ssl=1 1024w, https:\/\/i0.wp.com\/www.chateau-vodou.com\/wp-content\/uploads\/2022\/12\/KIMA4660-scaled.jpg?resize=768%2C542&amp;ssl=1 768w, https:\/\/i0.wp.com\/www.chateau-vodou.com\/wp-content\/uploads\/2022\/12\/KIMA4660-scaled.jpg?resize=1536%2C1084&amp;ssl=1 1536w, https:\/\/i0.wp.com\/www.chateau-vodou.com\/wp-content\/uploads\/2022\/12\/KIMA4660-scaled.jpg?resize=2048%2C1446&amp;ssl=1 2048w, https:\/\/i0.wp.com\/www.chateau-vodou.com\/wp-content\/uploads\/2022\/12\/KIMA4660-scaled.jpg?resize=600%2C424&amp;ssl=1 600w\" sizes=\"(max-width: 300px) 100vw, 300px\" \/><\/div>\n\t\t<\/a>\n\t\t\t\t<div class=\"elementor-post__text\">\n\t\t\t\t<h3 class=\"elementor-post__title\">\n\t\t\t<a href=\"https:\/\/www.chateau-vodou.com\/tr\/dimanche-de-contes\/\" >\n\t\t\t\tDimanche de contes\t\t\t<\/a>\n\t\t<\/h3>\n\t\t\t\t<div class=\"elementor-post__excerpt\">\n\t\t\t<p>VODOU&nbsp;: CONTES ET HISTOIRES TRADITIONNELS Dimanche 26 novembre \u00e0 15h Que nous raconte la tradition orale des peuples Fon, Adja et Ouatchi&nbsp;? Partez \u00e0 la<\/p>\n\t\t<\/div>\n\t\t\n\t\t<a class=\"elementor-post__read-more\" href=\"https:\/\/www.chateau-vodou.com\/tr\/dimanche-de-contes\/\" aria-label=\"Read more about Dimanche de contes\" tabindex=\"-1\" >\n\t\t\tLire la suite \u00bb\t\t<\/a>\n\n\t\t\t\t<\/div>\n\t\t\t\t<\/article>\n\t\t\t\t<article class=\"elementor-post elementor-grid-item post-11274 post type-post status-publish format-standard has-post-thumbnail hentry category-archives\" role=\"listitem\">\n\t\t\t\t<a class=\"elementor-post__thumbnail__link\" href=\"https:\/\/www.chateau-vodou.com\/tr\/nuit-europeenne-des-musees-2\/\" tabindex=\"-1\" >\n\t\t\t<div class=\"elementor-post__thumbnail\"><img loading=\"lazy\" decoding=\"async\" width=\"300\" height=\"200\" src=\"https:\/\/i0.wp.com\/www.chateau-vodou.com\/wp-content\/uploads\/2022\/10\/V1510_04-scaled.jpg?fit=300%2C200&amp;ssl=1\" class=\"attachment-medium size-medium wp-image-10489\" alt=\"\" srcset=\"https:\/\/i0.wp.com\/www.chateau-vodou.com\/wp-content\/uploads\/2022\/10\/V1510_04-scaled.jpg?w=2560&amp;ssl=1 2560w, https:\/\/i0.wp.com\/www.chateau-vodou.com\/wp-content\/uploads\/2022\/10\/V1510_04-scaled.jpg?resize=300%2C200&amp;ssl=1 300w, https:\/\/i0.wp.com\/www.chateau-vodou.com\/wp-content\/uploads\/2022\/10\/V1510_04-scaled.jpg?resize=1024%2C683&amp;ssl=1 1024w, https:\/\/i0.wp.com\/www.chateau-vodou.com\/wp-content\/uploads\/2022\/10\/V1510_04-scaled.jpg?resize=768%2C512&amp;ssl=1 768w, https:\/\/i0.wp.com\/www.chateau-vodou.com\/wp-content\/uploads\/2022\/10\/V1510_04-scaled.jpg?resize=1536%2C1024&amp;ssl=1 1536w, https:\/\/i0.wp.com\/www.chateau-vodou.com\/wp-content\/uploads\/2022\/10\/V1510_04-scaled.jpg?resize=2048%2C1365&amp;ssl=1 2048w, https:\/\/i0.wp.com\/www.chateau-vodou.com\/wp-content\/uploads\/2022\/10\/V1510_04-scaled.jpg?resize=600%2C400&amp;ssl=1 600w\" sizes=\"(max-width: 300px) 100vw, 300px\" \/><\/div>\n\t\t<\/a>\n\t\t\t\t<div class=\"elementor-post__text\">\n\t\t\t\t<h3 class=\"elementor-post__title\">\n\t\t\t<a href=\"https:\/\/www.chateau-vodou.com\/tr\/nuit-europeenne-des-musees-2\/\" >\n\t\t\t\tNuit Europ\u00e9enne des mus\u00e9es\t\t\t<\/a>\n\t\t<\/h3>\n\t\t\t\t<div class=\"elementor-post__excerpt\">\n\t\t\t<p>Samedi 13 mai \u2013 de 18H \u00e0 22H Nota Bene \/ R\u00e9servations fortement conseill\u00e9es \/ Notre politique tarifaire : Un tarif exceptionnel vous est propos\u00e9<\/p>\n\t\t<\/div>\n\t\t\n\t\t<a class=\"elementor-post__read-more\" href=\"https:\/\/www.chateau-vodou.com\/tr\/nuit-europeenne-des-musees-2\/\" aria-label=\"Read more about Nuit Europ\u00e9enne des mus\u00e9es\" tabindex=\"-1\" >\n\t\t\tLire la suite \u00bb\t\t<\/a>\n\n\t\t\t\t<\/div>\n\t\t\t\t<\/article>\n\t\t\t\t<article class=\"elementor-post elementor-grid-item post-11266 post type-post status-publish format-standard has-post-thumbnail hentry category-archives\" role=\"listitem\">\n\t\t\t\t<a class=\"elementor-post__thumbnail__link\" href=\"https:\/\/www.chateau-vodou.com\/tr\/conference-la-feuille-lesclave-la-republique-et-leurope-en-outre-mer\/\" tabindex=\"-1\" >\n\t\t\t<div class=\"elementor-post__thumbnail\"><img loading=\"lazy\" decoding=\"async\" width=\"300\" height=\"158\" src=\"https:\/\/i0.wp.com\/www.chateau-vodou.com\/wp-content\/uploads\/2023\/04\/342983157_250088417493686_8227107380536441202_n.jpeg?fit=300%2C158&amp;ssl=1\" class=\"attachment-medium size-medium wp-image-11267\" alt=\"\" srcset=\"https:\/\/i0.wp.com\/www.chateau-vodou.com\/wp-content\/uploads\/2023\/04\/342983157_250088417493686_8227107380536441202_n.jpeg?w=960&amp;ssl=1 960w, https:\/\/i0.wp.com\/www.chateau-vodou.com\/wp-content\/uploads\/2023\/04\/342983157_250088417493686_8227107380536441202_n.jpeg?resize=300%2C158&amp;ssl=1 300w, https:\/\/i0.wp.com\/www.chateau-vodou.com\/wp-content\/uploads\/2023\/04\/342983157_250088417493686_8227107380536441202_n.jpeg?resize=768%2C403&amp;ssl=1 768w, https:\/\/i0.wp.com\/www.chateau-vodou.com\/wp-content\/uploads\/2023\/04\/342983157_250088417493686_8227107380536441202_n.jpeg?resize=600%2C315&amp;ssl=1 600w\" sizes=\"(max-width: 300px) 100vw, 300px\" \/><\/div>\n\t\t<\/a>\n\t\t\t\t<div class=\"elementor-post__text\">\n\t\t\t\t<h3 class=\"elementor-post__title\">\n\t\t\t<a href=\"https:\/\/www.chateau-vodou.com\/tr\/conference-la-feuille-lesclave-la-republique-et-leurope-en-outre-mer\/\" >\n\t\t\t\tConf\u00e9rence : la feuille, l&rsquo;esclave, la R\u00e9publique et l&rsquo;Europe en Outre-mer\t\t\t<\/a>\n\t\t<\/h3>\n\t\t\t\t<div class=\"elementor-post__excerpt\">\n\t\t\t<p>La feuille, l&rsquo;esclave, la R\u00e9publique et l&rsquo;Europe en Outre-mer &#8211; Conf\u00e9rence Mercredi 10 mai \u00e0 18H30 Dans le cadre de la journ\u00e9e nationale des m\u00e9moires<\/p>\n\t\t<\/div>\n\t\t\n\t\t<a class=\"elementor-post__read-more\" href=\"https:\/\/www.chateau-vodou.com\/tr\/conference-la-feuille-lesclave-la-republique-et-leurope-en-outre-mer\/\" aria-label=\"Read more about Conf\u00e9rence : la feuille, l&rsquo;esclave, la R\u00e9publique et l&rsquo;Europe en Outre-mer\" tabindex=\"-1\" >\n\t\t\tLire la suite \u00bb\t\t<\/a>\n\n\t\t\t\t<\/div>\n\t\t\t\t<\/article>\n\t\t\t\t<article class=\"elementor-post elementor-grid-item post-10790 post type-post status-publish format-standard has-post-thumbnail hentry category-archives\" role=\"listitem\">\n\t\t\t\t<a class=\"elementor-post__thumbnail__link\" href=\"https:\/\/www.chateau-vodou.com\/tr\/les-conferences-autour-de-lexposition-masques-gelede\/\" tabindex=\"-1\" >\n\t\t\t<div class=\"elementor-post__thumbnail\"><img loading=\"lazy\" decoding=\"async\" width=\"300\" height=\"143\" src=\"https:\/\/i0.wp.com\/www.chateau-vodou.com\/wp-content\/uploads\/2022\/12\/KIMA4654-scaled.jpg?fit=300%2C143&amp;ssl=1\" class=\"attachment-medium size-medium wp-image-10557\" alt=\"\" srcset=\"https:\/\/i0.wp.com\/www.chateau-vodou.com\/wp-content\/uploads\/2022\/12\/KIMA4654-scaled.jpg?w=2560&amp;ssl=1 2560w, https:\/\/i0.wp.com\/www.chateau-vodou.com\/wp-content\/uploads\/2022\/12\/KIMA4654-scaled.jpg?resize=300%2C143&amp;ssl=1 300w, https:\/\/i0.wp.com\/www.chateau-vodou.com\/wp-content\/uploads\/2022\/12\/KIMA4654-scaled.jpg?resize=1024%2C488&amp;ssl=1 1024w, https:\/\/i0.wp.com\/www.chateau-vodou.com\/wp-content\/uploads\/2022\/12\/KIMA4654-scaled.jpg?resize=768%2C366&amp;ssl=1 768w, https:\/\/i0.wp.com\/www.chateau-vodou.com\/wp-content\/uploads\/2022\/12\/KIMA4654-scaled.jpg?resize=1536%2C732&amp;ssl=1 1536w, https:\/\/i0.wp.com\/www.chateau-vodou.com\/wp-content\/uploads\/2022\/12\/KIMA4654-scaled.jpg?resize=2048%2C976&amp;ssl=1 2048w, https:\/\/i0.wp.com\/www.chateau-vodou.com\/wp-content\/uploads\/2022\/12\/KIMA4654-scaled.jpg?resize=600%2C286&amp;ssl=1 600w\" sizes=\"(max-width: 300px) 100vw, 300px\" \/><\/div>\n\t\t<\/a>\n\t\t\t\t<div class=\"elementor-post__text\">\n\t\t\t\t<h3 class=\"elementor-post__title\">\n\t\t\t<a href=\"https:\/\/www.chateau-vodou.com\/tr\/les-conferences-autour-de-lexposition-masques-gelede\/\" >\n\t\t\t\tLes conf\u00e9rences autour de l&rsquo;exposition Masques G\u00e8l\u00e8d\u00e8\t\t\t<\/a>\n\t\t<\/h3>\n\t\t\t\t<div class=\"elementor-post__excerpt\">\n\t\t\t<p>Entr\u00e9e libre \u00e0 toutes nos conf\u00e9rences. Il est possible de r\u00e9server votre place (conseill\u00e9). Notre bar associatif sera ouvert pour assouvir votre soif. Rdv \u00e0<\/p>\n\t\t<\/div>\n\t\t\n\t\t<a class=\"elementor-post__read-more\" href=\"https:\/\/www.chateau-vodou.com\/tr\/les-conferences-autour-de-lexposition-masques-gelede\/\" aria-label=\"Read more about Les conf\u00e9rences autour de l&rsquo;exposition Masques G\u00e8l\u00e8d\u00e8\" tabindex=\"-1\" >\n\t\t\tLire la suite \u00bb\t\t<\/a>\n\n\t\t\t\t<\/div>\n\t\t\t\t<\/article>\n\t\t\t\t<article class=\"elementor-post elementor-grid-item post-10778 post type-post status-publish format-standard has-post-thumbnail hentry category-archives\" role=\"listitem\">\n\t\t\t\t<a class=\"elementor-post__thumbnail__link\" href=\"https:\/\/www.chateau-vodou.com\/tr\/soiree-cinema-avec-cyrill-noyalet\/\" tabindex=\"-1\" >\n\t\t\t<div class=\"elementor-post__thumbnail\"><img loading=\"lazy\" decoding=\"async\" width=\"300\" height=\"200\" src=\"https:\/\/i0.wp.com\/www.chateau-vodou.com\/wp-content\/uploads\/2022\/10\/V1515_2-scaled.jpg?fit=300%2C200&amp;ssl=1\" class=\"attachment-medium size-medium wp-image-10491\" alt=\"\" srcset=\"https:\/\/i0.wp.com\/www.chateau-vodou.com\/wp-content\/uploads\/2022\/10\/V1515_2-scaled.jpg?w=2560&amp;ssl=1 2560w, https:\/\/i0.wp.com\/www.chateau-vodou.com\/wp-content\/uploads\/2022\/10\/V1515_2-scaled.jpg?resize=300%2C200&amp;ssl=1 300w, https:\/\/i0.wp.com\/www.chateau-vodou.com\/wp-content\/uploads\/2022\/10\/V1515_2-scaled.jpg?resize=1024%2C683&amp;ssl=1 1024w, https:\/\/i0.wp.com\/www.chateau-vodou.com\/wp-content\/uploads\/2022\/10\/V1515_2-scaled.jpg?resize=768%2C512&amp;ssl=1 768w, https:\/\/i0.wp.com\/www.chateau-vodou.com\/wp-content\/uploads\/2022\/10\/V1515_2-scaled.jpg?resize=1536%2C1024&amp;ssl=1 1536w, https:\/\/i0.wp.com\/www.chateau-vodou.com\/wp-content\/uploads\/2022\/10\/V1515_2-scaled.jpg?resize=2048%2C1365&amp;ssl=1 2048w, https:\/\/i0.wp.com\/www.chateau-vodou.com\/wp-content\/uploads\/2022\/10\/V1515_2-scaled.jpg?resize=600%2C400&amp;ssl=1 600w\" sizes=\"(max-width: 300px) 100vw, 300px\" \/><\/div>\n\t\t<\/a>\n\t\t\t\t<div class=\"elementor-post__text\">\n\t\t\t\t<h3 class=\"elementor-post__title\">\n\t\t\t<a href=\"https:\/\/www.chateau-vodou.com\/tr\/soiree-cinema-avec-cyrill-noyalet\/\" >\n\t\t\t\tCyrill Noyalet ile sinema gecesi\t\t\t<\/a>\n\t\t<\/h3>\n\t\t\t\t<div class=\"elementor-post__excerpt\">\n\t\t\t<p>AUTOUR DE L&rsquo;EXPOSITION MASQUES G\u00c8L\u00c8D\u00c8 REPORT AU 21 AVRIL A 21H SOIREE CINEMA : \u00ab Paroles de G\u00e8l\u00e8d\u00e8 \u00bb suivi par \u00ab Le secret des<\/p>\n\t\t<\/div>\n\t\t\n\t\t<a class=\"elementor-post__read-more\" href=\"https:\/\/www.chateau-vodou.com\/tr\/soiree-cinema-avec-cyrill-noyalet\/\" aria-label=\"Read more about Soir\u00e9e cin\u00e9ma avec Cyrill Noyalet\" tabindex=\"-1\" >\n\t\t\tLire la suite \u00bb\t\t<\/a>\n\n\t\t\t\t<\/div>\n\t\t\t\t<\/article>\n\t\t\t\t<article class=\"elementor-post elementor-grid-item post-10670 post type-post status-publish format-standard has-post-thumbnail hentry category-archives\" role=\"listitem\">\n\t\t\t\t<a class=\"elementor-post__thumbnail__link\" href=\"https:\/\/www.chateau-vodou.com\/tr\/soiree-a-laveugle-et-degustation-de-vins\/\" tabindex=\"-1\" >\n\t\t\t<div class=\"elementor-post__thumbnail\"><img loading=\"lazy\" decoding=\"async\" width=\"300\" height=\"200\" src=\"https:\/\/i0.wp.com\/www.chateau-vodou.com\/wp-content\/uploads\/2022\/12\/02-SMA-VISITE-YEUX-BANDES.jpg?fit=300%2C200&amp;ssl=1\" class=\"attachment-medium size-medium wp-image-10671\" alt=\"\" srcset=\"https:\/\/i0.wp.com\/www.chateau-vodou.com\/wp-content\/uploads\/2022\/12\/02-SMA-VISITE-YEUX-BANDES.jpg?w=1500&amp;ssl=1 1500w, https:\/\/i0.wp.com\/www.chateau-vodou.com\/wp-content\/uploads\/2022\/12\/02-SMA-VISITE-YEUX-BANDES.jpg?resize=300%2C200&amp;ssl=1 300w, https:\/\/i0.wp.com\/www.chateau-vodou.com\/wp-content\/uploads\/2022\/12\/02-SMA-VISITE-YEUX-BANDES.jpg?resize=1024%2C683&amp;ssl=1 1024w, https:\/\/i0.wp.com\/www.chateau-vodou.com\/wp-content\/uploads\/2022\/12\/02-SMA-VISITE-YEUX-BANDES.jpg?resize=768%2C512&amp;ssl=1 768w, https:\/\/i0.wp.com\/www.chateau-vodou.com\/wp-content\/uploads\/2022\/12\/02-SMA-VISITE-YEUX-BANDES.jpg?resize=600%2C400&amp;ssl=1 600w\" sizes=\"(max-width: 300px) 100vw, 300px\" \/><\/div>\n\t\t<\/a>\n\t\t\t\t<div class=\"elementor-post__text\">\n\t\t\t\t<h3 class=\"elementor-post__title\">\n\t\t\t<a href=\"https:\/\/www.chateau-vodou.com\/tr\/soiree-a-laveugle-et-degustation-de-vins\/\" >\n\t\t\t\tSoir\u00e9e \u00e0 l&rsquo;aveugle et d\u00e9gustation de vins\t\t\t<\/a>\n\t\t<\/h3>\n\t\t\t\t<div class=\"elementor-post__excerpt\">\n\t\t\t<p>STRASBOURG MON AMOUR, C\u00e9l\u00e9brez la Saint Valentin au mus\u00e9e ! SOIR\u00c9E \u00c0 L\u2019AVEUGLE ET D\u00c9GUSTATION DE VINS PAR LES \u00c9TUDIANTS DE L&rsquo;AIVA Vendredi 10 f\u00e9vrier<\/p>\n\t\t<\/div>\n\t\t\n\t\t<a class=\"elementor-post__read-more\" href=\"https:\/\/www.chateau-vodou.com\/tr\/soiree-a-laveugle-et-degustation-de-vins\/\" aria-label=\"Read more about Soir\u00e9e \u00e0 l&rsquo;aveugle et d\u00e9gustation de vins\" tabindex=\"-1\" >\n\t\t\tLire la suite \u00bb\t\t<\/a>\n\n\t\t\t\t<\/div>\n\t\t\t\t<\/article>\n\t\t\t\t<article class=\"elementor-post elementor-grid-item post-10664 post type-post status-publish format-standard has-post-thumbnail hentry category-archives\" role=\"listitem\">\n\t\t\t\t<a class=\"elementor-post__thumbnail__link\" href=\"https:\/\/www.chateau-vodou.com\/tr\/en-duo-les-yeux-fermes-visite-sensorielle-a-laveugle-2\/\" tabindex=\"-1\" >\n\t\t\t<div class=\"elementor-post__thumbnail\"><img loading=\"lazy\" decoding=\"async\" width=\"300\" height=\"200\" src=\"https:\/\/i0.wp.com\/www.chateau-vodou.com\/wp-content\/uploads\/2022\/12\/O79A1921-scaled.jpg?fit=300%2C200&amp;ssl=1\" class=\"attachment-medium size-medium wp-image-10665\" alt=\"\" srcset=\"https:\/\/i0.wp.com\/www.chateau-vodou.com\/wp-content\/uploads\/2022\/12\/O79A1921-scaled.jpg?w=2560&amp;ssl=1 2560w, https:\/\/i0.wp.com\/www.chateau-vodou.com\/wp-content\/uploads\/2022\/12\/O79A1921-scaled.jpg?resize=300%2C200&amp;ssl=1 300w, https:\/\/i0.wp.com\/www.chateau-vodou.com\/wp-content\/uploads\/2022\/12\/O79A1921-scaled.jpg?resize=1024%2C683&amp;ssl=1 1024w, https:\/\/i0.wp.com\/www.chateau-vodou.com\/wp-content\/uploads\/2022\/12\/O79A1921-scaled.jpg?resize=768%2C512&amp;ssl=1 768w, https:\/\/i0.wp.com\/www.chateau-vodou.com\/wp-content\/uploads\/2022\/12\/O79A1921-scaled.jpg?resize=1536%2C1024&amp;ssl=1 1536w, https:\/\/i0.wp.com\/www.chateau-vodou.com\/wp-content\/uploads\/2022\/12\/O79A1921-scaled.jpg?resize=2048%2C1365&amp;ssl=1 2048w, https:\/\/i0.wp.com\/www.chateau-vodou.com\/wp-content\/uploads\/2022\/12\/O79A1921-scaled.jpg?resize=600%2C400&amp;ssl=1 600w\" sizes=\"(max-width: 300px) 100vw, 300px\" \/><\/div>\n\t\t<\/a>\n\t\t\t\t<div class=\"elementor-post__text\">\n\t\t\t\t<h3 class=\"elementor-post__title\">\n\t\t\t<a href=\"https:\/\/www.chateau-vodou.com\/tr\/en-duo-les-yeux-fermes-visite-sensorielle-a-laveugle-2\/\" >\n\t\t\t\tG\u00f6zler kapal\u0131 ikili tur, dokunsal bir gezinti\t\t\t<\/a>\n\t\t<\/h3>\n\t\t\t\t<div class=\"elementor-post__excerpt\">\n\t\t\t<p>STRASBOURG MON AMOUR, C\u00e9l\u00e9brez la Saint Valentin au mus\u00e9e ! En \u00ab duo \u00bb les yeux ferm\u00e9s, visite sensorielle \u00e0 l\u2019aveugle &#8211; 09 f\u00e9vrier \u00e0<\/p>\n\t\t<\/div>\n\t\t\n\t\t<a class=\"elementor-post__read-more\" href=\"https:\/\/www.chateau-vodou.com\/tr\/en-duo-les-yeux-fermes-visite-sensorielle-a-laveugle-2\/\" aria-label=\"Read more about En duo les yeux ferm\u00e9s, visite sensorielle \u00e0 l&rsquo;aveugle\" tabindex=\"-1\" >\n\t\t\tLire la suite \u00bb\t\t<\/a>\n\n\t\t\t\t<\/div>\n\t\t\t\t<\/article>\n\t\t\t\t<article class=\"elementor-post elementor-grid-item post-10636 post type-post status-publish format-standard has-post-thumbnail hentry category-archives\" role=\"listitem\">\n\t\t\t\t<a class=\"elementor-post__thumbnail__link\" href=\"https:\/\/www.chateau-vodou.com\/tr\/les-soirees-envoutements-pour-les-celibataires\/\" tabindex=\"-1\" >\n\t\t\t<div class=\"elementor-post__thumbnail\"><img loading=\"lazy\" decoding=\"async\" width=\"300\" height=\"158\" src=\"https:\/\/i0.wp.com\/www.chateau-vodou.com\/wp-content\/uploads\/2022\/12\/Soirees-envoutement-Saison-2-1.jpg?fit=300%2C158&amp;ssl=1\" class=\"attachment-medium size-medium wp-image-11668\" alt=\"\" srcset=\"https:\/\/i0.wp.com\/www.chateau-vodou.com\/wp-content\/uploads\/2022\/12\/Soirees-envoutement-Saison-2-1.jpg?w=1600&amp;ssl=1 1600w, https:\/\/i0.wp.com\/www.chateau-vodou.com\/wp-content\/uploads\/2022\/12\/Soirees-envoutement-Saison-2-1.jpg?resize=300%2C158&amp;ssl=1 300w, https:\/\/i0.wp.com\/www.chateau-vodou.com\/wp-content\/uploads\/2022\/12\/Soirees-envoutement-Saison-2-1.jpg?resize=1024%2C538&amp;ssl=1 1024w, https:\/\/i0.wp.com\/www.chateau-vodou.com\/wp-content\/uploads\/2022\/12\/Soirees-envoutement-Saison-2-1.jpg?resize=768%2C403&amp;ssl=1 768w, https:\/\/i0.wp.com\/www.chateau-vodou.com\/wp-content\/uploads\/2022\/12\/Soirees-envoutement-Saison-2-1.jpg?resize=1536%2C806&amp;ssl=1 1536w, https:\/\/i0.wp.com\/www.chateau-vodou.com\/wp-content\/uploads\/2022\/12\/Soirees-envoutement-Saison-2-1.jpg?resize=600%2C315&amp;ssl=1 600w\" sizes=\"(max-width: 300px) 100vw, 300px\" \/><\/div>\n\t\t<\/a>\n\t\t\t\t<div class=\"elementor-post__text\">\n\t\t\t\t<h3 class=\"elementor-post__title\">\n\t\t\t<a href=\"https:\/\/www.chateau-vodou.com\/tr\/les-soirees-envoutements-pour-les-celibataires\/\" >\n\t\t\t\tB\u00fcy\u00fcleyici partiler (bekarlar i\u00e7in!)\t\t\t<\/a>\n\t\t<\/h3>\n\t\t\t\t<div class=\"elementor-post__excerpt\">\n\t\t\t<p>Dooz Escape Game et le Ch\u00e2teau Vodou s\u2019associent pour des soir\u00e9es envo\u00fbtements r\u00e9serv\u00e9es aux c\u00e9libataires ! D\u00e8s juillet 2023, l\u2019\u00e9quipe du Ch\u00e2teau mus\u00e9e Vodou et<\/p>\n\t\t<\/div>\n\t\t\n\t\t<a class=\"elementor-post__read-more\" href=\"https:\/\/www.chateau-vodou.com\/tr\/les-soirees-envoutements-pour-les-celibataires\/\" aria-label=\"Read more about Les soir\u00e9es envo\u00fbtements (pour les c\u00e9libataires !)\" tabindex=\"-1\" >\n\t\t\tLire la suite \u00bb\t\t<\/a>\n\n\t\t\t\t<\/div>\n\t\t\t\t<\/article>\n\t\t\t\t<article class=\"elementor-post elementor-grid-item post-10601 post type-post status-publish format-standard has-post-thumbnail hentry category-archives\" role=\"listitem\">\n\t\t\t\t<a class=\"elementor-post__thumbnail__link\" href=\"https:\/\/www.chateau-vodou.com\/tr\/visites-guidees-de-lexposition-masques-gelede-le-pouvoir-des-meres\/\" tabindex=\"-1\" >\n\t\t\t<div class=\"elementor-post__thumbnail\"><img loading=\"lazy\" decoding=\"async\" width=\"300\" height=\"247\" src=\"https:\/\/i0.wp.com\/www.chateau-vodou.com\/wp-content\/uploads\/2022\/12\/Capture-decran-2022-11-24-a-13.01.59.png?fit=300%2C247&amp;ssl=1\" class=\"attachment-medium size-medium wp-image-10555\" alt=\"\" srcset=\"https:\/\/i0.wp.com\/www.chateau-vodou.com\/wp-content\/uploads\/2022\/12\/Capture-decran-2022-11-24-a-13.01.59.png?w=1058&amp;ssl=1 1058w, https:\/\/i0.wp.com\/www.chateau-vodou.com\/wp-content\/uploads\/2022\/12\/Capture-decran-2022-11-24-a-13.01.59.png?resize=300%2C247&amp;ssl=1 300w, https:\/\/i0.wp.com\/www.chateau-vodou.com\/wp-content\/uploads\/2022\/12\/Capture-decran-2022-11-24-a-13.01.59.png?resize=1024%2C843&amp;ssl=1 1024w, https:\/\/i0.wp.com\/www.chateau-vodou.com\/wp-content\/uploads\/2022\/12\/Capture-decran-2022-11-24-a-13.01.59.png?resize=768%2C632&amp;ssl=1 768w, https:\/\/i0.wp.com\/www.chateau-vodou.com\/wp-content\/uploads\/2022\/12\/Capture-decran-2022-11-24-a-13.01.59.png?resize=600%2C494&amp;ssl=1 600w\" sizes=\"(max-width: 300px) 100vw, 300px\" \/><\/div>\n\t\t<\/a>\n\t\t\t\t<div class=\"elementor-post__text\">\n\t\t\t\t<h3 class=\"elementor-post__title\">\n\t\t\t<a href=\"https:\/\/www.chateau-vodou.com\/tr\/visites-guidees-de-lexposition-masques-gelede-le-pouvoir-des-meres\/\" >\n\t\t\t\tVisites guid\u00e9es de l&rsquo;exposition \u00ab\u00a0Masques G\u00e8l\u00e8d\u00e8\u00a0\u00bb\t\t\t<\/a>\n\t\t<\/h3>\n\t\t\t\t<div class=\"elementor-post__excerpt\">\n\t\t\t<p>Suivez l\u2019un de nos guides au travers de l\u2019exposition&nbsp; \u00ab Masques G\u00e8l\u00e8d\u00e8, le pouvoir des m\u00e8res \u00bb &nbsp;pour en apprendre plus sur cette th\u00e9matique fascinante<\/p>\n\t\t<\/div>\n\t\t\n\t\t<a class=\"elementor-post__read-more\" href=\"https:\/\/www.chateau-vodou.com\/tr\/visites-guidees-de-lexposition-masques-gelede-le-pouvoir-des-meres\/\" aria-label=\"Read more about Visites guid\u00e9es de l&rsquo;exposition \u00ab\u00a0Masques G\u00e8l\u00e8d\u00e8\u00a0\u00bb\" tabindex=\"-1\" >\n\t\t\tLire la suite \u00bb\t\t<\/a>\n\n\t\t\t\t<\/div>\n\t\t\t\t<\/article>\n\t\t\t\t<article class=\"elementor-post elementor-grid-item post-10470 post type-post status-publish format-standard has-post-thumbnail hentry category-archives\" role=\"listitem\">\n\t\t\t\t<a class=\"elementor-post__thumbnail__link\" href=\"https:\/\/www.chateau-vodou.com\/tr\/masques-gelede-le-pouvoir-des-meres-exposition-temporaire\/\" tabindex=\"-1\" >\n\t\t\t<div class=\"elementor-post__thumbnail\"><img loading=\"lazy\" decoding=\"async\" width=\"212\" height=\"300\" src=\"https:\/\/i0.wp.com\/www.chateau-vodou.com\/wp-content\/uploads\/2022\/10\/Masques-Gelede.-Le-pouvoir-des-Meres-WEB-scaled.jpg?fit=212%2C300&amp;ssl=1\" class=\"attachment-medium size-medium wp-image-10633\" alt=\"\" srcset=\"https:\/\/i0.wp.com\/www.chateau-vodou.com\/wp-content\/uploads\/2022\/10\/Masques-Gelede.-Le-pouvoir-des-Meres-WEB-scaled.jpg?w=1810&amp;ssl=1 1810w, https:\/\/i0.wp.com\/www.chateau-vodou.com\/wp-content\/uploads\/2022\/10\/Masques-Gelede.-Le-pouvoir-des-Meres-WEB-scaled.jpg?resize=212%2C300&amp;ssl=1 212w, https:\/\/i0.wp.com\/www.chateau-vodou.com\/wp-content\/uploads\/2022\/10\/Masques-Gelede.-Le-pouvoir-des-Meres-WEB-scaled.jpg?resize=724%2C1024&amp;ssl=1 724w, https:\/\/i0.wp.com\/www.chateau-vodou.com\/wp-content\/uploads\/2022\/10\/Masques-Gelede.-Le-pouvoir-des-Meres-WEB-scaled.jpg?resize=768%2C1086&amp;ssl=1 768w, https:\/\/i0.wp.com\/www.chateau-vodou.com\/wp-content\/uploads\/2022\/10\/Masques-Gelede.-Le-pouvoir-des-Meres-WEB-scaled.jpg?resize=1086%2C1536&amp;ssl=1 1086w, https:\/\/i0.wp.com\/www.chateau-vodou.com\/wp-content\/uploads\/2022\/10\/Masques-Gelede.-Le-pouvoir-des-Meres-WEB-scaled.jpg?resize=1448%2C2048&amp;ssl=1 1448w, https:\/\/i0.wp.com\/www.chateau-vodou.com\/wp-content\/uploads\/2022\/10\/Masques-Gelede.-Le-pouvoir-des-Meres-WEB-scaled.jpg?resize=600%2C849&amp;ssl=1 600w\" sizes=\"(max-width: 212px) 100vw, 212px\" \/><\/div>\n\t\t<\/a>\n\t\t\t\t<div class=\"elementor-post__text\">\n\t\t\t\t<h3 class=\"elementor-post__title\">\n\t\t\t<a href=\"https:\/\/www.chateau-vodou.com\/tr\/masques-gelede-le-pouvoir-des-meres-exposition-temporaire\/\" >\n\t\t\t\tMASQUES G\u00c8L\u00c8D\u00c8, le pouvoir des m\u00e8res &#8211; exposition temporaire\t\t\t<\/a>\n\t\t<\/h3>\n\t\t\t\t<div class=\"elementor-post__excerpt\">\n\t\t\t<p>Du 18 novembre 2022 au 8 octobre 2023 N\u2019oubliez pas de toucher la terre du bout des doigts si vous entendez parler des Iyami osoronga.<\/p>\n\t\t<\/div>\n\t\t\n\t\t<a class=\"elementor-post__read-more\" href=\"https:\/\/www.chateau-vodou.com\/tr\/masques-gelede-le-pouvoir-des-meres-exposition-temporaire\/\" aria-label=\"Read more about MASQUES G\u00c8L\u00c8D\u00c8, le pouvoir des m\u00e8res &#8211; exposition temporaire\" tabindex=\"-1\" >\n\t\t\tLire la suite \u00bb\t\t<\/a>\n\n\t\t\t\t<\/div>\n\t\t\t\t<\/article>\n\t\t\t\t<article class=\"elementor-post elementor-grid-item post-10757 post type-post status-publish format-standard has-post-thumbnail hentry category-archives\" role=\"listitem\">\n\t\t\t\t<a class=\"elementor-post__thumbnail__link\" href=\"https:\/\/www.chateau-vodou.com\/tr\/autour-du-spectacle-mascarades-a-pole-sud\/\" tabindex=\"-1\" >\n\t\t\t<div class=\"elementor-post__thumbnail\"><img loading=\"lazy\" decoding=\"async\" width=\"300\" height=\"217\" src=\"https:\/\/i0.wp.com\/www.chateau-vodou.com\/wp-content\/uploads\/2022\/12\/Mascarades-%C2%A9Queila-Fernandez_.jpeg?fit=300%2C217&amp;ssl=1\" class=\"attachment-medium size-medium wp-image-10761\" alt=\"\" \/><\/div>\n\t\t<\/a>\n\t\t\t\t<div class=\"elementor-post__text\">\n\t\t\t\t<h3 class=\"elementor-post__title\">\n\t\t\t<a href=\"https:\/\/www.chateau-vodou.com\/tr\/autour-du-spectacle-mascarades-a-pole-sud\/\" >\n\t\t\t\tAutour du spectacle \u00ab\u00a0Mascarades\u00a0\u00bb \u00e0 POLE-SUD\t\t\t<\/a>\n\t\t<\/h3>\n\t\t\t\t<div class=\"elementor-post__excerpt\">\n\t\t\t<p>AUTOUR DU SPECTACLE MASCARADES DE BETTY TCHOMANGA POLE-SUD et le Ch\u00e2teau Vodou s\u2019associent pour une programmation autour de la divinit\u00e9 de l\u2019oc\u00e9an Mami Wata au<\/p>\n\t\t<\/div>\n\t\t\n\t\t<a class=\"elementor-post__read-more\" href=\"https:\/\/www.chateau-vodou.com\/tr\/autour-du-spectacle-mascarades-a-pole-sud\/\" aria-label=\"Read more about Autour du spectacle \u00ab\u00a0Mascarades\u00a0\u00bb \u00e0 POLE-SUD\" tabindex=\"-1\" >\n\t\t\tLire la suite \u00bb\t\t<\/a>\n\n\t\t\t\t<\/div>\n\t\t\t\t<\/article>\n\t\t\t\t<article class=\"elementor-post elementor-grid-item post-10174 post type-post status-publish format-standard has-post-thumbnail hentry category-archives\" role=\"listitem\">\n\t\t\t\t<a class=\"elementor-post__thumbnail__link\" href=\"https:\/\/www.chateau-vodou.com\/tr\/soiree-de-finissage-et-de-vente-de-photographies-dart\/\" tabindex=\"-1\" >\n\t\t\t<div class=\"elementor-post__thumbnail\"><img loading=\"lazy\" decoding=\"async\" width=\"300\" height=\"200\" src=\"https:\/\/i0.wp.com\/www.chateau-vodou.com\/wp-content\/uploads\/2021\/12\/benin-juliengerard-d3-20111215-1076-scaled.jpg?fit=300%2C200&amp;ssl=1\" class=\"attachment-medium size-medium wp-image-9001\" alt=\"\" srcset=\"https:\/\/i0.wp.com\/www.chateau-vodou.com\/wp-content\/uploads\/2021\/12\/benin-juliengerard-d3-20111215-1076-scaled.jpg?w=2560&amp;ssl=1 2560w, https:\/\/i0.wp.com\/www.chateau-vodou.com\/wp-content\/uploads\/2021\/12\/benin-juliengerard-d3-20111215-1076-scaled.jpg?resize=300%2C200&amp;ssl=1 300w, https:\/\/i0.wp.com\/www.chateau-vodou.com\/wp-content\/uploads\/2021\/12\/benin-juliengerard-d3-20111215-1076-scaled.jpg?resize=1024%2C681&amp;ssl=1 1024w, https:\/\/i0.wp.com\/www.chateau-vodou.com\/wp-content\/uploads\/2021\/12\/benin-juliengerard-d3-20111215-1076-scaled.jpg?resize=768%2C511&amp;ssl=1 768w, https:\/\/i0.wp.com\/www.chateau-vodou.com\/wp-content\/uploads\/2021\/12\/benin-juliengerard-d3-20111215-1076-scaled.jpg?resize=1536%2C1022&amp;ssl=1 1536w, https:\/\/i0.wp.com\/www.chateau-vodou.com\/wp-content\/uploads\/2021\/12\/benin-juliengerard-d3-20111215-1076-scaled.jpg?resize=2048%2C1363&amp;ssl=1 2048w, https:\/\/i0.wp.com\/www.chateau-vodou.com\/wp-content\/uploads\/2021\/12\/benin-juliengerard-d3-20111215-1076-scaled.jpg?resize=600%2C399&amp;ssl=1 600w\" sizes=\"(max-width: 300px) 100vw, 300px\" \/><\/div>\n\t\t<\/a>\n\t\t\t\t<div class=\"elementor-post__text\">\n\t\t\t\t<h3 class=\"elementor-post__title\">\n\t\t\t<a href=\"https:\/\/www.chateau-vodou.com\/tr\/soiree-de-finissage-et-de-vente-de-photographies-dart\/\" >\n\t\t\t\tSoir\u00e9e de finissage et de vente de photographies d&rsquo;art\t\t\t<\/a>\n\t\t<\/h3>\n\t\t\t\t<div class=\"elementor-post__excerpt\">\n\t\t\t<p>Vendredi 23 septembre \u00e0 19H30 Julien G\u00e9rard, photographe professionnel, pr\u00e9sentera ses clich\u00e9s de l\u2019exposition \u00ab Pirogues \u2013 Todjivu \u00bb et plusieurs tirages seront mis en<\/p>\n\t\t<\/div>\n\t\t\n\t\t<a class=\"elementor-post__read-more\" href=\"https:\/\/www.chateau-vodou.com\/tr\/soiree-de-finissage-et-de-vente-de-photographies-dart\/\" aria-label=\"Read more about Soir\u00e9e de finissage et de vente de photographies d&rsquo;art\" tabindex=\"-1\" >\n\t\t\tLire la suite \u00bb\t\t<\/a>\n\n\t\t\t\t<\/div>\n\t\t\t\t<\/article>\n\t\t\t\t<article class=\"elementor-post elementor-grid-item post-10128 post type-post status-publish format-standard has-post-thumbnail hentry category-archives\" role=\"listitem\">\n\t\t\t\t<a class=\"elementor-post__thumbnail__link\" href=\"https:\/\/www.chateau-vodou.com\/tr\/journees-europeennes-du-patrimoine\/\" tabindex=\"-1\" >\n\t\t\t<div class=\"elementor-post__thumbnail\"><img loading=\"lazy\" decoding=\"async\" width=\"300\" height=\"246\" src=\"https:\/\/i0.wp.com\/www.chateau-vodou.com\/wp-content\/uploads\/2021\/12\/0856_2-scaled.jpg?fit=300%2C246&amp;ssl=1\" class=\"attachment-medium size-medium wp-image-8973\" alt=\"\" srcset=\"https:\/\/i0.wp.com\/www.chateau-vodou.com\/wp-content\/uploads\/2021\/12\/0856_2-scaled.jpg?w=2560&amp;ssl=1 2560w, https:\/\/i0.wp.com\/www.chateau-vodou.com\/wp-content\/uploads\/2021\/12\/0856_2-scaled.jpg?resize=300%2C246&amp;ssl=1 300w, https:\/\/i0.wp.com\/www.chateau-vodou.com\/wp-content\/uploads\/2021\/12\/0856_2-scaled.jpg?resize=1024%2C840&amp;ssl=1 1024w, https:\/\/i0.wp.com\/www.chateau-vodou.com\/wp-content\/uploads\/2021\/12\/0856_2-scaled.jpg?resize=768%2C630&amp;ssl=1 768w, https:\/\/i0.wp.com\/www.chateau-vodou.com\/wp-content\/uploads\/2021\/12\/0856_2-scaled.jpg?resize=1536%2C1260&amp;ssl=1 1536w, https:\/\/i0.wp.com\/www.chateau-vodou.com\/wp-content\/uploads\/2021\/12\/0856_2-scaled.jpg?resize=2048%2C1681&amp;ssl=1 2048w, https:\/\/i0.wp.com\/www.chateau-vodou.com\/wp-content\/uploads\/2021\/12\/0856_2-scaled.jpg?resize=600%2C492&amp;ssl=1 600w\" sizes=\"(max-width: 300px) 100vw, 300px\" \/><\/div>\n\t\t<\/a>\n\t\t\t\t<div class=\"elementor-post__text\">\n\t\t\t\t<h3 class=\"elementor-post__title\">\n\t\t\t<a href=\"https:\/\/www.chateau-vodou.com\/tr\/journees-europeennes-du-patrimoine\/\" >\n\t\t\t\tJourn\u00e9es europ\u00e9ennes du Patrimoine\t\t\t<\/a>\n\t\t<\/h3>\n\t\t\t\t<div class=\"elementor-post__excerpt\">\n\t\t\t<p>Autour de l&rsquo;exposition \u00ab\u00a0Pirogues &#8211; Todjivu\u00a0\u00bb &#8211; 17 et 18 septembre 2022 VISITES EN AUTONOMIE DU MUS\u00c9E De 14H \u00e0 18H le 17 et 18<\/p>\n\t\t<\/div>\n\t\t\n\t\t<a class=\"elementor-post__read-more\" href=\"https:\/\/www.chateau-vodou.com\/tr\/journees-europeennes-du-patrimoine\/\" aria-label=\"Read more about Journ\u00e9es europ\u00e9ennes du Patrimoine\" tabindex=\"-1\" >\n\t\t\tLire la suite \u00bb\t\t<\/a>\n\n\t\t\t\t<\/div>\n\t\t\t\t<\/article>\n\t\t\t\t<article class=\"elementor-post elementor-grid-item post-10202 post type-post status-publish format-standard has-post-thumbnail hentry category-archives\" role=\"listitem\">\n\t\t\t\t<a class=\"elementor-post__thumbnail__link\" href=\"https:\/\/www.chateau-vodou.com\/tr\/lososphere-2022\/\" tabindex=\"-1\" >\n\t\t\t<div class=\"elementor-post__thumbnail\"><img loading=\"lazy\" decoding=\"async\" width=\"300\" height=\"155\" src=\"https:\/\/i0.wp.com\/www.chateau-vodou.com\/wp-content\/uploads\/2022\/08\/Capture-de%CC%81cran-2022-08-18-a%CC%80-18.42.08.png?fit=300%2C155&amp;ssl=1\" class=\"attachment-medium size-medium wp-image-10203\" alt=\"\" \/><\/div>\n\t\t<\/a>\n\t\t\t\t<div class=\"elementor-post__text\">\n\t\t\t\t<h3 class=\"elementor-post__title\">\n\t\t\t<a href=\"https:\/\/www.chateau-vodou.com\/tr\/lososphere-2022\/\" >\n\t\t\t\tL&rsquo;OSOSPHERE 2022\t\t\t<\/a>\n\t\t<\/h3>\n\t\t\t\t<div class=\"elementor-post__excerpt\">\n\t\t\t<p>DU 23 SEPTEMBRE AU 2 OCTOBRE&nbsp; &nbsp;Dans un fructueux voisinage, Le Ch\u00e2teau Vodou et Virtual Journey s&rsquo;associent \u00e0 l&rsquo;\u00e9dition de l&rsquo;Ososph\u00e8re qui habite le Quartier<\/p>\n\t\t<\/div>\n\t\t\n\t\t<a class=\"elementor-post__read-more\" href=\"https:\/\/www.chateau-vodou.com\/tr\/lososphere-2022\/\" aria-label=\"Read more about L&rsquo;OSOSPHERE 2022\" tabindex=\"-1\" >\n\t\t\tLire la suite \u00bb\t\t<\/a>\n\n\t\t\t\t<\/div>\n\t\t\t\t<\/article>\n\t\t\t\t<article class=\"elementor-post elementor-grid-item post-9844 post type-post status-publish format-standard has-post-thumbnail hentry category-archives\" role=\"listitem\">\n\t\t\t\t<a class=\"elementor-post__thumbnail__link\" href=\"https:\/\/www.chateau-vodou.com\/tr\/la-nuit-europeenne-des-musees-autour-des-pirogues\/\" tabindex=\"-1\" >\n\t\t\t<div class=\"elementor-post__thumbnail\"><img loading=\"lazy\" decoding=\"async\" width=\"300\" height=\"200\" src=\"https:\/\/i0.wp.com\/www.chateau-vodou.com\/wp-content\/uploads\/2021\/12\/505_02-scaled.jpg?fit=300%2C200&amp;ssl=1\" class=\"attachment-medium size-medium wp-image-8970\" alt=\"\" srcset=\"https:\/\/i0.wp.com\/www.chateau-vodou.com\/wp-content\/uploads\/2021\/12\/505_02-scaled.jpg?w=2560&amp;ssl=1 2560w, https:\/\/i0.wp.com\/www.chateau-vodou.com\/wp-content\/uploads\/2021\/12\/505_02-scaled.jpg?resize=300%2C200&amp;ssl=1 300w, https:\/\/i0.wp.com\/www.chateau-vodou.com\/wp-content\/uploads\/2021\/12\/505_02-scaled.jpg?resize=1024%2C683&amp;ssl=1 1024w, https:\/\/i0.wp.com\/www.chateau-vodou.com\/wp-content\/uploads\/2021\/12\/505_02-scaled.jpg?resize=768%2C512&amp;ssl=1 768w, https:\/\/i0.wp.com\/www.chateau-vodou.com\/wp-content\/uploads\/2021\/12\/505_02-scaled.jpg?resize=1536%2C1024&amp;ssl=1 1536w, https:\/\/i0.wp.com\/www.chateau-vodou.com\/wp-content\/uploads\/2021\/12\/505_02-scaled.jpg?resize=2048%2C1365&amp;ssl=1 2048w, https:\/\/i0.wp.com\/www.chateau-vodou.com\/wp-content\/uploads\/2021\/12\/505_02-scaled.jpg?resize=600%2C400&amp;ssl=1 600w\" sizes=\"(max-width: 300px) 100vw, 300px\" \/><\/div>\n\t\t<\/a>\n\t\t\t\t<div class=\"elementor-post__text\">\n\t\t\t\t<h3 class=\"elementor-post__title\">\n\t\t\t<a href=\"https:\/\/www.chateau-vodou.com\/tr\/la-nuit-europeenne-des-musees-autour-des-pirogues\/\" >\n\t\t\t\tLa Nuit Europ\u00e9enne des Mus\u00e9es autour des Pirogues\t\t\t<\/a>\n\t\t<\/h3>\n\t\t\t\t<div class=\"elementor-post__excerpt\">\n\t\t\t<p>Samedi 14 mai &#8211; de 18H \u00e0 23H Nota Bene \/ R\u00e9servations fortement conseill\u00e9es \/ Notre politique tarifaire : Un tarif exceptionnel vous est propos\u00e9<\/p>\n\t\t<\/div>\n\t\t\n\t\t<a class=\"elementor-post__read-more\" href=\"https:\/\/www.chateau-vodou.com\/tr\/la-nuit-europeenne-des-musees-autour-des-pirogues\/\" aria-label=\"Read more about La Nuit Europ\u00e9enne des Mus\u00e9es autour des Pirogues\" tabindex=\"-1\" >\n\t\t\tLire la suite \u00bb\t\t<\/a>\n\n\t\t\t\t<\/div>\n\t\t\t\t<\/article>\n\t\t\t\t<article class=\"elementor-post elementor-grid-item post-10805 post type-post status-publish format-standard has-post-thumbnail hentry category-archives\" role=\"listitem\">\n\t\t\t\t<a class=\"elementor-post__thumbnail__link\" href=\"https:\/\/www.chateau-vodou.com\/tr\/croquez-le-vodou\/\" tabindex=\"-1\" >\n\t\t\t<div class=\"elementor-post__thumbnail\"><img loading=\"lazy\" decoding=\"async\" width=\"300\" height=\"253\" src=\"https:\/\/i0.wp.com\/www.chateau-vodou.com\/wp-content\/uploads\/2022\/12\/302424534_10158478887951916_5252299745255932734_n.jpeg?fit=300%2C253&amp;ssl=1\" class=\"attachment-medium size-medium wp-image-10806\" alt=\"\" srcset=\"https:\/\/i0.wp.com\/www.chateau-vodou.com\/wp-content\/uploads\/2022\/12\/302424534_10158478887951916_5252299745255932734_n.jpeg?w=2048&amp;ssl=1 2048w, https:\/\/i0.wp.com\/www.chateau-vodou.com\/wp-content\/uploads\/2022\/12\/302424534_10158478887951916_5252299745255932734_n.jpeg?resize=300%2C253&amp;ssl=1 300w, https:\/\/i0.wp.com\/www.chateau-vodou.com\/wp-content\/uploads\/2022\/12\/302424534_10158478887951916_5252299745255932734_n.jpeg?resize=1024%2C863&amp;ssl=1 1024w, https:\/\/i0.wp.com\/www.chateau-vodou.com\/wp-content\/uploads\/2022\/12\/302424534_10158478887951916_5252299745255932734_n.jpeg?resize=768%2C647&amp;ssl=1 768w, https:\/\/i0.wp.com\/www.chateau-vodou.com\/wp-content\/uploads\/2022\/12\/302424534_10158478887951916_5252299745255932734_n.jpeg?resize=1536%2C1295&amp;ssl=1 1536w, https:\/\/i0.wp.com\/www.chateau-vodou.com\/wp-content\/uploads\/2022\/12\/302424534_10158478887951916_5252299745255932734_n.jpeg?resize=600%2C506&amp;ssl=1 600w\" sizes=\"(max-width: 300px) 100vw, 300px\" \/><\/div>\n\t\t<\/a>\n\t\t\t\t<div class=\"elementor-post__text\">\n\t\t\t\t<h3 class=\"elementor-post__title\">\n\t\t\t<a href=\"https:\/\/www.chateau-vodou.com\/tr\/croquez-le-vodou\/\" >\n\t\t\t\tCroquez le vodou\t\t\t<\/a>\n\t\t<\/h3>\n\t\t\t\t<div class=\"elementor-post__excerpt\">\n\t\t\t<p>En partenariat avec la HEAR et Joseph B\u00e9h\u00e9, auteur de bande-dessin\u00e9e D\u00e9couvrez la restitution de plus de 300 croquis r\u00e9alis\u00e9s au Ch\u00e2teau Vodou par 17<\/p>\n\t\t<\/div>\n\t\t\n\t\t<a class=\"elementor-post__read-more\" href=\"https:\/\/www.chateau-vodou.com\/tr\/croquez-le-vodou\/\" aria-label=\"Read more about Croquez le vodou\" tabindex=\"-1\" >\n\t\t\tLire la suite \u00bb\t\t<\/a>\n\n\t\t\t\t<\/div>\n\t\t\t\t<\/article>\n\t\t\t\t<article class=\"elementor-post elementor-grid-item post-10811 post type-post status-publish format-standard has-post-thumbnail hentry category-archives\" role=\"listitem\">\n\t\t\t\t<a class=\"elementor-post__thumbnail__link\" href=\"https:\/\/www.chateau-vodou.com\/tr\/carnaval-et-mascarade\/\" tabindex=\"-1\" >\n\t\t\t<div class=\"elementor-post__thumbnail\"><img loading=\"lazy\" decoding=\"async\" width=\"300\" height=\"167\" src=\"https:\/\/i0.wp.com\/www.chateau-vodou.com\/wp-content\/uploads\/2022\/10\/V1518_05-scaled.jpg?fit=300%2C167&amp;ssl=1\" class=\"attachment-medium size-medium wp-image-10494\" alt=\"\" srcset=\"https:\/\/i0.wp.com\/www.chateau-vodou.com\/wp-content\/uploads\/2022\/10\/V1518_05-scaled.jpg?w=2560&amp;ssl=1 2560w, https:\/\/i0.wp.com\/www.chateau-vodou.com\/wp-content\/uploads\/2022\/10\/V1518_05-scaled.jpg?resize=300%2C167&amp;ssl=1 300w, https:\/\/i0.wp.com\/www.chateau-vodou.com\/wp-content\/uploads\/2022\/10\/V1518_05-scaled.jpg?resize=1024%2C571&amp;ssl=1 1024w, https:\/\/i0.wp.com\/www.chateau-vodou.com\/wp-content\/uploads\/2022\/10\/V1518_05-scaled.jpg?resize=768%2C428&amp;ssl=1 768w, https:\/\/i0.wp.com\/www.chateau-vodou.com\/wp-content\/uploads\/2022\/10\/V1518_05-scaled.jpg?resize=1536%2C856&amp;ssl=1 1536w, https:\/\/i0.wp.com\/www.chateau-vodou.com\/wp-content\/uploads\/2022\/10\/V1518_05-scaled.jpg?resize=2048%2C1142&amp;ssl=1 2048w, https:\/\/i0.wp.com\/www.chateau-vodou.com\/wp-content\/uploads\/2022\/10\/V1518_05-scaled.jpg?resize=600%2C334&amp;ssl=1 600w\" sizes=\"(max-width: 300px) 100vw, 300px\" \/><\/div>\n\t\t<\/a>\n\t\t\t\t<div class=\"elementor-post__text\">\n\t\t\t\t<h3 class=\"elementor-post__title\">\n\t\t\t<a href=\"https:\/\/www.chateau-vodou.com\/tr\/carnaval-et-mascarade\/\" >\n\t\t\t\tCarnaval et mascarade\t\t\t<\/a>\n\t\t<\/h3>\n\t\t\t\t<div class=\"elementor-post__excerpt\">\n\t\t\t<p>Vendredi 3 mars \u00e0 19h et 20h Soir\u00e9e dans\u00e9e autour de la nouvelle exposition \u00ab&nbsp;Masques G\u00e8l\u00e8d\u00e8, le pouvoir des m\u00e8res \u00bb avec l&rsquo;Ensemble Chor\u00e9graphique du<\/p>\n\t\t<\/div>\n\t\t\n\t\t<a class=\"elementor-post__read-more\" href=\"https:\/\/www.chateau-vodou.com\/tr\/carnaval-et-mascarade\/\" aria-label=\"Read more about Carnaval et mascarade\" tabindex=\"-1\" >\n\t\t\tLire la suite \u00bb\t\t<\/a>\n\n\t\t\t\t<\/div>\n\t\t\t\t<\/article>\n\t\t\t\t<article class=\"elementor-post elementor-grid-item post-8938 post type-post status-publish format-standard has-post-thumbnail hentry category-archives\" role=\"listitem\">\n\t\t\t\t<a class=\"elementor-post__thumbnail__link\" href=\"https:\/\/www.chateau-vodou.com\/tr\/pirogues-todjivu-lexposition-temporaire\/\" tabindex=\"-1\" >\n\t\t\t<div class=\"elementor-post__thumbnail\"><img loading=\"lazy\" decoding=\"async\" width=\"300\" height=\"300\" src=\"https:\/\/i0.wp.com\/www.chateau-vodou.com\/wp-content\/uploads\/2021\/12\/Images-site-internet-.jpg?fit=300%2C300&amp;ssl=1\" class=\"attachment-medium size-medium wp-image-9303\" alt=\"\" srcset=\"https:\/\/i0.wp.com\/www.chateau-vodou.com\/wp-content\/uploads\/2021\/12\/Images-site-internet-.jpg?w=1080&amp;ssl=1 1080w, https:\/\/i0.wp.com\/www.chateau-vodou.com\/wp-content\/uploads\/2021\/12\/Images-site-internet-.jpg?resize=300%2C300&amp;ssl=1 300w, https:\/\/i0.wp.com\/www.chateau-vodou.com\/wp-content\/uploads\/2021\/12\/Images-site-internet-.jpg?resize=1024%2C1024&amp;ssl=1 1024w, https:\/\/i0.wp.com\/www.chateau-vodou.com\/wp-content\/uploads\/2021\/12\/Images-site-internet-.jpg?resize=150%2C150&amp;ssl=1 150w, https:\/\/i0.wp.com\/www.chateau-vodou.com\/wp-content\/uploads\/2021\/12\/Images-site-internet-.jpg?resize=768%2C768&amp;ssl=1 768w, https:\/\/i0.wp.com\/www.chateau-vodou.com\/wp-content\/uploads\/2021\/12\/Images-site-internet-.jpg?resize=600%2C600&amp;ssl=1 600w, https:\/\/i0.wp.com\/www.chateau-vodou.com\/wp-content\/uploads\/2021\/12\/Images-site-internet-.jpg?resize=100%2C100&amp;ssl=1 100w\" sizes=\"(max-width: 300px) 100vw, 300px\" \/><\/div>\n\t\t<\/a>\n\t\t\t\t<div class=\"elementor-post__text\">\n\t\t\t\t<h3 class=\"elementor-post__title\">\n\t\t\t<a href=\"https:\/\/www.chateau-vodou.com\/tr\/pirogues-todjivu-lexposition-temporaire\/\" >\n\t\t\t\tPirogues &#8211; Todjivu, l&rsquo;exposition temporaire, du 10.12.21 au 2.10.22\t\t\t<\/a>\n\t\t<\/h3>\n\t\t\t\t<div class=\"elementor-post__excerpt\">\n\t\t\t<p>Les pirogues du culte des Vodou de la collection Arbogast, font appel \u00e0 notre imaginaire. Ce sont des objets de recueillement spirituel d\u2019une plastique unique.<\/p>\n\t\t<\/div>\n\t\t\n\t\t<a class=\"elementor-post__read-more\" href=\"https:\/\/www.chateau-vodou.com\/tr\/pirogues-todjivu-lexposition-temporaire\/\" aria-label=\"Read more about Pirogues &#8211; Todjivu, l&rsquo;exposition temporaire, du 10.12.21 au 2.10.22\" tabindex=\"-1\" >\n\t\t\tLire la suite \u00bb\t\t<\/a>\n\n\t\t\t\t<\/div>\n\t\t\t\t<\/article>\n\t\t\t\t<article class=\"elementor-post elementor-grid-item post-9122 post type-post status-publish format-standard has-post-thumbnail hentry category-archives\" role=\"listitem\">\n\t\t\t\t<a class=\"elementor-post__thumbnail__link\" href=\"https:\/\/www.chateau-vodou.com\/tr\/conferences-en-bateau-et-au-musee\/\" tabindex=\"-1\" >\n\t\t\t<div class=\"elementor-post__thumbnail\"><img loading=\"lazy\" decoding=\"async\" width=\"300\" height=\"200\" src=\"https:\/\/i0.wp.com\/www.chateau-vodou.com\/wp-content\/uploads\/2021\/12\/KIMA2454-scaled.jpg?fit=300%2C200&amp;ssl=1\" class=\"attachment-medium size-medium wp-image-9069\" alt=\"\" srcset=\"https:\/\/i0.wp.com\/www.chateau-vodou.com\/wp-content\/uploads\/2021\/12\/KIMA2454-scaled.jpg?w=2560&amp;ssl=1 2560w, https:\/\/i0.wp.com\/www.chateau-vodou.com\/wp-content\/uploads\/2021\/12\/KIMA2454-scaled.jpg?resize=300%2C200&amp;ssl=1 300w, https:\/\/i0.wp.com\/www.chateau-vodou.com\/wp-content\/uploads\/2021\/12\/KIMA2454-scaled.jpg?resize=1024%2C683&amp;ssl=1 1024w, https:\/\/i0.wp.com\/www.chateau-vodou.com\/wp-content\/uploads\/2021\/12\/KIMA2454-scaled.jpg?resize=768%2C512&amp;ssl=1 768w, https:\/\/i0.wp.com\/www.chateau-vodou.com\/wp-content\/uploads\/2021\/12\/KIMA2454-scaled.jpg?resize=1536%2C1024&amp;ssl=1 1536w, https:\/\/i0.wp.com\/www.chateau-vodou.com\/wp-content\/uploads\/2021\/12\/KIMA2454-scaled.jpg?resize=2048%2C1365&amp;ssl=1 2048w, https:\/\/i0.wp.com\/www.chateau-vodou.com\/wp-content\/uploads\/2021\/12\/KIMA2454-scaled.jpg?resize=600%2C400&amp;ssl=1 600w\" sizes=\"(max-width: 300px) 100vw, 300px\" \/><\/div>\n\t\t<\/a>\n\t\t\t\t<div class=\"elementor-post__text\">\n\t\t\t\t<h3 class=\"elementor-post__title\">\n\t\t\t<a href=\"https:\/\/www.chateau-vodou.com\/tr\/conferences-en-bateau-et-au-musee\/\" >\n\t\t\t\tConf\u00e9rences en Batorama et au mus\u00e9e\t\t\t<\/a>\n\t\t<\/h3>\n\t\t\t\t<div class=\"elementor-post__excerpt\">\n\t\t\t<p>Samedi 17 septembre \u00e0 17H\u00a0 Serpent sacr\u00e9 et cultes vodou Par Jean Yves An\u00e9zo, guide-conf\u00e9rencier au mus\u00e9e Lieu : Ch\u00e2teau Vodou Entr\u00e9e libre &#8212; Parmi<\/p>\n\t\t<\/div>\n\t\t\n\t\t<a class=\"elementor-post__read-more\" href=\"https:\/\/www.chateau-vodou.com\/tr\/conferences-en-bateau-et-au-musee\/\" aria-label=\"Read more about Conf\u00e9rences en Batorama et au mus\u00e9e\" tabindex=\"-1\" >\n\t\t\tLire la suite \u00bb\t\t<\/a>\n\n\t\t\t\t<\/div>\n\t\t\t\t<\/article>\n\t\t\t\t<article class=\"elementor-post elementor-grid-item post-9176 post type-post status-publish format-standard has-post-thumbnail hentry category-archives\" role=\"listitem\">\n\t\t\t\t<a class=\"elementor-post__thumbnail__link\" href=\"https:\/\/www.chateau-vodou.com\/tr\/visites-guidees-autour-de-lexposition-pirogues-todjivu\/\" tabindex=\"-1\" >\n\t\t\t<div class=\"elementor-post__thumbnail\"><img loading=\"lazy\" decoding=\"async\" width=\"300\" height=\"200\" src=\"https:\/\/i0.wp.com\/www.chateau-vodou.com\/wp-content\/uploads\/2021\/12\/KIMA2506-scaled.jpg?fit=300%2C200&amp;ssl=1\" class=\"attachment-medium size-medium wp-image-9196\" alt=\"\" srcset=\"https:\/\/i0.wp.com\/www.chateau-vodou.com\/wp-content\/uploads\/2021\/12\/KIMA2506-scaled.jpg?w=2560&amp;ssl=1 2560w, https:\/\/i0.wp.com\/www.chateau-vodou.com\/wp-content\/uploads\/2021\/12\/KIMA2506-scaled.jpg?resize=300%2C200&amp;ssl=1 300w, https:\/\/i0.wp.com\/www.chateau-vodou.com\/wp-content\/uploads\/2021\/12\/KIMA2506-scaled.jpg?resize=1024%2C683&amp;ssl=1 1024w, https:\/\/i0.wp.com\/www.chateau-vodou.com\/wp-content\/uploads\/2021\/12\/KIMA2506-scaled.jpg?resize=768%2C512&amp;ssl=1 768w, https:\/\/i0.wp.com\/www.chateau-vodou.com\/wp-content\/uploads\/2021\/12\/KIMA2506-scaled.jpg?resize=1536%2C1024&amp;ssl=1 1536w, https:\/\/i0.wp.com\/www.chateau-vodou.com\/wp-content\/uploads\/2021\/12\/KIMA2506-scaled.jpg?resize=2048%2C1365&amp;ssl=1 2048w, https:\/\/i0.wp.com\/www.chateau-vodou.com\/wp-content\/uploads\/2021\/12\/KIMA2506-scaled.jpg?resize=600%2C400&amp;ssl=1 600w\" sizes=\"(max-width: 300px) 100vw, 300px\" \/><\/div>\n\t\t<\/a>\n\t\t\t\t<div class=\"elementor-post__text\">\n\t\t\t\t<h3 class=\"elementor-post__title\">\n\t\t\t<a href=\"https:\/\/www.chateau-vodou.com\/tr\/visites-guidees-autour-de-lexposition-pirogues-todjivu\/\" >\n\t\t\t\tVisites guid\u00e9es autour de l&rsquo;exposition \u00ab\u00a0Pirogues-Todjivu\u00a0\u00bb\t\t\t<\/a>\n\t\t<\/h3>\n\t\t\t\t<div class=\"elementor-post__excerpt\">\n\t\t\t<p>Visites adultes Embarquez pour une visite autour des pirogues Todjivu charg\u00e9es de personnages et d\u2019esprits ainsi que des imposants crocodiles sculpt\u00e9s dans le bois et<\/p>\n\t\t<\/div>\n\t\t\n\t\t<a class=\"elementor-post__read-more\" href=\"https:\/\/www.chateau-vodou.com\/tr\/visites-guidees-autour-de-lexposition-pirogues-todjivu\/\" aria-label=\"Read more about Visites guid\u00e9es autour de l&rsquo;exposition \u00ab\u00a0Pirogues-Todjivu\u00a0\u00bb\" tabindex=\"-1\" >\n\t\t\tLire la suite \u00bb\t\t<\/a>\n\n\t\t\t\t<\/div>\n\t\t\t\t<\/article>\n\t\t\t\t<\/div>\n\t\t\n\t\t\t\t\t\t<\/div>\n\t\t\t\t<\/div>\n\t\t\t\t\t<\/div>\n\t\t<\/div>\n\t\t\t\t\t<\/div>\n\t\t<\/section>\n\t\t\t\t<section class=\"elementor-section elementor-top-section elementor-element elementor-element-123b9d1 elementor-section-boxed elementor-section-height-default elementor-section-height-default\" data-id=\"123b9d1\" data-element_type=\"section\" data-e-type=\"section\">\n\t\t\t\t\t\t<div class=\"elementor-container elementor-column-gap-default\">\n\t\t\t\t\t<div class=\"elementor-column elementor-col-100 elementor-top-column elementor-element elementor-element-36339ee\" data-id=\"36339ee\" data-element_type=\"column\" data-e-type=\"column\">\n\t\t\t<div class=\"elementor-widget-wrap\">\n\t\t\t\t\t\t\t<\/div>\n\t\t<\/div>\n\t\t\t\t\t<\/div>\n\t\t<\/section>\n\t\t\t\t<\/div>","protected":false},"excerpt":{"rendered":"<p>Nos \u00e9v\u00e8nements et actualit\u00e9s Inscrivez-vous \u00e0 la newsletter Groupes limit\u00e9s \u00e0 25 personnes en visites guid\u00e9es et 10 personnes pour la r\u00e9alit\u00e9 virtuelle Vous souhaitez [&hellip;]<\/p>\n","protected":false},"author":3,"featured_media":7007,"parent":0,"menu_order":0,"comment_status":"closed","ping_status":"closed","template":"","meta":{"site-sidebar-layout":"no-sidebar","site-content-layout":"page-builder","ast-site-content-layout":"full-width-container","site-content-style":"unboxed","site-sidebar-style":"unboxed","ast-global-header-display":"","ast-banner-title-visibility":"","ast-main-header-display":"","ast-hfb-above-header-display":"","ast-hfb-below-header-display":"","ast-hfb-mobile-header-display":"","site-post-title":"disabled","ast-breadcrumbs-content":"","ast-featured-img":"disabled","footer-sml-layout":"","ast-disable-related-posts":"","theme-transparent-header-meta":"default","adv-header-id-meta":"","stick-header-meta":"default","header-above-stick-meta":"","header-main-stick-meta":"","header-below-stick-meta":"","astra-migrate-meta-layouts":"set","ast-page-background-enabled":"default","ast-page-background-meta":{"desktop":{"background-color":"","background-image":"","background-repeat":"repeat","background-position":"center center","background-size":"auto","background-attachment":"scroll","background-type":"","background-media":"","overlay-type":"","overlay-color":"","overlay-opacity":"","overlay-gradient":""},"tablet":{"background-color":"","background-image":"","background-repeat":"repeat","background-position":"center center","background-size":"auto","background-attachment":"scroll","background-type":"","background-media":"","overlay-type":"","overlay-color":"","overlay-opacity":"","overlay-gradient":""},"mobile":{"background-color":"","background-image":"","background-repeat":"repeat","background-position":"center center","background-size":"auto","background-attachment":"scroll","background-type":"","background-media":"","overlay-type":"","overlay-color":"","overlay-opacity":"","overlay-gradient":""}},"ast-content-background-meta":{"desktop":{"background-color":"var(--ast-global-color-5)","background-image":"","background-repeat":"repeat","background-position":"center center","background-size":"auto","background-attachment":"scroll","background-type":"","background-media":"","overlay-type":"","overlay-color":"","overlay-opacity":"","overlay-gradient":""},"tablet":{"background-color":"var(--ast-global-color-5)","background-image":"","background-repeat":"repeat","background-position":"center center","background-size":"auto","background-attachment":"scroll","background-type":"","background-media":"","overlay-type":"","overlay-color":"","overlay-opacity":"","overlay-gradient":""},"mobile":{"background-color":"var(--ast-global-color-5)","background-image":"","background-repeat":"repeat","background-position":"center center","background-size":"auto","background-attachment":"scroll","background-type":"","background-media":"","overlay-type":"","overlay-color":"","overlay-opacity":"","overlay-gradient":""}},"footnotes":""},"class_list":["post-4560","page","type-page","status-publish","has-post-thumbnail","hentry"],"yoast_head":"<!-- This site is optimized with the Yoast SEO plugin v28.4 - https:\/\/yoast.com\/product\/yoast-seo-wordpress\/ -->\n<title>Agenda - Mus\u00e9e Vodou \u00e9v\u00e8nenements actualit\u00e9s<\/title>\n<meta name=\"description\" content=\"les actualit\u00e9s et \u00e9v\u00e8nements de la programmation culturelle et scientifique ainsi que les projets men\u00e9s en collaboration avec nos partenaires\" \/>\n<meta name=\"robots\" content=\"index, follow, max-snippet:-1, max-image-preview:large, max-video-preview:-1\" \/>\n<link rel=\"canonical\" href=\"https:\/\/www.chateau-vodou.com\/tr\/evenements\/\" \/>\n<meta property=\"og:locale\" content=\"tr_TR\" \/>\n<meta property=\"og:type\" content=\"article\" \/>\n<meta property=\"og:title\" content=\"Agenda - Mus\u00e9e Vodou \u00e9v\u00e8nenements actualit\u00e9s\" \/>\n<meta property=\"og:description\" content=\"les actualit\u00e9s et \u00e9v\u00e8nements de la programmation culturelle et scientifique ainsi que les projets men\u00e9s en collaboration avec nos partenaires\" \/>\n<meta property=\"og:url\" content=\"https:\/\/www.chateau-vodou.com\/tr\/evenements\/\" \/>\n<meta property=\"og:site_name\" content=\"Mus\u00e9e Vodou\" \/>\n<meta property=\"article:modified_time\" content=\"2026-07-31T15:27:36+00:00\" \/>\n<meta property=\"og:image\" content=\"https:\/\/www.chateau-vodou.com\/wp-content\/uploads\/2021\/02\/Publication-carre\u0301e-re\u0301seaux-sociaux-_-1080-x-1080-px-2.jpg\" \/>\n\t<meta property=\"og:image:width\" content=\"1080\" \/>\n\t<meta property=\"og:image:height\" content=\"1080\" \/>\n\t<meta property=\"og:image:type\" content=\"image\/jpeg\" \/>\n<meta name=\"twitter:card\" content=\"summary_large_image\" \/>\n<meta name=\"twitter:label1\" content=\"Tahmini okuma s\u00fcresi\" \/>\n\t<meta name=\"twitter:data1\" content=\"1 dakika\" \/>\n<!-- \/ Yoast SEO plugin. -->","yoast_head_json":{"title":"Agenda - Mus\u00e9e Vodou \u00e9v\u00e8nenements actualit\u00e9s","description":"les actualit\u00e9s et \u00e9v\u00e8nements de la programmation culturelle et scientifique ainsi que les projets men\u00e9s en collaboration avec nos partenaires","robots":{"index":"index","follow":"follow","max-snippet":"max-snippet:-1","max-image-preview":"max-image-preview:large","max-video-preview":"max-video-preview:-1"},"canonical":"https:\/\/www.chateau-vodou.com\/tr\/evenements\/","og_locale":"tr_TR","og_type":"article","og_title":"Agenda - Mus\u00e9e Vodou \u00e9v\u00e8nenements actualit\u00e9s","og_description":"les actualit\u00e9s et \u00e9v\u00e8nements de la programmation culturelle et scientifique ainsi que les projets men\u00e9s en collaboration avec nos partenaires","og_url":"https:\/\/www.chateau-vodou.com\/tr\/evenements\/","og_site_name":"Mus\u00e9e Vodou","article_modified_time":"2026-07-31T15:27:36+00:00","og_image":[{"width":1080,"height":1080,"url":"https:\/\/www.chateau-vodou.com\/wp-content\/uploads\/2021\/02\/Publication-carre\u0301e-re\u0301seaux-sociaux-_-1080-x-1080-px-2.jpg","type":"image\/jpeg"}],"twitter_card":"summary_large_image","twitter_misc":{"Tahmini okuma s\u00fcresi":"1 dakika"},"schema":{"@context":"https:\/\/schema.org","@graph":[{"@type":"WebPage","@id":"https:\/\/www.chateau-vodou.com\/tr\/evenements\/","url":"https:\/\/www.chateau-vodou.com\/tr\/evenements\/","name":"Agenda - Mus\u00e9e Vodou \u00e9v\u00e8nenements actualit\u00e9s","isPartOf":{"@id":"https:\/\/www.chateau-vodou.com\/tr\/#website"},"primaryImageOfPage":{"@id":"https:\/\/www.chateau-vodou.com\/tr\/evenements\/#primaryimage"},"image":{"@id":"https:\/\/www.chateau-vodou.com\/tr\/evenements\/#primaryimage"},"thumbnailUrl":"https:\/\/i0.wp.com\/www.chateau-vodou.com\/wp-content\/uploads\/2021\/02\/Publication-carre%CC%81e-re%CC%81seaux-sociaux-_-1080-x-1080-px-2.jpg?fit=1080%2C1080&ssl=1","datePublished":"2020-11-11T13:42:26+00:00","dateModified":"2026-07-31T15:27:36+00:00","description":"les actualit\u00e9s et \u00e9v\u00e8nements de la programmation culturelle et scientifique ainsi que les projets men\u00e9s en collaboration avec nos partenaires","breadcrumb":{"@id":"https:\/\/www.chateau-vodou.com\/tr\/evenements\/#breadcrumb"},"inLanguage":"tr","potentialAction":[{"@type":"ReadAction","target":["https:\/\/www.chateau-vodou.com\/tr\/evenements\/"]}]},{"@type":"ImageObject","inLanguage":"tr","@id":"https:\/\/www.chateau-vodou.com\/tr\/evenements\/#primaryimage","url":"https:\/\/i0.wp.com\/www.chateau-vodou.com\/wp-content\/uploads\/2021\/02\/Publication-carre%CC%81e-re%CC%81seaux-sociaux-_-1080-x-1080-px-2.jpg?fit=1080%2C1080&ssl=1","contentUrl":"https:\/\/i0.wp.com\/www.chateau-vodou.com\/wp-content\/uploads\/2021\/02\/Publication-carre%CC%81e-re%CC%81seaux-sociaux-_-1080-x-1080-px-2.jpg?fit=1080%2C1080&ssl=1","width":1080,"height":1080},{"@type":"BreadcrumbList","@id":"https:\/\/www.chateau-vodou.com\/tr\/evenements\/#breadcrumb","itemListElement":[{"@type":"ListItem","position":1,"name":"Accueil","item":"https:\/\/www.chateau-vodou.com\/"},{"@type":"ListItem","position":2,"name":"Agenda"}]},{"@type":"WebSite","@id":"https:\/\/www.chateau-vodou.com\/tr\/#website","url":"https:\/\/www.chateau-vodou.com\/tr\/","name":"Vodou M\u00fczesi","description":"G\u00f6r\u00fcnmezle kar\u015f\u0131la\u015fma","publisher":{"@id":"https:\/\/www.chateau-vodou.com\/tr\/#organization"},"potentialAction":[{"@type":"SearchAction","target":{"@type":"EntryPoint","urlTemplate":"https:\/\/www.chateau-vodou.com\/tr\/?s={search_term_string}"},"query-input":{"@type":"PropertyValueSpecification","valueRequired":true,"valueName":"search_term_string"}}],"inLanguage":"tr"},{"@type":"Organization","@id":"https:\/\/www.chateau-vodou.com\/tr\/#organization","name":"Vodou M\u00fczesi","url":"https:\/\/www.chateau-vodou.com\/tr\/","logo":{"@type":"ImageObject","inLanguage":"tr","@id":"https:\/\/www.chateau-vodou.com\/tr\/#\/schema\/logo\/image\/","url":"https:\/\/i0.wp.com\/www.chateau-vodou.com\/wp-content\/uploads\/2020\/11\/cropped-logo-musee-vodou.png?fit=1080%2C545&ssl=1","contentUrl":"https:\/\/i0.wp.com\/www.chateau-vodou.com\/wp-content\/uploads\/2020\/11\/cropped-logo-musee-vodou.png?fit=1080%2C545&ssl=1","width":1080,"height":545,"caption":"Mus\u00e9e Vodou"},"image":{"@id":"https:\/\/www.chateau-vodou.com\/tr\/#\/schema\/logo\/image\/"}}]}},"jetpack_sharing_enabled":true,"_links":{"self":[{"href":"https:\/\/www.chateau-vodou.com\/tr\/wp-json\/wp\/v2\/pages\/4560","targetHints":{"allow":["GET"]}}],"collection":[{"href":"https:\/\/www.chateau-vodou.com\/tr\/wp-json\/wp\/v2\/pages"}],"about":[{"href":"https:\/\/www.chateau-vodou.com\/tr\/wp-json\/wp\/v2\/types\/page"}],"author":[{"embeddable":true,"href":"https:\/\/www.chateau-vodou.com\/tr\/wp-json\/wp\/v2\/users\/3"}],"replies":[{"embeddable":true,"href":"https:\/\/www.chateau-vodou.com\/tr\/wp-json\/wp\/v2\/comments?post=4560"}],"version-history":[{"count":0,"href":"https:\/\/www.chateau-vodou.com\/tr\/wp-json\/wp\/v2\/pages\/4560\/revisions"}],"wp:featuredmedia":[{"embeddable":true,"href":"https:\/\/www.chateau-vodou.com\/tr\/wp-json\/wp\/v2\/media\/7007"}],"wp:attachment":[{"href":"https:\/\/www.chateau-vodou.com\/tr\/wp-json\/wp\/v2\/media?parent=4560"}],"curies":[{"name":"wp","href":"https:\/\/api.w.org\/{rel}","templated":true}]}}